{"id":780,"date":"2025-02-18T10:13:56","date_gmt":"2025-02-18T09:13:56","guid":{"rendered":"http:\/\/www.haut-pays.be\/wordpress\/?page_id=780"},"modified":"2025-02-22T08:31:44","modified_gmt":"2025-02-22T07:31:44","slug":"les-produits-de-bouche","status":"publish","type":"page","link":"http:\/\/www.haut-pays.be\/wordpress\/les-produits-de-bouche\/","title":{"rendered":"Les produits de bouche"},"content":{"rendered":"\t\t<div data-elementor-type=\"wp-page\" data-elementor-id=\"780\" class=\"elementor elementor-780\">\n\t\t\t\t<div class=\"elementor-element elementor-element-ecddb11 e-flex e-con-boxed e-con e-parent\" data-id=\"ecddb11\" data-element_type=\"container\">\n\t\t\t\t\t<div class=\"e-con-inner\">\n\t\t\t\t<div class=\"elementor-element elementor-element-fb1847d elementor-grid-3 elementor-grid-tablet-2 elementor-grid-mobile-1 elementor-widget elementor-widget-elementor-blog-posts\" data-id=\"fb1847d\" data-element_type=\"widget\" data-settings=\"{&quot;columns&quot;:&quot;3&quot;,&quot;columns_tablet&quot;:&quot;2&quot;,&quot;columns_mobile&quot;:&quot;1&quot;}\" data-widget_type=\"elementor-blog-posts.default\">\n\t\t\t\t<div class=\"elementor-widget-container\">\n\t\t\t\t\t\t\t<div class=\"wpcap-grid\">\n\t\t\t\t\t\t<div class=\"wpcap-grid-container elementor-grid wpcap-grid-desktop-3 wpcap-grid-tablet-2 wpcap-grid-mobile-1 grid-meta-bottom\">\n\n\t\t\t\t\n        <article id=\"post-903\" class=\"wpcap-post post-903 post type-post status-publish format-standard has-post-thumbnail hentry category-produits-de-bouche\">\n         \n            <div class=\"post-grid-inner\">\n            \t\n            \t\t\t\t<div class=\"post-grid-thumbnail\">\n\t\t\t\t<a href=\"http:\/\/www.haut-pays.be\/wordpress\/aux-maraichers\/\">\n\t\t\t\t\t<img fetchpriority=\"high\" decoding=\"async\" width=\"300\" height=\"225\" src=\"http:\/\/www.haut-pays.be\/wordpress\/wp-content\/uploads\/2025\/01\/au-maraicher-300x225.jpg\" class=\"attachment-medium size-medium wp-post-image\" alt=\"\" srcset=\"http:\/\/www.haut-pays.be\/wordpress\/wp-content\/uploads\/2025\/01\/au-maraicher-300x225.jpg 300w, http:\/\/www.haut-pays.be\/wordpress\/wp-content\/uploads\/2025\/01\/au-maraicher-1024x768.jpg 1024w, http:\/\/www.haut-pays.be\/wordpress\/wp-content\/uploads\/2025\/01\/au-maraicher-768x576.jpg 768w, http:\/\/www.haut-pays.be\/wordpress\/wp-content\/uploads\/2025\/01\/au-maraicher-1536x1152.jpg 1536w, http:\/\/www.haut-pays.be\/wordpress\/wp-content\/uploads\/2025\/01\/au-maraicher-2048x1536.jpg 2048w, http:\/\/www.haut-pays.be\/wordpress\/wp-content\/uploads\/2025\/01\/au-maraicher-1x1.jpg 1w, http:\/\/www.haut-pays.be\/wordpress\/wp-content\/uploads\/2025\/01\/au-maraicher-scaled.jpg 400w\" sizes=\"(max-width: 300px) 100vw, 300px\" \/>\t\t\t\t<\/a>\n\t\t\t<\/div>\n        \n                <div class=\"post-grid-text-wrap\">\n               \t\t\t\t<h3 class=\"title\">\n\t\t\t<a href=\"http:\/\/www.haut-pays.be\/wordpress\/aux-maraichers\/\">Aux Mara\u00eechers<\/a>\n\t\t<\/h3>\n\t\t\t                \t\t<div class=\"post-grid-excerpt\">\n\t\t\t<p>R. du Berceau, 147387 Roisin065\/75.96.52Fruits, fleurs et l\u00e9gumes du producteur.<\/p>\n\t\t<\/div>\n\t\t\t                \t\t<a class=\"read-more-btn\" href=\"http:\/\/www.haut-pays.be\/wordpress\/aux-maraichers\/\">Lire la suite \u00bb<\/a>\n\t\t                <\/div>\n\n                \n            <\/div><!-- .blog-inner -->\n           \n        <\/article>\n\n        \n        <article id=\"post-887\" class=\"wpcap-post post-887 post type-post status-publish format-standard has-post-thumbnail hentry category-produits-de-bouche\">\n         \n            <div class=\"post-grid-inner\">\n            \t\n            \t\t\t\t<div class=\"post-grid-thumbnail\">\n\t\t\t\t<a href=\"http:\/\/www.haut-pays.be\/wordpress\/boucherie-benoit-vandurme\/\">\n\t\t\t\t\t<img decoding=\"async\" width=\"192\" height=\"300\" src=\"http:\/\/www.haut-pays.be\/wordpress\/wp-content\/uploads\/2025\/02\/boucherie-vandurme-192x300.jpg\" class=\"attachment-medium size-medium wp-post-image\" alt=\"\" srcset=\"http:\/\/www.haut-pays.be\/wordpress\/wp-content\/uploads\/2025\/02\/boucherie-vandurme-192x300.jpg 192w, http:\/\/www.haut-pays.be\/wordpress\/wp-content\/uploads\/2025\/02\/boucherie-vandurme-657x1024.jpg 657w, http:\/\/www.haut-pays.be\/wordpress\/wp-content\/uploads\/2025\/02\/boucherie-vandurme-768x1198.jpg 768w, http:\/\/www.haut-pays.be\/wordpress\/wp-content\/uploads\/2025\/02\/boucherie-vandurme-985x1536.jpg 985w, http:\/\/www.haut-pays.be\/wordpress\/wp-content\/uploads\/2025\/02\/boucherie-vandurme-1x2.jpg 1w, http:\/\/www.haut-pays.be\/wordpress\/wp-content\/uploads\/2025\/02\/boucherie-vandurme.jpg 256w\" sizes=\"(max-width: 192px) 100vw, 192px\" \/>\t\t\t\t<\/a>\n\t\t\t<\/div>\n        \n                <div class=\"post-grid-text-wrap\">\n               \t\t\t\t<h3 class=\"title\">\n\t\t\t<a href=\"http:\/\/www.haut-pays.be\/wordpress\/boucherie-benoit-vandurme\/\">Boucherie Benoit Vandurme<\/a>\n\t\t<\/h3>\n\t\t\t                \t\t<div class=\"post-grid-excerpt\">\n\t\t\t<p>Voie Blanche, 367370 Blaugies065\/65.35.89<\/p>\n\t\t<\/div>\n\t\t\t                \t\t<a class=\"read-more-btn\" href=\"http:\/\/www.haut-pays.be\/wordpress\/boucherie-benoit-vandurme\/\">Lire la suite \u00bb<\/a>\n\t\t                <\/div>\n\n                \n            <\/div><!-- .blog-inner -->\n           \n        <\/article>\n\n        \n        <article id=\"post-901\" class=\"wpcap-post post-901 post type-post status-publish format-standard has-post-thumbnail hentry category-produits-de-bouche\">\n         \n            <div class=\"post-grid-inner\">\n            \t\n            \t\t\t\t<div class=\"post-grid-thumbnail\">\n\t\t\t\t<a href=\"http:\/\/www.haut-pays.be\/wordpress\/boucherie-charcuterie-chez-jean\/\">\n\t\t\t\t\t<img decoding=\"async\" width=\"300\" height=\"228\" src=\"http:\/\/www.haut-pays.be\/wordpress\/wp-content\/uploads\/2025\/01\/chez-jean-300x228.jpg\" class=\"attachment-medium size-medium wp-post-image\" alt=\"\" srcset=\"http:\/\/www.haut-pays.be\/wordpress\/wp-content\/uploads\/2025\/01\/chez-jean-300x228.jpg 300w, http:\/\/www.haut-pays.be\/wordpress\/wp-content\/uploads\/2025\/01\/chez-jean-768x585.jpg 768w, http:\/\/www.haut-pays.be\/wordpress\/wp-content\/uploads\/2025\/01\/chez-jean-1x1.jpg 1w, http:\/\/www.haut-pays.be\/wordpress\/wp-content\/uploads\/2025\/01\/chez-jean.jpg 400w\" sizes=\"(max-width: 300px) 100vw, 300px\" \/>\t\t\t\t<\/a>\n\t\t\t<\/div>\n        \n                <div class=\"post-grid-text-wrap\">\n               \t\t\t\t<h3 class=\"title\">\n\t\t\t<a href=\"http:\/\/www.haut-pays.be\/wordpress\/boucherie-charcuterie-chez-jean\/\">Boucherie Charcuterie Chez Jean<\/a>\n\t\t<\/h3>\n\t\t\t                \t\t<div class=\"post-grid-excerpt\">\n\t\t\t<p>R. Isol\u00e9e, 67387 Roisin065\/75.93.07Artisan boucher charcutierSur les march\u00e9s de la r\u00e9gion.<\/p>\n\t\t<\/div>\n\t\t\t                \t\t<a class=\"read-more-btn\" href=\"http:\/\/www.haut-pays.be\/wordpress\/boucherie-charcuterie-chez-jean\/\">Lire la suite \u00bb<\/a>\n\t\t                <\/div>\n\n                \n            <\/div><!-- .blog-inner -->\n           \n        <\/article>\n\n        \n        <article id=\"post-879\" class=\"wpcap-post post-879 post type-post status-publish format-standard has-post-thumbnail hentry category-produits-de-bouche\">\n         \n            <div class=\"post-grid-inner\">\n            \t\n            \t\t\t\t<div class=\"post-grid-thumbnail\">\n\t\t\t\t<a href=\"http:\/\/www.haut-pays.be\/wordpress\/boucherie-fred-et-vero\/\">\n\t\t\t\t\t<img loading=\"lazy\" decoding=\"async\" width=\"169\" height=\"300\" src=\"http:\/\/www.haut-pays.be\/wordpress\/wp-content\/uploads\/2025\/02\/boucherie-fred-et-veo-169x300.jpg\" class=\"attachment-medium size-medium wp-post-image\" alt=\"\" srcset=\"http:\/\/www.haut-pays.be\/wordpress\/wp-content\/uploads\/2025\/02\/boucherie-fred-et-veo-169x300.jpg 169w, http:\/\/www.haut-pays.be\/wordpress\/wp-content\/uploads\/2025\/02\/boucherie-fred-et-veo-577x1024.jpg 577w, http:\/\/www.haut-pays.be\/wordpress\/wp-content\/uploads\/2025\/02\/boucherie-fred-et-veo-768x1364.jpg 768w, http:\/\/www.haut-pays.be\/wordpress\/wp-content\/uploads\/2025\/02\/boucherie-fred-et-veo-865x1536.jpg 865w, http:\/\/www.haut-pays.be\/wordpress\/wp-content\/uploads\/2025\/02\/boucherie-fred-et-veo-1x2.jpg 1w, http:\/\/www.haut-pays.be\/wordpress\/wp-content\/uploads\/2025\/02\/boucherie-fred-et-veo.jpg 225w\" sizes=\"(max-width: 169px) 100vw, 169px\" \/>\t\t\t\t<\/a>\n\t\t\t<\/div>\n        \n                <div class=\"post-grid-text-wrap\">\n               \t\t\t\t<h3 class=\"title\">\n\t\t\t<a href=\"http:\/\/www.haut-pays.be\/wordpress\/boucherie-fred-et-vero\/\">Boucherie Fred et V\u00e9ro<\/a>\n\t\t<\/h3>\n\t\t\t                \t\t<div class=\"post-grid-excerpt\">\n\t\t\t<p>Route de Bavay, 237387 Athis065\/65.02.63Ferm\u00e9 le lundi<\/p>\n\t\t<\/div>\n\t\t\t                \t\t<a class=\"read-more-btn\" href=\"http:\/\/www.haut-pays.be\/wordpress\/boucherie-fred-et-vero\/\">Lire la suite \u00bb<\/a>\n\t\t                <\/div>\n\n                \n            <\/div><!-- .blog-inner -->\n           \n        <\/article>\n\n        \n        <article id=\"post-885\" class=\"wpcap-post post-885 post type-post status-publish format-standard hentry category-produits-de-bouche\">\n         \n            <div class=\"post-grid-inner\">\n            \t\n            \t\n                <div class=\"post-grid-text-wrap\">\n               \t\t\t\t<h3 class=\"title\">\n\t\t\t<a href=\"http:\/\/www.haut-pays.be\/wordpress\/boulangerie-patisserie-au-campagnard\/\">Boulangerie P\u00e2tisserie Au Campagnard<\/a>\n\t\t<\/h3>\n\t\t\t                \t\t<div class=\"post-grid-excerpt\">\n\t\t\t<p>R. de la Fronti\u00e8re 165B7370 Blaugies065\/63.45.96Sp\u00e9cialit\u00e9 de galettes feuillet\u00e9es &#8211; Pain 3 couleurs &#8211; G\u00e2teaux toutes circonstancesLivraison gratuiteFerm\u00e9 le mardi et jeudi apr\u00e8s-midi.<\/p>\n\t\t<\/div>\n\t\t\t                \t\t<a class=\"read-more-btn\" href=\"http:\/\/www.haut-pays.be\/wordpress\/boulangerie-patisserie-au-campagnard\/\">Lire la suite \u00bb<\/a>\n\t\t                <\/div>\n\n                \n            <\/div><!-- .blog-inner -->\n           \n        <\/article>\n\n        \n        <article id=\"post-881\" class=\"wpcap-post post-881 post type-post status-publish format-standard has-post-thumbnail hentry category-produits-de-bouche\">\n         \n            <div class=\"post-grid-inner\">\n            \t\n            \t\t\t\t<div class=\"post-grid-thumbnail\">\n\t\t\t\t<a href=\"http:\/\/www.haut-pays.be\/wordpress\/brasserie-de-blaugies\/\">\n\t\t\t\t\t<img loading=\"lazy\" decoding=\"async\" width=\"225\" height=\"300\" src=\"http:\/\/www.haut-pays.be\/wordpress\/wp-content\/uploads\/2025\/02\/brasserie-de-blaugies-225x300.jpg\" class=\"attachment-medium size-medium wp-post-image\" alt=\"\" srcset=\"http:\/\/www.haut-pays.be\/wordpress\/wp-content\/uploads\/2025\/02\/brasserie-de-blaugies-225x300.jpg 225w, http:\/\/www.haut-pays.be\/wordpress\/wp-content\/uploads\/2025\/02\/brasserie-de-blaugies-768x1024.jpg 768w, http:\/\/www.haut-pays.be\/wordpress\/wp-content\/uploads\/2025\/02\/brasserie-de-blaugies-1152x1536.jpg 1152w, http:\/\/www.haut-pays.be\/wordpress\/wp-content\/uploads\/2025\/02\/brasserie-de-blaugies-1x1.jpg 1w, http:\/\/www.haut-pays.be\/wordpress\/wp-content\/uploads\/2025\/02\/brasserie-de-blaugies.jpg 300w\" sizes=\"(max-width: 225px) 100vw, 225px\" \/>\t\t\t\t<\/a>\n\t\t\t<\/div>\n        \n                <div class=\"post-grid-text-wrap\">\n               \t\t\t\t<h3 class=\"title\">\n\t\t\t<a href=\"http:\/\/www.haut-pays.be\/wordpress\/brasserie-de-blaugies\/\">Brasserie de Blaugies<\/a>\n\t\t<\/h3>\n\t\t\t                \t\t<div class=\"post-grid-excerpt\">\n\t\t\t<p>R. de la Fronti\u00e8re , 4357370 Blaugies065\/65.03.60 (t\u00e9l et fax)info@brasseriedeblaugies.comBrassage et embouteillage de bi\u00e8res artisanales non filtr\u00e9es et referment\u00e9es en bouteille sur levure. Quatre types&hellip;<\/p>\n\t\t<\/div>\n\t\t\t                \t\t<a class=\"read-more-btn\" href=\"http:\/\/www.haut-pays.be\/wordpress\/brasserie-de-blaugies\/\">Lire la suite \u00bb<\/a>\n\t\t                <\/div>\n\n                \n            <\/div><!-- .blog-inner -->\n           \n        <\/article>\n\n        \n        <article id=\"post-891\" class=\"wpcap-post post-891 post type-post status-publish format-standard has-post-thumbnail hentry category-produits-de-bouche\">\n         \n            <div class=\"post-grid-inner\">\n            \t\n            \t\t\t\t<div class=\"post-grid-thumbnail\">\n\t\t\t\t<a href=\"http:\/\/www.haut-pays.be\/wordpress\/brasserie-de-labbaye-des-rocs\/\">\n\t\t\t\t\t<img loading=\"lazy\" decoding=\"async\" width=\"240\" height=\"300\" src=\"http:\/\/www.haut-pays.be\/wordpress\/wp-content\/uploads\/2025\/01\/abbaye-des-rocs-240x300.jpg\" class=\"attachment-medium size-medium wp-post-image\" alt=\"\" srcset=\"http:\/\/www.haut-pays.be\/wordpress\/wp-content\/uploads\/2025\/01\/abbaye-des-rocs-240x300.jpg 240w, http:\/\/www.haut-pays.be\/wordpress\/wp-content\/uploads\/2025\/01\/abbaye-des-rocs-819x1024.jpg 819w, http:\/\/www.haut-pays.be\/wordpress\/wp-content\/uploads\/2025\/01\/abbaye-des-rocs-768x960.jpg 768w, http:\/\/www.haut-pays.be\/wordpress\/wp-content\/uploads\/2025\/01\/abbaye-des-rocs-1x1.jpg 1w, http:\/\/www.haut-pays.be\/wordpress\/wp-content\/uploads\/2025\/01\/abbaye-des-rocs.jpg 320w\" sizes=\"(max-width: 240px) 100vw, 240px\" \/>\t\t\t\t<\/a>\n\t\t\t<\/div>\n        \n                <div class=\"post-grid-text-wrap\">\n               \t\t\t\t<h3 class=\"title\">\n\t\t\t<a href=\"http:\/\/www.haut-pays.be\/wordpress\/brasserie-de-labbaye-des-rocs\/\">Brasserie de l&rsquo;Abbaye des Rocs<\/a>\n\t\t<\/h3>\n\t\t\t                \t\t<div class=\"post-grid-excerpt\">\n\t\t\t<p>Chauss\u00e9e Brunehault, 377387 Montignies-sur-rocProduction : 065\/75.59.99Visites : 065\/75.99.76GSM : 0476 252 368Fax: 065\/75.59.98Bi\u00e8res referment\u00e9es en bouteille. La Montagnarde , l&rsquo;Abbaye des roc, La Blanche ,&hellip;<\/p>\n\t\t<\/div>\n\t\t\t                \t\t<a class=\"read-more-btn\" href=\"http:\/\/www.haut-pays.be\/wordpress\/brasserie-de-labbaye-des-rocs\/\">Lire la suite \u00bb<\/a>\n\t\t                <\/div>\n\n                \n            <\/div><!-- .blog-inner -->\n           \n        <\/article>\n\n        \n        <article id=\"post-877\" class=\"wpcap-post post-877 post type-post status-publish format-standard has-post-thumbnail hentry category-produits-de-bouche\">\n         \n            <div class=\"post-grid-inner\">\n            \t\n            \t\t\t\t<div class=\"post-grid-thumbnail\">\n\t\t\t\t<a href=\"http:\/\/www.haut-pays.be\/wordpress\/chocolaterie-druart\/\">\n\t\t\t\t\t<img loading=\"lazy\" decoding=\"async\" width=\"246\" height=\"300\" src=\"http:\/\/www.haut-pays.be\/wordpress\/wp-content\/uploads\/2025\/01\/druart-246x300.png\" class=\"attachment-medium size-medium wp-post-image\" alt=\"\" srcset=\"http:\/\/www.haut-pays.be\/wordpress\/wp-content\/uploads\/2025\/01\/druart-246x300.png 246w, http:\/\/www.haut-pays.be\/wordpress\/wp-content\/uploads\/2025\/01\/druart-841x1024.png 841w, http:\/\/www.haut-pays.be\/wordpress\/wp-content\/uploads\/2025\/01\/druart-768x935.png 768w, http:\/\/www.haut-pays.be\/wordpress\/wp-content\/uploads\/2025\/01\/druart-1x1.png 1w, http:\/\/www.haut-pays.be\/wordpress\/wp-content\/uploads\/2025\/01\/druart.png 329w\" sizes=\"(max-width: 246px) 100vw, 246px\" \/>\t\t\t\t<\/a>\n\t\t\t<\/div>\n        \n                <div class=\"post-grid-text-wrap\">\n               \t\t\t\t<h3 class=\"title\">\n\t\t\t<a href=\"http:\/\/www.haut-pays.be\/wordpress\/chocolaterie-druart\/\">Chocolaterie Druart<\/a>\n\t\t<\/h3>\n\t\t\t                \t\t<div class=\"post-grid-excerpt\">\n\t\t\t<p>R. Boughors, 137387 Angreau065\/75.95.21druart@chocolat.bewww.chocolat.beArtisan chocolatier. Pralines haut de gamme. Nombreuses sp\u00e9cialit\u00e9s chocolat\u00e9esOuvert de 9 \u00e0 12 et de 14 \u00e0 17 h. Samedi 10 \u00e0&hellip;<\/p>\n\t\t<\/div>\n\t\t\t                \t\t<a class=\"read-more-btn\" href=\"http:\/\/www.haut-pays.be\/wordpress\/chocolaterie-druart\/\">Lire la suite \u00bb<\/a>\n\t\t                <\/div>\n\n                \n            <\/div><!-- .blog-inner -->\n           \n        <\/article>\n\n        \n        <article id=\"post-1819\" class=\"wpcap-post post-1819 post type-post status-publish format-standard has-post-thumbnail hentry category-produits-de-bouche\">\n         \n            <div class=\"post-grid-inner\">\n            \t\n            \t\t\t\t<div class=\"post-grid-thumbnail\">\n\t\t\t\t<a href=\"http:\/\/www.haut-pays.be\/wordpress\/epicerie-au-tournant\/\">\n\t\t\t\t\t<img loading=\"lazy\" decoding=\"async\" width=\"169\" height=\"300\" src=\"http:\/\/www.haut-pays.be\/wordpress\/wp-content\/uploads\/2025\/04\/492052255_122109639578832912_5548725174666433702_n-169x300.jpg\" class=\"attachment-medium size-medium wp-post-image\" alt=\"\" srcset=\"http:\/\/www.haut-pays.be\/wordpress\/wp-content\/uploads\/2025\/04\/492052255_122109639578832912_5548725174666433702_n-169x300.jpg 169w, http:\/\/www.haut-pays.be\/wordpress\/wp-content\/uploads\/2025\/04\/492052255_122109639578832912_5548725174666433702_n-1x2.jpg 1w, http:\/\/www.haut-pays.be\/wordpress\/wp-content\/uploads\/2025\/04\/492052255_122109639578832912_5548725174666433702_n.jpg 225w\" sizes=\"(max-width: 169px) 100vw, 169px\" \/>\t\t\t\t<\/a>\n\t\t\t<\/div>\n        \n                <div class=\"post-grid-text-wrap\">\n               \t\t\t\t<h3 class=\"title\">\n\t\t\t<a href=\"http:\/\/www.haut-pays.be\/wordpress\/epicerie-au-tournant\/\">Epicerie \u00ab\u00a0Au Tournant\u00a0\u00bb<\/a>\n\t\t<\/h3>\n\t\t\t                \t\t<div class=\"post-grid-excerpt\">\n\t\t\t<p>L&rsquo;\u00e9picerie angroise propose un large choix de produits&#8230; boissons, sandwiches, pains, viennoiseries, Lotto, et bien d\u2019autres encore\u2026 Rue Charles Bernier 6A, Angre 0470 91 53&hellip;<\/p>\n\t\t<\/div>\n\t\t\t                \t\t<a class=\"read-more-btn\" href=\"http:\/\/www.haut-pays.be\/wordpress\/epicerie-au-tournant\/\">Lire la suite \u00bb<\/a>\n\t\t                <\/div>\n\n                \n            <\/div><!-- .blog-inner -->\n           \n        <\/article>\n\n        \n        <article id=\"post-895\" class=\"wpcap-post post-895 post type-post status-publish format-standard has-post-thumbnail hentry category-produits-de-bouche\">\n         \n            <div class=\"post-grid-inner\">\n            \t\n            \t\t\t\t<div class=\"post-grid-thumbnail\">\n\t\t\t\t<a href=\"http:\/\/www.haut-pays.be\/wordpress\/ferme-de-moranfayt\/\">\n\t\t\t\t\t<img loading=\"lazy\" decoding=\"async\" width=\"300\" height=\"225\" src=\"http:\/\/www.haut-pays.be\/wordpress\/wp-content\/uploads\/2025\/02\/ferme-moranfayt-300x225.jpg\" class=\"attachment-medium size-medium wp-post-image\" alt=\"\" srcset=\"http:\/\/www.haut-pays.be\/wordpress\/wp-content\/uploads\/2025\/02\/ferme-moranfayt-300x225.jpg 300w, http:\/\/www.haut-pays.be\/wordpress\/wp-content\/uploads\/2025\/02\/ferme-moranfayt-1x1.jpg 1w, http:\/\/www.haut-pays.be\/wordpress\/wp-content\/uploads\/2025\/02\/ferme-moranfayt.jpg 400w\" sizes=\"(max-width: 300px) 100vw, 300px\" \/>\t\t\t\t<\/a>\n\t\t\t<\/div>\n        \n                <div class=\"post-grid-text-wrap\">\n               \t\t\t\t<h3 class=\"title\">\n\t\t\t<a href=\"http:\/\/www.haut-pays.be\/wordpress\/ferme-de-moranfayt\/\">Ferme bio de Moranfayt<\/a>\n\t\t<\/h3>\n\t\t\t                \t\t<div class=\"post-grid-excerpt\">\n\t\t\t<p>R. Cauderloo, 147370 Petit-Dour065\/65.42.58Beurre, lait, fromages originauxOuvert tous les jours de 16 \u00e0 18 h. Le samedi de 10 \u00e0 12 h. Ferm\u00e9 le dimanche&hellip;<\/p>\n\t\t<\/div>\n\t\t\t                \t\t<a class=\"read-more-btn\" href=\"http:\/\/www.haut-pays.be\/wordpress\/ferme-de-moranfayt\/\">Lire la suite \u00bb<\/a>\n\t\t                <\/div>\n\n                \n            <\/div><!-- .blog-inner -->\n           \n        <\/article>\n\n        \n        <article id=\"post-899\" class=\"wpcap-post post-899 post type-post status-publish format-standard has-post-thumbnail hentry category-produits-de-bouche\">\n         \n            <div class=\"post-grid-inner\">\n            \t\n            \t\t\t\t<div class=\"post-grid-thumbnail\">\n\t\t\t\t<a href=\"http:\/\/www.haut-pays.be\/wordpress\/ferme-fayt\/\">\n\t\t\t\t\t<img loading=\"lazy\" decoding=\"async\" width=\"300\" height=\"225\" src=\"http:\/\/www.haut-pays.be\/wordpress\/wp-content\/uploads\/2025\/02\/IMG_6074-300x225.jpg\" class=\"attachment-medium size-medium wp-post-image\" alt=\"\" srcset=\"http:\/\/www.haut-pays.be\/wordpress\/wp-content\/uploads\/2025\/02\/IMG_6074-300x225.jpg 300w, http:\/\/www.haut-pays.be\/wordpress\/wp-content\/uploads\/2025\/02\/IMG_6074-1024x768.jpg 1024w, http:\/\/www.haut-pays.be\/wordpress\/wp-content\/uploads\/2025\/02\/IMG_6074-768x576.jpg 768w, http:\/\/www.haut-pays.be\/wordpress\/wp-content\/uploads\/2025\/02\/IMG_6074-1536x1152.jpg 1536w, http:\/\/www.haut-pays.be\/wordpress\/wp-content\/uploads\/2025\/02\/IMG_6074-2048x1536.jpg 2048w, http:\/\/www.haut-pays.be\/wordpress\/wp-content\/uploads\/2025\/02\/IMG_6074-1x1.jpg 1w, http:\/\/www.haut-pays.be\/wordpress\/wp-content\/uploads\/2025\/02\/IMG_6074-scaled.jpg 400w\" sizes=\"(max-width: 300px) 100vw, 300px\" \/>\t\t\t\t<\/a>\n\t\t\t<\/div>\n        \n                <div class=\"post-grid-text-wrap\">\n               \t\t\t\t<h3 class=\"title\">\n\t\t\t<a href=\"http:\/\/www.haut-pays.be\/wordpress\/ferme-fayt\/\">Ferme Fayt<\/a>\n\t\t<\/h3>\n\t\t\t                \t\t<div class=\"post-grid-excerpt\">\n\t\t\t<p>R. Bourdon, 427387 Roisin065\/75.91.24En vente: bl\u00e9 et ma\u00efs en sacs de 25kg ainsi que des oeufs fermiers.Ouvert tous les jours de 9 \u00e0 17 h.&hellip;<\/p>\n\t\t<\/div>\n\t\t\t                \t\t<a class=\"read-more-btn\" href=\"http:\/\/www.haut-pays.be\/wordpress\/ferme-fayt\/\">Lire la suite \u00bb<\/a>\n\t\t                <\/div>\n\n                \n            <\/div><!-- .blog-inner -->\n           \n        <\/article>\n\n        \n        <article id=\"post-897\" class=\"wpcap-post post-897 post type-post status-publish format-standard has-post-thumbnail hentry category-produits-de-bouche\">\n         \n            <div class=\"post-grid-inner\">\n            \t\n            \t\t\t\t<div class=\"post-grid-thumbnail\">\n\t\t\t\t<a href=\"http:\/\/www.haut-pays.be\/wordpress\/ferme-gossuin\/\">\n\t\t\t\t\t<img loading=\"lazy\" decoding=\"async\" width=\"225\" height=\"300\" src=\"http:\/\/www.haut-pays.be\/wordpress\/wp-content\/uploads\/2025\/02\/ferme-gossuin-225x300.jpg\" class=\"attachment-medium size-medium wp-post-image\" alt=\"\" srcset=\"http:\/\/www.haut-pays.be\/wordpress\/wp-content\/uploads\/2025\/02\/ferme-gossuin-225x300.jpg 225w, http:\/\/www.haut-pays.be\/wordpress\/wp-content\/uploads\/2025\/02\/ferme-gossuin-768x1024.jpg 768w, http:\/\/www.haut-pays.be\/wordpress\/wp-content\/uploads\/2025\/02\/ferme-gossuin-1152x1536.jpg 1152w, http:\/\/www.haut-pays.be\/wordpress\/wp-content\/uploads\/2025\/02\/ferme-gossuin-1x1.jpg 1w, http:\/\/www.haut-pays.be\/wordpress\/wp-content\/uploads\/2025\/02\/ferme-gossuin.jpg 300w\" sizes=\"(max-width: 225px) 100vw, 225px\" \/>\t\t\t\t<\/a>\n\t\t\t<\/div>\n        \n                <div class=\"post-grid-text-wrap\">\n               \t\t\t\t<h3 class=\"title\">\n\t\t\t<a href=\"http:\/\/www.haut-pays.be\/wordpress\/ferme-gossuin\/\">Ferme Gossuin<\/a>\n\t\t<\/h3>\n\t\t\t                \t\t<div class=\"post-grid-excerpt\">\n\t\t\t<p>R. du Cimeti\u00e8re, 397370 Petit-Dour0477\/58.74.26Beurre, lait, oeufs, pommes de terre, cr\u00e8me glac\u00e9eOuvert tous les jours<\/p>\n\t\t<\/div>\n\t\t\t                \t\t<a class=\"read-more-btn\" href=\"http:\/\/www.haut-pays.be\/wordpress\/ferme-gossuin\/\">Lire la suite \u00bb<\/a>\n\t\t                <\/div>\n\n                \n            <\/div><!-- .blog-inner -->\n           \n        <\/article>\n\n        \n        <article id=\"post-893\" class=\"wpcap-post post-893 post type-post status-publish format-standard has-post-thumbnail hentry category-produits-de-bouche\">\n         \n            <div class=\"post-grid-inner\">\n            \t\n            \t\t\t\t<div class=\"post-grid-thumbnail\">\n\t\t\t\t<a href=\"http:\/\/www.haut-pays.be\/wordpress\/ferme-pype-lievens\/\">\n\t\t\t\t\t<img loading=\"lazy\" decoding=\"async\" width=\"225\" height=\"300\" src=\"http:\/\/www.haut-pays.be\/wordpress\/wp-content\/uploads\/2025\/02\/ferme-pype-225x300.jpg\" class=\"attachment-medium size-medium wp-post-image\" alt=\"\" srcset=\"http:\/\/www.haut-pays.be\/wordpress\/wp-content\/uploads\/2025\/02\/ferme-pype-225x300.jpg 225w, http:\/\/www.haut-pays.be\/wordpress\/wp-content\/uploads\/2025\/02\/ferme-pype-1x1.jpg 1w, http:\/\/www.haut-pays.be\/wordpress\/wp-content\/uploads\/2025\/02\/ferme-pype.jpg 300w\" sizes=\"(max-width: 225px) 100vw, 225px\" \/>\t\t\t\t<\/a>\n\t\t\t<\/div>\n        \n                <div class=\"post-grid-text-wrap\">\n               \t\t\t\t<h3 class=\"title\">\n\t\t\t<a href=\"http:\/\/www.haut-pays.be\/wordpress\/ferme-pype-lievens\/\">Ferme Pype-Lievens<\/a>\n\t\t<\/h3>\n\t\t\t                \t\t<div class=\"post-grid-excerpt\">\n\t\t\t<p>Chauss\u00e9e Brunehault, 497387 Montignies-sur-roc065\/75.01.18ingrid.pype@gmail.comBeurre, fromages, yaourts, cr\u00e8me glac\u00e9ePoint de vente ouvert du lundi au vendredi de 8h \u00e0 13h et de 16h \u00e0 19h. Le&hellip;<\/p>\n\t\t<\/div>\n\t\t\t                \t\t<a class=\"read-more-btn\" href=\"http:\/\/www.haut-pays.be\/wordpress\/ferme-pype-lievens\/\">Lire la suite \u00bb<\/a>\n\t\t                <\/div>\n\n                \n            <\/div><!-- .blog-inner -->\n           \n        <\/article>\n\n        \n        <article id=\"post-1015\" class=\"wpcap-post post-1015 post type-post status-publish format-standard has-post-thumbnail hentry category-produits-de-bouche\">\n         \n            <div class=\"post-grid-inner\">\n            \t\n            \t\t\t\t<div class=\"post-grid-thumbnail\">\n\t\t\t\t<a href=\"http:\/\/www.haut-pays.be\/wordpress\/les-bergers-de-saint-roch\/\">\n\t\t\t\t\t<img loading=\"lazy\" decoding=\"async\" width=\"225\" height=\"300\" src=\"http:\/\/www.haut-pays.be\/wordpress\/wp-content\/uploads\/2025\/02\/bergers-de-saint-roch-225x300.jpg\" class=\"attachment-medium size-medium wp-post-image\" alt=\"\" srcset=\"http:\/\/www.haut-pays.be\/wordpress\/wp-content\/uploads\/2025\/02\/bergers-de-saint-roch-225x300.jpg 225w, http:\/\/www.haut-pays.be\/wordpress\/wp-content\/uploads\/2025\/02\/bergers-de-saint-roch-768x1024.jpg 768w, http:\/\/www.haut-pays.be\/wordpress\/wp-content\/uploads\/2025\/02\/bergers-de-saint-roch-1152x1536.jpg 1152w, http:\/\/www.haut-pays.be\/wordpress\/wp-content\/uploads\/2025\/02\/bergers-de-saint-roch-1x1.jpg 1w, http:\/\/www.haut-pays.be\/wordpress\/wp-content\/uploads\/2025\/02\/bergers-de-saint-roch.jpg 300w\" sizes=\"(max-width: 225px) 100vw, 225px\" \/>\t\t\t\t<\/a>\n\t\t\t<\/div>\n        \n                <div class=\"post-grid-text-wrap\">\n               \t\t\t\t<h3 class=\"title\">\n\t\t\t<a href=\"http:\/\/www.haut-pays.be\/wordpress\/les-bergers-de-saint-roch\/\">Les Bergers de Saint-Roch<\/a>\n\t\t<\/h3>\n\t\t\t                \t\t<div class=\"post-grid-excerpt\">\n\t\t\t<p>Ferme &#8211; Fromagerie Eleveurs de brebis et producteurs de fromages et desserts lact\u00e9s. Rue de la Chasse, 6 Angre 0456 17 73 42<\/p>\n\t\t<\/div>\n\t\t\t                \t\t<a class=\"read-more-btn\" href=\"http:\/\/www.haut-pays.be\/wordpress\/les-bergers-de-saint-roch\/\">Lire la suite \u00bb<\/a>\n\t\t                <\/div>\n\n                \n            <\/div><!-- .blog-inner -->\n           \n        <\/article>\n\n        \n        <article id=\"post-875\" class=\"wpcap-post post-875 post type-post status-publish format-standard has-post-thumbnail hentry category-produits-de-bouche\">\n         \n            <div class=\"post-grid-inner\">\n            \t\n            \t\t\t\t<div class=\"post-grid-thumbnail\">\n\t\t\t\t<a href=\"http:\/\/www.haut-pays.be\/wordpress\/les-douceurs-dalys\/\">\n\t\t\t\t\t<img loading=\"lazy\" decoding=\"async\" width=\"300\" height=\"300\" src=\"http:\/\/www.haut-pays.be\/wordpress\/wp-content\/uploads\/2025\/02\/douceurs-dalys-300x300.jpg\" class=\"attachment-medium size-medium wp-post-image\" alt=\"\" srcset=\"http:\/\/www.haut-pays.be\/wordpress\/wp-content\/uploads\/2025\/02\/douceurs-dalys-300x300.jpg 300w, http:\/\/www.haut-pays.be\/wordpress\/wp-content\/uploads\/2025\/02\/douceurs-dalys-1024x1024.jpg 1024w, http:\/\/www.haut-pays.be\/wordpress\/wp-content\/uploads\/2025\/02\/douceurs-dalys-150x150.jpg 150w, http:\/\/www.haut-pays.be\/wordpress\/wp-content\/uploads\/2025\/02\/douceurs-dalys-768x768.jpg 768w, http:\/\/www.haut-pays.be\/wordpress\/wp-content\/uploads\/2025\/02\/douceurs-dalys-1x1.jpg 1w, http:\/\/www.haut-pays.be\/wordpress\/wp-content\/uploads\/2025\/02\/douceurs-dalys.jpg 400w\" sizes=\"(max-width: 300px) 100vw, 300px\" \/>\t\t\t\t<\/a>\n\t\t\t<\/div>\n        \n                <div class=\"post-grid-text-wrap\">\n               \t\t\t\t<h3 class=\"title\">\n\t\t\t<a href=\"http:\/\/www.haut-pays.be\/wordpress\/les-douceurs-dalys\/\">Les douceurs d&rsquo;Alys<\/a>\n\t\t<\/h3>\n\t\t\t                \t\t<div class=\"post-grid-excerpt\">\n\t\t\t<p>R. de Maninval, 1B7382 Audregnies0479\/76.31.39Glaces artisanales &#8211; SorbetsR\u00e9servations souhait\u00e9es<\/p>\n\t\t<\/div>\n\t\t\t                \t\t<a class=\"read-more-btn\" href=\"http:\/\/www.haut-pays.be\/wordpress\/les-douceurs-dalys\/\">Lire la suite \u00bb<\/a>\n\t\t                <\/div>\n\n                \n            <\/div><!-- .blog-inner -->\n           \n        <\/article>\n\n        \n        <article id=\"post-1757\" class=\"wpcap-post post-1757 post type-post status-publish format-standard has-post-thumbnail hentry category-produits-de-bouche\">\n         \n            <div class=\"post-grid-inner\">\n            \t\n            \t\t\t\t<div class=\"post-grid-thumbnail\">\n\t\t\t\t<a href=\"http:\/\/www.haut-pays.be\/wordpress\/les-vins-dira\/\">\n\t\t\t\t\t<img loading=\"lazy\" decoding=\"async\" width=\"300\" height=\"251\" src=\"http:\/\/www.haut-pays.be\/wordpress\/wp-content\/uploads\/2025\/03\/vins-dira-300x251.jpg\" class=\"attachment-medium size-medium wp-post-image\" alt=\"\" srcset=\"http:\/\/www.haut-pays.be\/wordpress\/wp-content\/uploads\/2025\/03\/vins-dira-300x251.jpg 300w, http:\/\/www.haut-pays.be\/wordpress\/wp-content\/uploads\/2025\/03\/vins-dira-1x1.jpg 1w, http:\/\/www.haut-pays.be\/wordpress\/wp-content\/uploads\/2025\/03\/vins-dira.jpg 400w\" sizes=\"(max-width: 300px) 100vw, 300px\" \/>\t\t\t\t<\/a>\n\t\t\t<\/div>\n        \n                <div class=\"post-grid-text-wrap\">\n               \t\t\t\t<h3 class=\"title\">\n\t\t\t<a href=\"http:\/\/www.haut-pays.be\/wordpress\/les-vins-dira\/\">Les Vins d&rsquo;Ira<\/a>\n\t\t<\/h3>\n\t\t\t                \t\t<div class=\"post-grid-excerpt\">\n\t\t\t<p>Un air de Moldavie souffle sur les papilles belges. Les vins d&rsquo;Ira distribue les nectars moldaves! Rue Ghislain Luciez 6 7387 Autreppe 0478 28 73&hellip;<\/p>\n\t\t<\/div>\n\t\t\t                \t\t<a class=\"read-more-btn\" href=\"http:\/\/www.haut-pays.be\/wordpress\/les-vins-dira\/\">Lire la suite \u00bb<\/a>\n\t\t                <\/div>\n\n                \n            <\/div><!-- .blog-inner -->\n           \n        <\/article>\n\n        \n        <article id=\"post-883\" class=\"wpcap-post post-883 post type-post status-publish format-standard has-post-thumbnail hentry category-produits-de-bouche\">\n         \n            <div class=\"post-grid-inner\">\n            \t\n            \t\t\t\t<div class=\"post-grid-thumbnail\">\n\t\t\t\t<a href=\"http:\/\/www.haut-pays.be\/wordpress\/maison-gallez\/\">\n\t\t\t\t\t<img loading=\"lazy\" decoding=\"async\" width=\"300\" height=\"133\" src=\"http:\/\/www.haut-pays.be\/wordpress\/wp-content\/uploads\/2025\/02\/galette-blaugies-300x133.jpg\" class=\"attachment-medium size-medium wp-post-image\" alt=\"\" srcset=\"http:\/\/www.haut-pays.be\/wordpress\/wp-content\/uploads\/2025\/02\/galette-blaugies-300x133.jpg 300w, http:\/\/www.haut-pays.be\/wordpress\/wp-content\/uploads\/2025\/02\/galette-blaugies-768x341.jpg 768w, http:\/\/www.haut-pays.be\/wordpress\/wp-content\/uploads\/2025\/02\/galette-blaugies-1x1.jpg 1w, http:\/\/www.haut-pays.be\/wordpress\/wp-content\/uploads\/2025\/02\/galette-blaugies.jpg 400w\" sizes=\"(max-width: 300px) 100vw, 300px\" \/>\t\t\t\t<\/a>\n\t\t\t<\/div>\n        \n                <div class=\"post-grid-text-wrap\">\n               \t\t\t\t<h3 class=\"title\">\n\t\t\t<a href=\"http:\/\/www.haut-pays.be\/wordpress\/maison-gallez\/\">Maison Gallez<\/a>\n\t\t<\/h3>\n\t\t\t                \t\t<div class=\"post-grid-excerpt\">\n\t\t\t<p>R. de la Fronti\u00e8re 165 7370 Blaugies 065\/65.28.71 Sp\u00e9cialit\u00e9 de galettes feuillet\u00e9es de Blaugies Sur rendez-vous<\/p>\n\t\t<\/div>\n\t\t\t                \t\t<a class=\"read-more-btn\" href=\"http:\/\/www.haut-pays.be\/wordpress\/maison-gallez\/\">Lire la suite \u00bb<\/a>\n\t\t                <\/div>\n\n                \n            <\/div><!-- .blog-inner -->\n           \n        <\/article>\n\n        \n        <article id=\"post-889\" class=\"wpcap-post post-889 post type-post status-publish format-standard has-post-thumbnail hentry category-produits-de-bouche\">\n         \n            <div class=\"post-grid-inner\">\n            \t\n            \t\t\t\t<div class=\"post-grid-thumbnail\">\n\t\t\t\t<a href=\"http:\/\/www.haut-pays.be\/wordpress\/melliflor\/\">\n\t\t\t\t\t<img loading=\"lazy\" decoding=\"async\" width=\"225\" height=\"300\" src=\"http:\/\/www.haut-pays.be\/wordpress\/wp-content\/uploads\/2025\/02\/melliflor-225x300.jpg\" class=\"attachment-medium size-medium wp-post-image\" alt=\"\" srcset=\"http:\/\/www.haut-pays.be\/wordpress\/wp-content\/uploads\/2025\/02\/melliflor-225x300.jpg 225w, http:\/\/www.haut-pays.be\/wordpress\/wp-content\/uploads\/2025\/02\/melliflor-768x1024.jpg 768w, http:\/\/www.haut-pays.be\/wordpress\/wp-content\/uploads\/2025\/02\/melliflor-1152x1536.jpg 1152w, http:\/\/www.haut-pays.be\/wordpress\/wp-content\/uploads\/2025\/02\/melliflor-1x1.jpg 1w, http:\/\/www.haut-pays.be\/wordpress\/wp-content\/uploads\/2025\/02\/melliflor.jpg 300w\" sizes=\"(max-width: 225px) 100vw, 225px\" \/>\t\t\t\t<\/a>\n\t\t\t<\/div>\n        \n                <div class=\"post-grid-text-wrap\">\n               \t\t\t\t<h3 class=\"title\">\n\t\t\t<a href=\"http:\/\/www.haut-pays.be\/wordpress\/melliflor\/\">Melliflor<\/a>\n\t\t<\/h3>\n\t\t\t                \t\t<div class=\"post-grid-excerpt\">\n\t\t\t<p>R. Ruinsette, 107387 Erquennes065\/63.09.790475\/68.17.32melliflor@msn.comFerme apicole, miel, d\u00e9riv\u00e9s de la ruche. En pleine campagne, \u00e0 la limite de Blaugies et Erquennes, \u00e0 un jet de pierre&hellip;<\/p>\n\t\t<\/div>\n\t\t\t                \t\t<a class=\"read-more-btn\" href=\"http:\/\/www.haut-pays.be\/wordpress\/melliflor\/\">Lire la suite \u00bb<\/a>\n\t\t                <\/div>\n\n                \n            <\/div><!-- .blog-inner -->\n           \n        <\/article>\n\n        \n        <article id=\"post-1763\" class=\"wpcap-post post-1763 post type-post status-publish format-standard has-post-thumbnail hentry category-produits-de-bouche\">\n         \n            <div class=\"post-grid-inner\">\n            \t\n            \t\t\t\t<div class=\"post-grid-thumbnail\">\n\t\t\t\t<a href=\"http:\/\/www.haut-pays.be\/wordpress\/vinhauts-pays\/\">\n\t\t\t\t\t<img loading=\"lazy\" decoding=\"async\" width=\"300\" height=\"300\" src=\"http:\/\/www.haut-pays.be\/wordpress\/wp-content\/uploads\/2025\/03\/vin-hauts-pays-300x300.jpg\" class=\"attachment-medium size-medium wp-post-image\" alt=\"\" srcset=\"http:\/\/www.haut-pays.be\/wordpress\/wp-content\/uploads\/2025\/03\/vin-hauts-pays-300x300.jpg 300w, http:\/\/www.haut-pays.be\/wordpress\/wp-content\/uploads\/2025\/03\/vin-hauts-pays-150x150.jpg 150w, http:\/\/www.haut-pays.be\/wordpress\/wp-content\/uploads\/2025\/03\/vin-hauts-pays-1x1.jpg 1w, http:\/\/www.haut-pays.be\/wordpress\/wp-content\/uploads\/2025\/03\/vin-hauts-pays.jpg 400w\" sizes=\"(max-width: 300px) 100vw, 300px\" \/>\t\t\t\t<\/a>\n\t\t\t<\/div>\n        \n                <div class=\"post-grid-text-wrap\">\n               \t\t\t\t<h3 class=\"title\">\n\t\t\t<a href=\"http:\/\/www.haut-pays.be\/wordpress\/vinhauts-pays\/\">VinHauts-Pays<\/a>\n\t\t<\/h3>\n\t\t\t                \t\t<div class=\"post-grid-excerpt\">\n\t\t\t<p>\u00ab\u00a0Boire du vin, c\u00b4est boire du g\u00e9nie\u00a0\u00bb (Baudelaire) Vous \u00eates amateurs de vin ou tout simplement curieux; vous aimez partager un moment entre amis pour&hellip;<\/p>\n\t\t<\/div>\n\t\t\t                \t\t<a class=\"read-more-btn\" href=\"http:\/\/www.haut-pays.be\/wordpress\/vinhauts-pays\/\">Lire la suite \u00bb<\/a>\n\t\t                <\/div>\n\n                \n            <\/div><!-- .blog-inner -->\n           \n        <\/article>\n\n        \n\t\t\t<\/div>\n\t\t<\/div>\n\t\t\t\t\t\t<\/div>\n\t\t\t\t<\/div>\n\t\t\t\t\t<\/div>\n\t\t\t\t<\/div>\n\t\t\t\t<\/div>\n\t\t","protected":false},"excerpt":{"rendered":"<p>Aux Mara\u00eechers R. du Berceau, 147387 Roisin065\/75.96.52Fruits, fleurs et l\u00e9gumes du producteur. Lire la suite \u00bb Boucherie Benoit Vandurme Voie Blanche, 367370 Blaugies065\/65.35.89 Lire la suite \u00bb Boucherie Charcuterie Chez Jean R. Isol\u00e9e, 67387 Roisin065\/75.93.07Artisan boucher charcutierSur les march\u00e9s de la r\u00e9gion. Lire la suite \u00bb Boucherie Fred et V\u00e9ro Route de Bavay, 237387 Athis065\/65.02.63Ferm\u00e9 [&hellip;]<\/p>\n","protected":false},"author":2,"featured_media":0,"parent":0,"menu_order":0,"comment_status":"closed","ping_status":"closed","template":"","meta":{"footnotes":""},"class_list":["post-780","page","type-page","status-publish","hentry"],"_links":{"self":[{"href":"http:\/\/www.haut-pays.be\/wordpress\/wp-json\/wp\/v2\/pages\/780","targetHints":{"allow":["GET"]}}],"collection":[{"href":"http:\/\/www.haut-pays.be\/wordpress\/wp-json\/wp\/v2\/pages"}],"about":[{"href":"http:\/\/www.haut-pays.be\/wordpress\/wp-json\/wp\/v2\/types\/page"}],"author":[{"embeddable":true,"href":"http:\/\/www.haut-pays.be\/wordpress\/wp-json\/wp\/v2\/users\/2"}],"replies":[{"embeddable":true,"href":"http:\/\/www.haut-pays.be\/wordpress\/wp-json\/wp\/v2\/comments?post=780"}],"version-history":[{"count":22,"href":"http:\/\/www.haut-pays.be\/wordpress\/wp-json\/wp\/v2\/pages\/780\/revisions"}],"predecessor-version":[{"id":1020,"href":"http:\/\/www.haut-pays.be\/wordpress\/wp-json\/wp\/v2\/pages\/780\/revisions\/1020"}],"wp:attachment":[{"href":"http:\/\/www.haut-pays.be\/wordpress\/wp-json\/wp\/v2\/media?parent=780"}],"curies":[{"name":"wp","href":"https:\/\/api.w.org\/{rel}","templated":true}]}}