{"id":672,"date":"2025-02-16T22:32:29","date_gmt":"2025-02-16T21:32:29","guid":{"rendered":"http:\/\/www.haut-pays.be\/wordpress\/?page_id=672"},"modified":"2026-03-26T16:59:44","modified_gmt":"2026-03-26T15:59:44","slug":"agenda","status":"publish","type":"page","link":"http:\/\/www.haut-pays.be\/wordpress\/agenda\/","title":{"rendered":"Agenda complet"},"content":{"rendered":"\t\t<div data-elementor-type=\"wp-page\" data-elementor-id=\"672\" class=\"elementor elementor-672\">\n\t\t\t\t<div class=\"elementor-element elementor-element-b6efeac e-flex e-con-boxed e-con e-parent\" data-id=\"b6efeac\" data-element_type=\"container\">\n\t\t\t\t\t<div class=\"e-con-inner\">\n\t\t\t\t<div class=\"elementor-element elementor-element-28874c0 elementor-widget elementor-widget-wp-widget-em_widget\" data-id=\"28874c0\" data-element_type=\"widget\" data-widget_type=\"wp-widget-em_widget.default\">\n\t\t\t\t<div class=\"elementor-widget-container\">\n\t\t\t\t\t<div class=\"em em-list-widget em-events-widget\"><ul><li><div class=\"em-item em-event\" style=\"--default-border:#80b538;\">\r\n\r\n\t<div class=\"em-item-image \" style=\"max-width:120px\">\r\n\r\n3 Mai 2026\r\n\t\t\r\n\t\t<img decoding=\"async\" width=\"120\" height=\"120\" src=\"http:\/\/www.haut-pays.be\/wordpress\/wp-content\/uploads\/2026\/03\/650101178_892649316934514_6076223860040838501_n-150x150.jpg\" class=\"attachment-120x120 size-120x120 wp-post-image\" alt=\"&quot;Vivant&quot;, f\u00eate du Parc naturel des Hauts-Pays\" srcset=\"http:\/\/www.haut-pays.be\/wordpress\/wp-content\/uploads\/2026\/03\/650101178_892649316934514_6076223860040838501_n-150x150.jpg 150w, http:\/\/www.haut-pays.be\/wordpress\/wp-content\/uploads\/2026\/03\/650101178_892649316934514_6076223860040838501_n-1x1.jpg 1w\" sizes=\"(max-width: 120px) 100vw, 120px\" \/>\r\n\t\t\r\n\t<\/div>\r\n\r\n\t<div class=\"em-item-info\">\r\n\t\t<div class=\"em-item-name\"><a href=\"http:\/\/www.haut-pays.be\/wordpress\/events\/vivant-fete-du-parc-naturel-des-hauts-pays\/\">&quot;Vivant&quot;, f\u00eate du Parc naturel des Hauts-Pays<\/a><\/div>\r\n\t\t<div class=\"em-item-meta\">\r\n\t\t\t<div class=\"em-item-meta-line em-event-date em-event-meta-datetime\">\r\n\t\t\t\t<span class=\"em-icon em-icon-calendar\"><\/span>\r\n\t\t\t\t<span>dimanche 03\/05\/2026\r\n                                <br \/>9h00 \u00e0 17h00\r\n                                <\/span>\r\n\t\t\t<\/div>\r\n\t\t\t<div class=\"em-item-meta-line em-event-location em-event-meta-location\">\r\n\t\t\t\t<span class=\"em-icon em-icon-location\"><\/span>\r\n\t\t\t\t<span>Place d&rsquo;Audregnies<\/span>\r\n\t\t\t<\/div>\r\n\t\t<\/div>\r\n\t<\/div>\r\n<\/div>\r\n<hr \/><\/li><li><div class=\"em-item em-event\" style=\"--default-border:#80b538;\">\r\n\r\n\t<div class=\"em-item-image \" style=\"max-width:120px\">\r\n\r\n14 Mai 2026\r\n\t\t\r\n\t<\/div>\r\n\r\n\t<div class=\"em-item-info\">\r\n\t\t<div class=\"em-item-name\"><a href=\"http:\/\/www.haut-pays.be\/wordpress\/events\/fetes-de-lascension-onnezies\/\">F\u00eates de l\u2019Ascension Onnezies<\/a><\/div>\r\n\t\t<div class=\"em-item-meta\">\r\n\t\t\t<div class=\"em-item-meta-line em-event-date em-event-meta-datetime\">\r\n\t\t\t\t<span class=\"em-icon em-icon-calendar\"><\/span>\r\n\t\t\t\t<span>jeudi 14\/05\/2026\r\n                                <br \/>\r\n                                <\/span>\r\n\t\t\t<\/div>\r\n\t\t\t<div class=\"em-item-meta-line em-event-location em-event-meta-location\">\r\n\t\t\t\t<span class=\"em-icon em-icon-location\"><\/span>\r\n\t\t\t\t<span>Onnezies<\/span>\r\n\t\t\t<\/div>\r\n\t\t<\/div>\r\n\t<\/div>\r\n<\/div>\r\n<hr \/><\/li><li><div class=\"em-item em-event\" style=\"--default-border:#80b538;\">\r\n\r\n\t<div class=\"em-item-image \" style=\"max-width:120px\">\r\n\r\n24 Mai 2026\r\n\t\t\r\n\t\t<img decoding=\"async\" width=\"120\" height=\"120\" src=\"http:\/\/www.haut-pays.be\/wordpress\/wp-content\/uploads\/2026\/04\/476480856_1149242686529020_5142693369983937044_n-150x150.jpg\" class=\"attachment-120x120 size-120x120 wp-post-image\" alt=\"A la Bergerie de L\u00e9onie...\" srcset=\"http:\/\/www.haut-pays.be\/wordpress\/wp-content\/uploads\/2026\/04\/476480856_1149242686529020_5142693369983937044_n-150x150.jpg 150w, http:\/\/www.haut-pays.be\/wordpress\/wp-content\/uploads\/2026\/04\/476480856_1149242686529020_5142693369983937044_n-1x1.jpg 1w\" sizes=\"(max-width: 120px) 100vw, 120px\" \/>\r\n\t\t\r\n\t<\/div>\r\n\r\n\t<div class=\"em-item-info\">\r\n\t\t<div class=\"em-item-name\"><a href=\"http:\/\/www.haut-pays.be\/wordpress\/events\/a-la-bergerie-de-leonie\/\">A la Bergerie de L\u00e9onie...<\/a><\/div>\r\n\t\t<div class=\"em-item-meta\">\r\n\t\t\t<div class=\"em-item-meta-line em-event-date em-event-meta-datetime\">\r\n\t\t\t\t<span class=\"em-icon em-icon-calendar\"><\/span>\r\n\t\t\t\t<span>dimanche 24\/05\/2026 au 25\/05\/2026\r\n                                <br \/>0h00\r\n                                <\/span>\r\n\t\t\t<\/div>\r\n\t\t\t<div class=\"em-item-meta-line em-event-location em-event-meta-location\">\r\n\t\t\t\t<span class=\"em-icon em-icon-location\"><\/span>\r\n\t\t\t\t<span>Montignies-sur-Roc, Chauss\u00e9e Brunehault<\/span>\r\n\t\t\t<\/div>\r\n\t\t<\/div>\r\n\t<\/div>\r\n<\/div>\r\n<hr \/><\/li><li><div class=\"em-item em-event\" style=\"--default-border:#80b538;\">\r\n\r\n\t<div class=\"em-item-image \" style=\"max-width:120px\">\r\n\r\n20 Juin 2026\r\n\t\t\r\n\t<\/div>\r\n\r\n\t<div class=\"em-item-info\">\r\n\t\t<div class=\"em-item-name\"><a href=\"http:\/\/www.haut-pays.be\/wordpress\/events\/street-food-musical-village\/\">Street Food Musical Village<\/a><\/div>\r\n\t\t<div class=\"em-item-meta\">\r\n\t\t\t<div class=\"em-item-meta-line em-event-date em-event-meta-datetime\">\r\n\t\t\t\t<span class=\"em-icon em-icon-calendar\"><\/span>\r\n\t\t\t\t<span>samedi 20\/06\/2026 au 21\/06\/2026\r\n                                <br \/>0h00\r\n                                <\/span>\r\n\t\t\t<\/div>\r\n\t\t\t<div class=\"em-item-meta-line em-event-location em-event-meta-location\">\r\n\t\t\t\t<span class=\"em-icon em-icon-location\"><\/span>\r\n\t\t\t\t<span>Montignies-sur-Roc &#8211; Place<\/span>\r\n\t\t\t<\/div>\r\n\t\t<\/div>\r\n\t<\/div>\r\n<\/div>\r\n<hr \/><\/li><li><div class=\"em-item em-event\" style=\"--default-border:#80b538;\">\r\n\r\n\t<div class=\"em-item-image \" style=\"max-width:120px\">\r\n\r\n3 Juil 2026\r\n\t\t\r\n\t<\/div>\r\n\r\n\t<div class=\"em-item-info\">\r\n\t\t<div class=\"em-item-name\"><a href=\"http:\/\/www.haut-pays.be\/wordpress\/events\/ducasse-de-angre\/\">Ducasse de Angre<\/a><\/div>\r\n\t\t<div class=\"em-item-meta\">\r\n\t\t\t<div class=\"em-item-meta-line em-event-date em-event-meta-datetime\">\r\n\t\t\t\t<span class=\"em-icon em-icon-calendar\"><\/span>\r\n\t\t\t\t<span>vendredi 03\/07\/2026 au 06\/07\/2026\r\n                                <br \/>\r\n                                <\/span>\r\n\t\t\t<\/div>\r\n\t\t\t<div class=\"em-item-meta-line em-event-location em-event-meta-location\">\r\n\t\t\t\t<span class=\"em-icon em-icon-location\"><\/span>\r\n\t\t\t\t<span>Angre &#8211; Place<\/span>\r\n\t\t\t<\/div>\r\n\t\t<\/div>\r\n\t<\/div>\r\n<\/div>\r\n<hr \/><\/li><li><div class=\"em-item em-event\" style=\"--default-border:#80b538;\">\r\n\r\n\t<div class=\"em-item-image \" style=\"max-width:120px\">\r\n\r\n18 Juil 2026\r\n\t\t\r\n\t<\/div>\r\n\r\n\t<div class=\"em-item-info\">\r\n\t\t<div class=\"em-item-name\"><a href=\"http:\/\/www.haut-pays.be\/wordpress\/events\/ducasse-de-fayt-le-franc-2\/\">Ducasse de Fayt-le-Franc<\/a><\/div>\r\n\t\t<div class=\"em-item-meta\">\r\n\t\t\t<div class=\"em-item-meta-line em-event-date em-event-meta-datetime\">\r\n\t\t\t\t<span class=\"em-icon em-icon-calendar\"><\/span>\r\n\t\t\t\t<span>samedi 18\/07\/2026 au 19\/07\/2026\r\n                                <br \/>\r\n                                <\/span>\r\n\t\t\t<\/div>\r\n\t\t\t<div class=\"em-item-meta-line em-event-location em-event-meta-location\">\r\n\t\t\t\t<span class=\"em-icon em-icon-location\"><\/span>\r\n\t\t\t\t<span>Place de Fayt-Le-Franc<\/span>\r\n\t\t\t<\/div>\r\n\t\t<\/div>\r\n\t<\/div>\r\n<\/div>\r\n<hr \/><\/li><li><div class=\"em-item em-event\" style=\"--default-border:#80b538;\">\r\n\r\n\t<div class=\"em-item-image \" style=\"max-width:120px\">\r\n\r\n7 Ao\u00fbt 2026\r\n\t\t\r\n\t<\/div>\r\n\r\n\t<div class=\"em-item-info\">\r\n\t\t<div class=\"em-item-name\"><a href=\"http:\/\/www.haut-pays.be\/wordpress\/events\/ducasse-dangreau-3\/\">Ducasse d\u2019Angreau<\/a><\/div>\r\n\t\t<div class=\"em-item-meta\">\r\n\t\t\t<div class=\"em-item-meta-line em-event-date em-event-meta-datetime\">\r\n\t\t\t\t<span class=\"em-icon em-icon-calendar\"><\/span>\r\n\t\t\t\t<span>vendredi 07\/08\/2026 au 10\/08\/2026\r\n                                <br \/>\r\n                                <\/span>\r\n\t\t\t<\/div>\r\n\t\t\t<div class=\"em-item-meta-line em-event-location em-event-meta-location\">\r\n\t\t\t\t<span class=\"em-icon em-icon-location\"><\/span>\r\n\t\t\t\t<span>Angreau &#8211; Place<\/span>\r\n\t\t\t<\/div>\r\n\t\t<\/div>\r\n\t<\/div>\r\n<\/div>\r\n<hr \/><\/li><li><div class=\"em-item em-event\" style=\"--default-border:#80b538;\">\r\n\r\n\t<div class=\"em-item-image \" style=\"max-width:120px\">\r\n\r\n9 Ao\u00fbt 2026\r\n\t\t\r\n\t\t<img decoding=\"async\" width=\"120\" height=\"120\" src=\"http:\/\/www.haut-pays.be\/wordpress\/wp-content\/uploads\/2026\/03\/tac-2026-150x150.jpeg\" class=\"attachment-120x120 size-120x120 wp-post-image\" alt=\"Le \u00ab Th\u00e9\u00e2tre au Ch\u00e2teau \u00bb revient en terres honnelloises en 2026!\" srcset=\"http:\/\/www.haut-pays.be\/wordpress\/wp-content\/uploads\/2026\/03\/tac-2026-150x150.jpeg 150w, http:\/\/www.haut-pays.be\/wordpress\/wp-content\/uploads\/2026\/03\/tac-2026-1x1.jpeg 1w\" sizes=\"(max-width: 120px) 100vw, 120px\" \/>\r\n\t\t\r\n\t<\/div>\r\n\r\n\t<div class=\"em-item-info\">\r\n\t\t<div class=\"em-item-name\"><a href=\"http:\/\/www.haut-pays.be\/wordpress\/events\/le-theatre-au-chateau-revient-en-terres-honnelloises-en-2026\/\">Le \u00ab Th\u00e9\u00e2tre au Ch\u00e2teau \u00bb revient en terres honnelloises en 2026!<\/a><\/div>\r\n\t\t<div class=\"em-item-meta\">\r\n\t\t\t<div class=\"em-item-meta-line em-event-date em-event-meta-datetime\">\r\n\t\t\t\t<span class=\"em-icon em-icon-calendar\"><\/span>\r\n\t\t\t\t<span>dimanche 09\/08\/2026\r\n                                <br \/>20h00 \u00e0 22h00\r\n                                <\/span>\r\n\t\t\t<\/div>\r\n\t\t\t<div class=\"em-item-meta-line em-event-location em-event-meta-location\">\r\n\t\t\t\t<span class=\"em-icon em-icon-location\"><\/span>\r\n\t\t\t\t<span>Montignies-sur-Roc &#8211; Place<\/span>\r\n\t\t\t<\/div>\r\n\t\t<\/div>\r\n\t<\/div>\r\n<\/div>\r\n<hr \/><\/li><li><div class=\"em-item em-event\" style=\"--default-border:#80b538;\">\r\n\r\n\t<div class=\"em-item-image \" style=\"max-width:120px\">\r\n\r\n22 Ao\u00fbt 2026\r\n\t\t\r\n\t<\/div>\r\n\r\n\t<div class=\"em-item-info\">\r\n\t\t<div class=\"em-item-name\"><a href=\"http:\/\/www.haut-pays.be\/wordpress\/events\/artboricup\/\">Art\u2019Boricup<\/a><\/div>\r\n\t\t<div class=\"em-item-meta\">\r\n\t\t\t<div class=\"em-item-meta-line em-event-date em-event-meta-datetime\">\r\n\t\t\t\t<span class=\"em-icon em-icon-calendar\"><\/span>\r\n\t\t\t\t<span>samedi 22\/08\/2026\r\n                                <br \/>\r\n                                <\/span>\r\n\t\t\t<\/div>\r\n\t\t\t<div class=\"em-item-meta-line em-event-location em-event-meta-location\">\r\n\t\t\t\t<span class=\"em-icon em-icon-location\"><\/span>\r\n\t\t\t\t<span>Montignies-sur-Roc &#8211; Place<\/span>\r\n\t\t\t<\/div>\r\n\t\t<\/div>\r\n\t<\/div>\r\n<\/div>\r\n<hr \/><\/li><li><div class=\"em-item em-event\" style=\"--default-border:#80b538;\">\r\n\r\n\t<div class=\"em-item-image \" style=\"max-width:120px\">\r\n\r\n22 Ao\u00fbt 2026\r\n\t\t\r\n\t<\/div>\r\n\r\n\t<div class=\"em-item-info\">\r\n\t\t<div class=\"em-item-name\"><a href=\"http:\/\/www.haut-pays.be\/wordpress\/events\/brocante-de-angre\/\">Brocante de Angre<\/a><\/div>\r\n\t\t<div class=\"em-item-meta\">\r\n\t\t\t<div class=\"em-item-meta-line em-event-date em-event-meta-datetime\">\r\n\t\t\t\t<span class=\"em-icon em-icon-calendar\"><\/span>\r\n\t\t\t\t<span>samedi 22\/08\/2026\r\n                                <br \/>\r\n                                <\/span>\r\n\t\t\t<\/div>\r\n\t\t\t<div class=\"em-item-meta-line em-event-location em-event-meta-location\">\r\n\t\t\t\t<span class=\"em-icon em-icon-location\"><\/span>\r\n\t\t\t\t<span>Angre &#8211; Place<\/span>\r\n\t\t\t<\/div>\r\n\t\t<\/div>\r\n\t<\/div>\r\n<\/div>\r\n<hr \/><\/li><li><div class=\"em-item em-event\" style=\"--default-border:#80b538;\">\r\n\r\n\t<div class=\"em-item-image \" style=\"max-width:120px\">\r\n\r\n28 Ao\u00fbt 2026\r\n\t\t\r\n\t<\/div>\r\n\r\n\t<div class=\"em-item-info\">\r\n\t\t<div class=\"em-item-name\"><a href=\"http:\/\/www.haut-pays.be\/wordpress\/events\/festivites-de-roisin\/\">Festivit\u00e9s de Roisin<\/a><\/div>\r\n\t\t<div class=\"em-item-meta\">\r\n\t\t\t<div class=\"em-item-meta-line em-event-date em-event-meta-datetime\">\r\n\t\t\t\t<span class=\"em-icon em-icon-calendar\"><\/span>\r\n\t\t\t\t<span>vendredi 28\/08\/2026 au 30\/08\/2026\r\n                                <br \/>\r\n                                <\/span>\r\n\t\t\t<\/div>\r\n\t\t\t<div class=\"em-item-meta-line em-event-location em-event-meta-location\">\r\n\t\t\t\t<span class=\"em-icon em-icon-location\"><\/span>\r\n\t\t\t\t<span>Roisin &#8211; Place<\/span>\r\n\t\t\t<\/div>\r\n\t\t<\/div>\r\n\t<\/div>\r\n<\/div>\r\n<hr \/><\/li><li><div class=\"em-item em-event\" style=\"--default-border:#80b538;\">\r\n\r\n\t<div class=\"em-item-image \" style=\"max-width:120px\">\r\n\r\n29 Ao\u00fbt 2026\r\n\t\t\r\n\t<\/div>\r\n\r\n\t<div class=\"em-item-info\">\r\n\t\t<div class=\"em-item-name\"><a href=\"http:\/\/www.haut-pays.be\/wordpress\/events\/tir-aux-clays\/\">Tir aux Clays<\/a><\/div>\r\n\t\t<div class=\"em-item-meta\">\r\n\t\t\t<div class=\"em-item-meta-line em-event-date em-event-meta-datetime\">\r\n\t\t\t\t<span class=\"em-icon em-icon-calendar\"><\/span>\r\n\t\t\t\t<span>samedi 29\/08\/2026 au 30\/08\/2026\r\n                                <br \/>\r\n                                <\/span>\r\n\t\t\t<\/div>\r\n\t\t\t<div class=\"em-item-meta-line em-event-location em-event-meta-location\">\r\n\t\t\t\t<span class=\"em-icon em-icon-location\"><\/span>\r\n\t\t\t\t<span><\/span>\r\n\t\t\t<\/div>\r\n\t\t<\/div>\r\n\t<\/div>\r\n<\/div>\r\n<hr \/><\/li><li><div class=\"em-item em-event\" style=\"--default-border:#80b538;\">\r\n\r\n\t<div class=\"em-item-image \" style=\"max-width:120px\">\r\n\r\n30 Ao\u00fbt 2026\r\n\t\t\r\n\t<\/div>\r\n\r\n\t<div class=\"em-item-info\">\r\n\t\t<div class=\"em-item-name\"><a href=\"http:\/\/www.haut-pays.be\/wordpress\/events\/vtt-a-travers-les-honnelles\/\">VTT : A travers les Honnelles<\/a><\/div>\r\n\t\t<div class=\"em-item-meta\">\r\n\t\t\t<div class=\"em-item-meta-line em-event-date em-event-meta-datetime\">\r\n\t\t\t\t<span class=\"em-icon em-icon-calendar\"><\/span>\r\n\t\t\t\t<span>dimanche 30\/08\/2026\r\n                                <br \/>0h00\r\n                                <\/span>\r\n\t\t\t<\/div>\r\n\t\t\t<div class=\"em-item-meta-line em-event-location em-event-meta-location\">\r\n\t\t\t\t<span class=\"em-icon em-icon-location\"><\/span>\r\n\t\t\t\t<span>Roisin &#8211; Place<\/span>\r\n\t\t\t<\/div>\r\n\t\t<\/div>\r\n\t<\/div>\r\n<\/div>\r\n<hr \/><\/li><li><div class=\"em-item em-event\" style=\"--default-border:#80b538;\">\r\n\r\n\t<div class=\"em-item-image \" style=\"max-width:120px\">\r\n\r\n5 Sep 2026\r\n\t\t\r\n\t<\/div>\r\n\r\n\t<div class=\"em-item-info\">\r\n\t\t<div class=\"em-item-name\"><a href=\"http:\/\/www.haut-pays.be\/wordpress\/events\/festival-des-arts-de-la-rue-le-leu-festival\/\">Festival des arts de la rue \u00ab Le Leu Festival \u00bb<\/a><\/div>\r\n\t\t<div class=\"em-item-meta\">\r\n\t\t\t<div class=\"em-item-meta-line em-event-date em-event-meta-datetime\">\r\n\t\t\t\t<span class=\"em-icon em-icon-calendar\"><\/span>\r\n\t\t\t\t<span>samedi 05\/09\/2026 au 06\/09\/2026\r\n                                <br \/>0h00\r\n                                <\/span>\r\n\t\t\t<\/div>\r\n\t\t\t<div class=\"em-item-meta-line em-event-location em-event-meta-location\">\r\n\t\t\t\t<span class=\"em-icon em-icon-location\"><\/span>\r\n\t\t\t\t<span>Onnezies<\/span>\r\n\t\t\t<\/div>\r\n\t\t<\/div>\r\n\t<\/div>\r\n<\/div>\r\n<hr \/><\/li><li><div class=\"em-item em-event\" style=\"--default-border:#80b538;\">\r\n\r\n\t<div class=\"em-item-image \" style=\"max-width:120px\">\r\n\r\n11 Sep 2026\r\n\t\t\r\n\t<\/div>\r\n\r\n\t<div class=\"em-item-info\">\r\n\t\t<div class=\"em-item-name\"><a href=\"http:\/\/www.haut-pays.be\/wordpress\/events\/cyclisme-u23-road-series\/\">Cyclisme: U23 Road Series<\/a><\/div>\r\n\t\t<div class=\"em-item-meta\">\r\n\t\t\t<div class=\"em-item-meta-line em-event-date em-event-meta-datetime\">\r\n\t\t\t\t<span class=\"em-icon em-icon-calendar\"><\/span>\r\n\t\t\t\t<span>vendredi 11\/09\/2026\r\n                                <br \/>0h00\r\n                                <\/span>\r\n\t\t\t<\/div>\r\n\t\t\t<div class=\"em-item-meta-line em-event-location em-event-meta-location\">\r\n\t\t\t\t<span class=\"em-icon em-icon-location\"><\/span>\r\n\t\t\t\t<span>Angreau &#8211; Place<\/span>\r\n\t\t\t<\/div>\r\n\t\t<\/div>\r\n\t<\/div>\r\n<\/div>\r\n<hr \/><\/li><li><div class=\"em-item em-event\" style=\"--default-border:#80b538;\">\r\n\r\n\t<div class=\"em-item-image \" style=\"max-width:120px\">\r\n\r\n11 Sep 2026\r\n\t\t\r\n\t<\/div>\r\n\r\n\t<div class=\"em-item-info\">\r\n\t\t<div class=\"em-item-name\"><a href=\"http:\/\/www.haut-pays.be\/wordpress\/events\/ducasse-des-leus\/\">Ducasse des Leus<\/a><\/div>\r\n\t\t<div class=\"em-item-meta\">\r\n\t\t\t<div class=\"em-item-meta-line em-event-date em-event-meta-datetime\">\r\n\t\t\t\t<span class=\"em-icon em-icon-calendar\"><\/span>\r\n\t\t\t\t<span>vendredi 11\/09\/2026 au 13\/09\/2026\r\n                                <br \/>0h00\r\n                                <\/span>\r\n\t\t\t<\/div>\r\n\t\t\t<div class=\"em-item-meta-line em-event-location em-event-meta-location\">\r\n\t\t\t\t<span class=\"em-icon em-icon-location\"><\/span>\r\n\t\t\t\t<span>Onnezies<\/span>\r\n\t\t\t<\/div>\r\n\t\t<\/div>\r\n\t<\/div>\r\n<\/div>\r\n<hr \/><\/li><li><div class=\"em-item em-event\" style=\"--default-border:#80b538;\">\r\n\r\n\t<div class=\"em-item-image \" style=\"max-width:120px\">\r\n\r\n12 Sep 2026\r\n\t\t\r\n\t<\/div>\r\n\r\n\t<div class=\"em-item-info\">\r\n\t\t<div class=\"em-item-name\"><a href=\"http:\/\/www.haut-pays.be\/wordpress\/events\/cyclisme-coupe-de-belgique-des-juniors\/\">Cyclisme: Coupe de Belgique des Juniors<\/a><\/div>\r\n\t\t<div class=\"em-item-meta\">\r\n\t\t\t<div class=\"em-item-meta-line em-event-date em-event-meta-datetime\">\r\n\t\t\t\t<span class=\"em-icon em-icon-calendar\"><\/span>\r\n\t\t\t\t<span>samedi 12\/09\/2026\r\n                                <br \/>0h00\r\n                                <\/span>\r\n\t\t\t<\/div>\r\n\t\t\t<div class=\"em-item-meta-line em-event-location em-event-meta-location\">\r\n\t\t\t\t<span class=\"em-icon em-icon-location\"><\/span>\r\n\t\t\t\t<span>Angreau &#8211; Place<\/span>\r\n\t\t\t<\/div>\r\n\t\t<\/div>\r\n\t<\/div>\r\n<\/div>\r\n<hr \/><\/li><li><div class=\"em-item em-event\" style=\"--default-border:#80b538;\">\r\n\r\n\t<div class=\"em-item-image \" style=\"max-width:120px\">\r\n\r\n12 Sep 2026\r\n\t\t\r\n\t<\/div>\r\n\r\n\t<div class=\"em-item-info\">\r\n\t\t<div class=\"em-item-name\"><a href=\"http:\/\/www.haut-pays.be\/wordpress\/events\/journees-du-patrimoine\/\">Journ\u00e9es du Patrimoine<\/a><\/div>\r\n\t\t<div class=\"em-item-meta\">\r\n\t\t\t<div class=\"em-item-meta-line em-event-date em-event-meta-datetime\">\r\n\t\t\t\t<span class=\"em-icon em-icon-calendar\"><\/span>\r\n\t\t\t\t<span>samedi 12\/09\/2026 au 13\/09\/2026\r\n                                <br \/>0h00\r\n                                <\/span>\r\n\t\t\t<\/div>\r\n\t\t\t<div class=\"em-item-meta-line em-event-location em-event-meta-location\">\r\n\t\t\t\t<span class=\"em-icon em-icon-location\"><\/span>\r\n\t\t\t\t<span><\/span>\r\n\t\t\t<\/div>\r\n\t\t<\/div>\r\n\t<\/div>\r\n<\/div>\r\n<hr \/><\/li><li><div class=\"em-item em-event\" style=\"--default-border:#80b538;\">\r\n\r\n\t<div class=\"em-item-image \" style=\"max-width:120px\">\r\n\r\n13 Sep 2026\r\n\t\t\r\n\t<\/div>\r\n\r\n\t<div class=\"em-item-info\">\r\n\t\t<div class=\"em-item-name\"><a href=\"http:\/\/www.haut-pays.be\/wordpress\/events\/jogging-roisin\/\">Jogging Roisin<\/a><\/div>\r\n\t\t<div class=\"em-item-meta\">\r\n\t\t\t<div class=\"em-item-meta-line em-event-date em-event-meta-datetime\">\r\n\t\t\t\t<span class=\"em-icon em-icon-calendar\"><\/span>\r\n\t\t\t\t<span>dimanche 13\/09\/2026\r\n                                <br \/>0h00\r\n                                <\/span>\r\n\t\t\t<\/div>\r\n\t\t\t<div class=\"em-item-meta-line em-event-location em-event-meta-location\">\r\n\t\t\t\t<span class=\"em-icon em-icon-location\"><\/span>\r\n\t\t\t\t<span>Roisin &#8211; Place<\/span>\r\n\t\t\t<\/div>\r\n\t\t<\/div>\r\n\t<\/div>\r\n<\/div>\r\n<hr \/><\/li><li><div class=\"em-item em-event\" style=\"--default-border:#80b538;\">\r\n\r\n\t<div class=\"em-item-image \" style=\"max-width:120px\">\r\n\r\n19 Sep 2026\r\n\t\t\r\n\t<\/div>\r\n\r\n\t<div class=\"em-item-info\">\r\n\t\t<div class=\"em-item-name\"><a href=\"http:\/\/www.haut-pays.be\/wordpress\/events\/le-salon-des-sports-de-honnelles\/\">Le Salon des sports de Honnelles<\/a><\/div>\r\n\t\t<div class=\"em-item-meta\">\r\n\t\t\t<div class=\"em-item-meta-line em-event-date em-event-meta-datetime\">\r\n\t\t\t\t<span class=\"em-icon em-icon-calendar\"><\/span>\r\n\t\t\t\t<span>samedi 19\/09\/2026\r\n                                <br \/>0h00\r\n                                <\/span>\r\n\t\t\t<\/div>\r\n\t\t\t<div class=\"em-item-meta-line em-event-location em-event-meta-location\">\r\n\t\t\t\t<span class=\"em-icon em-icon-location\"><\/span>\r\n\t\t\t\t<span>Montignies-sur-Roc &#8211; Hall Omnisport La Roquette<\/span>\r\n\t\t\t<\/div>\r\n\t\t<\/div>\r\n\t<\/div>\r\n<\/div>\r\n<hr \/><\/li><li><div class=\"em-item em-event\" style=\"--default-border:#80b538;\">\r\n\r\n\t<div class=\"em-item-image \" style=\"max-width:120px\">\r\n\r\n25 Sep 2026\r\n\t\t\r\n\t<\/div>\r\n\r\n\t<div class=\"em-item-info\">\r\n\t\t<div class=\"em-item-name\"><a href=\"http:\/\/www.haut-pays.be\/wordpress\/events\/festivites-de-la-goutrielle\/\">Festivit\u00e9s de la Goutrielle<\/a><\/div>\r\n\t\t<div class=\"em-item-meta\">\r\n\t\t\t<div class=\"em-item-meta-line em-event-date em-event-meta-datetime\">\r\n\t\t\t\t<span class=\"em-icon em-icon-calendar\"><\/span>\r\n\t\t\t\t<span>vendredi 25\/09\/2026 au 27\/09\/2026\r\n                                <br \/>0h00\r\n                                <\/span>\r\n\t\t\t<\/div>\r\n\t\t\t<div class=\"em-item-meta-line em-event-location em-event-meta-location\">\r\n\t\t\t\t<span class=\"em-icon em-icon-location\"><\/span>\r\n\t\t\t\t<span>Montignies-sur-Roc &#8211; Place<\/span>\r\n\t\t\t<\/div>\r\n\t\t<\/div>\r\n\t<\/div>\r\n<\/div>\r\n<hr \/><\/li><li><div class=\"em-item em-event\" style=\"--default-border:#80b538;\">\r\n\r\n\t<div class=\"em-item-image \" style=\"max-width:120px\">\r\n\r\n2 Oct 2026\r\n\t\t\r\n\t<\/div>\r\n\r\n\t<div class=\"em-item-info\">\r\n\t\t<div class=\"em-item-name\"><a href=\"http:\/\/www.haut-pays.be\/wordpress\/events\/week-end-du-commerce\/\">Week-end du commerce<\/a><\/div>\r\n\t\t<div class=\"em-item-meta\">\r\n\t\t\t<div class=\"em-item-meta-line em-event-date em-event-meta-datetime\">\r\n\t\t\t\t<span class=\"em-icon em-icon-calendar\"><\/span>\r\n\t\t\t\t<span>vendredi 02\/10\/2026 au 04\/10\/2026\r\n                                <br \/>0h00\r\n                                <\/span>\r\n\t\t\t<\/div>\r\n\t\t\t<div class=\"em-item-meta-line em-event-location em-event-meta-location\">\r\n\t\t\t\t<span class=\"em-icon em-icon-location\"><\/span>\r\n\t\t\t\t<span><\/span>\r\n\t\t\t<\/div>\r\n\t\t<\/div>\r\n\t<\/div>\r\n<\/div>\r\n<hr \/><\/li><li><div class=\"em-item em-event\" style=\"--default-border:#80b538;\">\r\n\r\n\t<div class=\"em-item-image \" style=\"max-width:120px\">\r\n\r\n9 Oct 2026\r\n\t\t\r\n\t<\/div>\r\n\r\n\t<div class=\"em-item-info\">\r\n\t\t<div class=\"em-item-name\"><a href=\"http:\/\/www.haut-pays.be\/wordpress\/events\/sortez-vos-atouts-contre-le-cancer\/\">Sortez vos atouts contre le cancer<\/a><\/div>\r\n\t\t<div class=\"em-item-meta\">\r\n\t\t\t<div class=\"em-item-meta-line em-event-date em-event-meta-datetime\">\r\n\t\t\t\t<span class=\"em-icon em-icon-calendar\"><\/span>\r\n\t\t\t\t<span>vendredi 09\/10\/2026 au 10\/10\/2026\r\n                                <br \/>0h00\r\n                                <\/span>\r\n\t\t\t<\/div>\r\n\t\t\t<div class=\"em-item-meta-line em-event-location em-event-meta-location\">\r\n\t\t\t\t<span class=\"em-icon em-icon-location\"><\/span>\r\n\t\t\t\t<span><\/span>\r\n\t\t\t<\/div>\r\n\t\t<\/div>\r\n\t<\/div>\r\n<\/div>\r\n<hr \/><\/li><\/ul><\/div>\t\t\t\t<\/div>\n\t\t\t\t<\/div>\n\t\t\t\t\t<\/div>\n\t\t\t\t<\/div>\n\t\t\t\t<\/div>\n\t\t","protected":false},"excerpt":{"rendered":"","protected":false},"author":2,"featured_media":0,"parent":0,"menu_order":0,"comment_status":"closed","ping_status":"closed","template":"","meta":{"footnotes":""},"class_list":["post-672","page","type-page","status-publish","hentry"],"_links":{"self":[{"href":"http:\/\/www.haut-pays.be\/wordpress\/wp-json\/wp\/v2\/pages\/672","targetHints":{"allow":["GET"]}}],"collection":[{"href":"http:\/\/www.haut-pays.be\/wordpress\/wp-json\/wp\/v2\/pages"}],"about":[{"href":"http:\/\/www.haut-pays.be\/wordpress\/wp-json\/wp\/v2\/types\/page"}],"author":[{"embeddable":true,"href":"http:\/\/www.haut-pays.be\/wordpress\/wp-json\/wp\/v2\/users\/2"}],"replies":[{"embeddable":true,"href":"http:\/\/www.haut-pays.be\/wordpress\/wp-json\/wp\/v2\/comments?post=672"}],"version-history":[{"count":37,"href":"http:\/\/www.haut-pays.be\/wordpress\/wp-json\/wp\/v2\/pages\/672\/revisions"}],"predecessor-version":[{"id":2054,"href":"http:\/\/www.haut-pays.be\/wordpress\/wp-json\/wp\/v2\/pages\/672\/revisions\/2054"}],"wp:attachment":[{"href":"http:\/\/www.haut-pays.be\/wordpress\/wp-json\/wp\/v2\/media?parent=672"}],"curies":[{"name":"wp","href":"https:\/\/api.w.org\/{rel}","templated":true}]}}