{"id":580,"date":"2025-02-16T18:30:18","date_gmt":"2025-02-16T17:30:18","guid":{"rendered":"http:\/\/www.haut-pays.be\/wordpress\/?page_id=580"},"modified":"2025-02-18T10:29:16","modified_gmt":"2025-02-18T09:29:16","slug":"les-artisans","status":"publish","type":"page","link":"http:\/\/www.haut-pays.be\/wordpress\/les-artisans\/","title":{"rendered":"Les artisans"},"content":{"rendered":"\t\t<div data-elementor-type=\"wp-page\" data-elementor-id=\"580\" class=\"elementor elementor-580\">\n\t\t\t\t<div class=\"elementor-element elementor-element-d4b274d e-flex e-con-boxed e-con e-parent\" data-id=\"d4b274d\" data-element_type=\"container\">\n\t\t\t\t\t<div class=\"e-con-inner\">\n\t\t\t\t<div class=\"elementor-element elementor-element-dc781de elementor-grid-3 elementor-grid-tablet-2 elementor-grid-mobile-1 elementor-widget elementor-widget-elementor-blog-posts\" data-id=\"dc781de\" data-element_type=\"widget\" data-settings=\"{&quot;columns&quot;:&quot;3&quot;,&quot;columns_tablet&quot;:&quot;2&quot;,&quot;columns_mobile&quot;:&quot;1&quot;}\" data-widget_type=\"elementor-blog-posts.default\">\n\t\t\t\t<div class=\"elementor-widget-container\">\n\t\t\t\t\t\t\t<div class=\"wpcap-grid\">\n\t\t\t\t\t\t<div class=\"wpcap-grid-container elementor-grid wpcap-grid-desktop-3 wpcap-grid-tablet-2 wpcap-grid-mobile-1 grid-meta-bottom\">\n\n\t\t\t\t\n        <article id=\"post-572\" class=\"wpcap-post post-572 post type-post status-publish format-standard has-post-thumbnail hentry category-artisans\">\n         \n            <div class=\"post-grid-inner\">\n            \t\n            \t\t\t\t<div class=\"post-grid-thumbnail\">\n\t\t\t\t<a href=\"http:\/\/www.haut-pays.be\/wordpress\/art-schema\/\">\n\t\t\t\t\t<img fetchpriority=\"high\" decoding=\"async\" width=\"318\" height=\"400\" src=\"http:\/\/www.haut-pays.be\/wordpress\/wp-content\/uploads\/2025\/02\/art-schema.jpg\" class=\"attachment-full size-full wp-post-image\" alt=\"\" srcset=\"http:\/\/www.haut-pays.be\/wordpress\/wp-content\/uploads\/2025\/02\/art-schema.jpg 318w, http:\/\/www.haut-pays.be\/wordpress\/wp-content\/uploads\/2025\/02\/art-schema-239x300.jpg 239w, http:\/\/www.haut-pays.be\/wordpress\/wp-content\/uploads\/2025\/02\/art-schema-815x1024.jpg 815w, http:\/\/www.haut-pays.be\/wordpress\/wp-content\/uploads\/2025\/02\/art-schema-768x965.jpg 768w, http:\/\/www.haut-pays.be\/wordpress\/wp-content\/uploads\/2025\/02\/art-schema-1223x1536.jpg 1223w, http:\/\/www.haut-pays.be\/wordpress\/wp-content\/uploads\/2025\/02\/art-schema-1x1.jpg 1w\" sizes=\"(max-width: 318px) 100vw, 318px\" \/>\t\t\t\t<\/a>\n\t\t\t<\/div>\n        \n                <div class=\"post-grid-text-wrap\">\n               \t\t\t\t<h3 class=\"title\">\n\t\t\t<a href=\"http:\/\/www.haut-pays.be\/wordpress\/art-schema\/\">ART SCH\u00c9MA<\/a>\n\t\t<\/h3>\n\t\t\t                \t\t<div class=\"post-grid-excerpt\">\n\t\t\t<p>R. de la Fronti\u00e8re, 169 7370 Blaugies 065\/36.57.25 Travail du textile. Garnissage de si\u00e8ges.<\/p>\n\t\t<\/div>\n\t\t\t                \t\t<a class=\"read-more-btn\" href=\"http:\/\/www.haut-pays.be\/wordpress\/art-schema\/\">Lire la suite \u00bb<\/a>\n\t\t                <\/div>\n\n                \n            <\/div><!-- .blog-inner -->\n           \n        <\/article>\n\n        \n        <article id=\"post-558\" class=\"wpcap-post post-558 post type-post status-publish format-standard hentry category-artisans\">\n         \n            <div class=\"post-grid-inner\">\n            \t\n            \t\n                <div class=\"post-grid-text-wrap\">\n               \t\t\t\t<h3 class=\"title\">\n\t\t\t<a href=\"http:\/\/www.haut-pays.be\/wordpress\/artistyl-bois-2\/\">Artistyl Bois<\/a>\n\t\t<\/h3>\n\t\t\t                \t\t<div class=\"post-grid-excerpt\">\n\t\t\t<p>R. du Roi Albert, 75B Fayt-le-Franc 065\/75.95.68 Menuiserie &#8211; \u00c9b\u00e9nisterie<\/p>\n\t\t<\/div>\n\t\t\t                \t\t<a class=\"read-more-btn\" href=\"http:\/\/www.haut-pays.be\/wordpress\/artistyl-bois-2\/\">Lire la suite \u00bb<\/a>\n\t\t                <\/div>\n\n                \n            <\/div><!-- .blog-inner -->\n           \n        <\/article>\n\n        \n        <article id=\"post-562\" class=\"wpcap-post post-562 post type-post status-publish format-standard has-post-thumbnail hentry category-artisans\">\n         \n            <div class=\"post-grid-inner\">\n            \t\n            \t\t\t\t<div class=\"post-grid-thumbnail\">\n\t\t\t\t<a href=\"http:\/\/www.haut-pays.be\/wordpress\/atelier-du-plat-caillou\/\">\n\t\t\t\t\t<img decoding=\"async\" width=\"400\" height=\"400\" src=\"http:\/\/www.haut-pays.be\/wordpress\/wp-content\/uploads\/2025\/02\/308484557_501164528686955_5242171244154238137_n.jpg\" class=\"attachment-full size-full wp-post-image\" alt=\"\" srcset=\"http:\/\/www.haut-pays.be\/wordpress\/wp-content\/uploads\/2025\/02\/308484557_501164528686955_5242171244154238137_n.jpg 400w, http:\/\/www.haut-pays.be\/wordpress\/wp-content\/uploads\/2025\/02\/308484557_501164528686955_5242171244154238137_n-300x300.jpg 300w, http:\/\/www.haut-pays.be\/wordpress\/wp-content\/uploads\/2025\/02\/308484557_501164528686955_5242171244154238137_n-150x150.jpg 150w, http:\/\/www.haut-pays.be\/wordpress\/wp-content\/uploads\/2025\/02\/308484557_501164528686955_5242171244154238137_n-768x768.jpg 768w, http:\/\/www.haut-pays.be\/wordpress\/wp-content\/uploads\/2025\/02\/308484557_501164528686955_5242171244154238137_n-1x1.jpg 1w\" sizes=\"(max-width: 400px) 100vw, 400px\" \/>\t\t\t\t<\/a>\n\t\t\t<\/div>\n        \n                <div class=\"post-grid-text-wrap\">\n               \t\t\t\t<h3 class=\"title\">\n\t\t\t<a href=\"http:\/\/www.haut-pays.be\/wordpress\/atelier-du-plat-caillou\/\">Atelier du Plat Caillou<\/a>\n\t\t<\/h3>\n\t\t\t                \t\t<div class=\"post-grid-excerpt\">\n\t\t\t<p>Ruelle du Plat Caillou, 8 7387 Montignies-sur-Roc 065\/75.93.71 Atelier de poterie et c\u00e9ramique Visites sur rendez-vous. www.platcaillou.be platcaillou@skynet.be<\/p>\n\t\t<\/div>\n\t\t\t                \t\t<a class=\"read-more-btn\" href=\"http:\/\/www.haut-pays.be\/wordpress\/atelier-du-plat-caillou\/\">Lire la suite \u00bb<\/a>\n\t\t                <\/div>\n\n                \n            <\/div><!-- .blog-inner -->\n           \n        <\/article>\n\n        \n        <article id=\"post-1974\" class=\"wpcap-post post-1974 post type-post status-publish format-standard has-post-thumbnail hentry category-artisans\">\n         \n            <div class=\"post-grid-inner\">\n            \t\n            \t\t\t\t<div class=\"post-grid-thumbnail\">\n\t\t\t\t<a href=\"http:\/\/www.haut-pays.be\/wordpress\/athelas-savonnerie-artisanale\/\">\n\t\t\t\t\t<img decoding=\"async\" width=\"400\" height=\"300\" src=\"http:\/\/www.haut-pays.be\/wordpress\/wp-content\/uploads\/2025\/11\/athelas-savon-nerie-angre.jpg\" class=\"attachment-full size-full wp-post-image\" alt=\"\" srcset=\"http:\/\/www.haut-pays.be\/wordpress\/wp-content\/uploads\/2025\/11\/athelas-savon-nerie-angre.jpg 400w, http:\/\/www.haut-pays.be\/wordpress\/wp-content\/uploads\/2025\/11\/athelas-savon-nerie-angre-300x225.jpg 300w, http:\/\/www.haut-pays.be\/wordpress\/wp-content\/uploads\/2025\/11\/athelas-savon-nerie-angre-1x1.jpg 1w\" sizes=\"(max-width: 400px) 100vw, 400px\" \/>\t\t\t\t<\/a>\n\t\t\t<\/div>\n        \n                <div class=\"post-grid-text-wrap\">\n               \t\t\t\t<h3 class=\"title\">\n\t\t\t<a href=\"http:\/\/www.haut-pays.be\/wordpress\/athelas-savonnerie-artisanale\/\">Athelas, savonnerie artisanale<\/a>\n\t\t<\/h3>\n\t\t\t                \t\t<div class=\"post-grid-excerpt\">\n\t\t\t<p>Bienvenue chez Athelas savonnerie artisanale, reconnu Artisan de Belgique! Ici vous trouverez des savons et shampooings solides, des cosm\u00e9tiques naturels et solides, des accessoires pour&hellip;<\/p>\n\t\t<\/div>\n\t\t\t                \t\t<a class=\"read-more-btn\" href=\"http:\/\/www.haut-pays.be\/wordpress\/athelas-savonnerie-artisanale\/\">Lire la suite \u00bb<\/a>\n\t\t                <\/div>\n\n                \n            <\/div><!-- .blog-inner -->\n           \n        <\/article>\n\n        \n        <article id=\"post-570\" class=\"wpcap-post post-570 post type-post status-publish format-standard hentry category-artisans\">\n         \n            <div class=\"post-grid-inner\">\n            \t\n            \t\n                <div class=\"post-grid-text-wrap\">\n               \t\t\t\t<h3 class=\"title\">\n\t\t\t<a href=\"http:\/\/www.haut-pays.be\/wordpress\/frederic-dulyere\/\">Fr\u00e9d\u00e9ric Duly\u00e8re<\/a>\n\t\t<\/h3>\n\t\t\t                \t\t<div class=\"post-grid-excerpt\">\n\t\t\t<p>R. d&rsquo;En-Haut, 2 7387 Roisin 0475\/24.40.71 065\/51.01.43 Antiquit\u00e9s \u2013 D\u00e9coration. Achat &#8211; Vente.<\/p>\n\t\t<\/div>\n\t\t\t                \t\t<a class=\"read-more-btn\" href=\"http:\/\/www.haut-pays.be\/wordpress\/frederic-dulyere\/\">Lire la suite \u00bb<\/a>\n\t\t                <\/div>\n\n                \n            <\/div><!-- .blog-inner -->\n           \n        <\/article>\n\n        \n        <article id=\"post-565\" class=\"wpcap-post post-565 post type-post status-publish format-standard has-post-thumbnail hentry category-artisans\">\n         \n            <div class=\"post-grid-inner\">\n            \t\n            \t\t\t\t<div class=\"post-grid-thumbnail\">\n\t\t\t\t<a href=\"http:\/\/www.haut-pays.be\/wordpress\/lart-de-vivre\/\">\n\t\t\t\t\t<img loading=\"lazy\" decoding=\"async\" width=\"225\" height=\"400\" src=\"http:\/\/www.haut-pays.be\/wordpress\/wp-content\/uploads\/2025\/02\/art-de-vivre.jpg\" class=\"attachment-full size-full wp-post-image\" alt=\"\" srcset=\"http:\/\/www.haut-pays.be\/wordpress\/wp-content\/uploads\/2025\/02\/art-de-vivre.jpg 225w, http:\/\/www.haut-pays.be\/wordpress\/wp-content\/uploads\/2025\/02\/art-de-vivre-169x300.jpg 169w, http:\/\/www.haut-pays.be\/wordpress\/wp-content\/uploads\/2025\/02\/art-de-vivre-576x1024.jpg 576w, http:\/\/www.haut-pays.be\/wordpress\/wp-content\/uploads\/2025\/02\/art-de-vivre-1x2.jpg 1w\" sizes=\"(max-width: 225px) 100vw, 225px\" \/>\t\t\t\t<\/a>\n\t\t\t<\/div>\n        \n                <div class=\"post-grid-text-wrap\">\n               \t\t\t\t<h3 class=\"title\">\n\t\t\t<a href=\"http:\/\/www.haut-pays.be\/wordpress\/lart-de-vivre\/\">L&rsquo;Art de Vivre<\/a>\n\t\t<\/h3>\n\t\t\t                \t\t<div class=\"post-grid-excerpt\">\n\t\t\t<p>R. de l&rsquo;Abreuvoir, 3 Onnezies 065\/75.92.50 Fleurs naturelles, cadeaux, \u00e9lectros, chauffage, sanitaire, pellets, mat\u00e9riaux de constructions, drink, paniers du terroir.<\/p>\n\t\t<\/div>\n\t\t\t                \t\t<a class=\"read-more-btn\" href=\"http:\/\/www.haut-pays.be\/wordpress\/lart-de-vivre\/\">Lire la suite \u00bb<\/a>\n\t\t                <\/div>\n\n                \n            <\/div><!-- .blog-inner -->\n           \n        <\/article>\n\n        \n        <article id=\"post-1830\" class=\"wpcap-post post-1830 post type-post status-publish format-standard has-post-thumbnail hentry category-artisans\">\n         \n            <div class=\"post-grid-inner\">\n            \t\n            \t\t\t\t<div class=\"post-grid-thumbnail\">\n\t\t\t\t<a href=\"http:\/\/www.haut-pays.be\/wordpress\/les-5-fontaine\/\">\n\t\t\t\t\t<img loading=\"lazy\" decoding=\"async\" width=\"400\" height=\"300\" src=\"http:\/\/www.haut-pays.be\/wordpress\/wp-content\/uploads\/2025\/04\/492197392_1156369569622879_6389799819235002677_n.jpg\" class=\"attachment-full size-full wp-post-image\" alt=\"\" srcset=\"http:\/\/www.haut-pays.be\/wordpress\/wp-content\/uploads\/2025\/04\/492197392_1156369569622879_6389799819235002677_n.jpg 400w, http:\/\/www.haut-pays.be\/wordpress\/wp-content\/uploads\/2025\/04\/492197392_1156369569622879_6389799819235002677_n-300x225.jpg 300w, http:\/\/www.haut-pays.be\/wordpress\/wp-content\/uploads\/2025\/04\/492197392_1156369569622879_6389799819235002677_n-1x1.jpg 1w\" sizes=\"(max-width: 400px) 100vw, 400px\" \/>\t\t\t\t<\/a>\n\t\t\t<\/div>\n        \n                <div class=\"post-grid-text-wrap\">\n               \t\t\t\t<h3 class=\"title\">\n\t\t\t<a href=\"http:\/\/www.haut-pays.be\/wordpress\/les-5-fontaine\/\">Les 5 Fontaine<\/a>\n\t\t<\/h3>\n\t\t\t                \t\t<div class=\"post-grid-excerpt\">\n\t\t\t<p>Plantes annuelles et l\u00e9gumes \u00e0 repiquer, pomponnettes et chrysanth\u00e8mes en saison&#8230; Rendez-vous chez \u00ab\u00a05 Fontaine\u00a0\u00bb Rue d\u2019Angre 28, Onnezies, Belgium 0477 74 42 67 https:\/\/www.facebook.com\/cinqfontaine<\/p>\n\t\t<\/div>\n\t\t\t                \t\t<a class=\"read-more-btn\" href=\"http:\/\/www.haut-pays.be\/wordpress\/les-5-fontaine\/\">Lire la suite \u00bb<\/a>\n\t\t                <\/div>\n\n                \n            <\/div><!-- .blog-inner -->\n           \n        <\/article>\n\n        \n        <article id=\"post-576\" class=\"wpcap-post post-576 post type-post status-publish format-standard has-post-thumbnail hentry category-artisans\">\n         \n            <div class=\"post-grid-inner\">\n            \t\n            \t\t\t\t<div class=\"post-grid-thumbnail\">\n\t\t\t\t<a href=\"http:\/\/www.haut-pays.be\/wordpress\/les-jeux-oublies\/\">\n\t\t\t\t\t<img loading=\"lazy\" decoding=\"async\" width=\"400\" height=\"400\" src=\"http:\/\/www.haut-pays.be\/wordpress\/wp-content\/uploads\/2025\/02\/jeux-oublies.jpg\" class=\"attachment-full size-full wp-post-image\" alt=\"\" srcset=\"http:\/\/www.haut-pays.be\/wordpress\/wp-content\/uploads\/2025\/02\/jeux-oublies.jpg 400w, http:\/\/www.haut-pays.be\/wordpress\/wp-content\/uploads\/2025\/02\/jeux-oublies-300x300.jpg 300w, http:\/\/www.haut-pays.be\/wordpress\/wp-content\/uploads\/2025\/02\/jeux-oublies-1024x1024.jpg 1024w, http:\/\/www.haut-pays.be\/wordpress\/wp-content\/uploads\/2025\/02\/jeux-oublies-150x150.jpg 150w, http:\/\/www.haut-pays.be\/wordpress\/wp-content\/uploads\/2025\/02\/jeux-oublies-768x768.jpg 768w, http:\/\/www.haut-pays.be\/wordpress\/wp-content\/uploads\/2025\/02\/jeux-oublies-1536x1536.jpg 1536w, http:\/\/www.haut-pays.be\/wordpress\/wp-content\/uploads\/2025\/02\/jeux-oublies-1x1.jpg 1w\" sizes=\"(max-width: 400px) 100vw, 400px\" \/>\t\t\t\t<\/a>\n\t\t\t<\/div>\n        \n                <div class=\"post-grid-text-wrap\">\n               \t\t\t\t<h3 class=\"title\">\n\t\t\t<a href=\"http:\/\/www.haut-pays.be\/wordpress\/les-jeux-oublies\/\">LES JEUX OUBLI\u00c9S<\/a>\n\t\t<\/h3>\n\t\t\t                \t\t<div class=\"post-grid-excerpt\">\n\t\t\t<p>R. de l&rsquo;\u00c9glise, 23 Montignies-sur-Roc 0474\/95.22.53 Jean-Fran\u00e7ois Colas pr\u00e9sente ses fabrications artisanales.<\/p>\n\t\t<\/div>\n\t\t\t                \t\t<a class=\"read-more-btn\" href=\"http:\/\/www.haut-pays.be\/wordpress\/les-jeux-oublies\/\">Lire la suite \u00bb<\/a>\n\t\t                <\/div>\n\n                \n            <\/div><!-- .blog-inner -->\n           \n        <\/article>\n\n        \n        <article id=\"post-556\" class=\"wpcap-post post-556 post type-post status-publish format-standard has-post-thumbnail hentry category-artisans\">\n         \n            <div class=\"post-grid-inner\">\n            \t\n            \t\t\t\t<div class=\"post-grid-thumbnail\">\n\t\t\t\t<a href=\"http:\/\/www.haut-pays.be\/wordpress\/artistyl-bois\/\">\n\t\t\t\t\t<img loading=\"lazy\" decoding=\"async\" width=\"227\" height=\"400\" src=\"http:\/\/www.haut-pays.be\/wordpress\/wp-content\/uploads\/2025\/02\/zenitude.jpg\" class=\"attachment-full size-full wp-post-image\" alt=\"\" srcset=\"http:\/\/www.haut-pays.be\/wordpress\/wp-content\/uploads\/2025\/02\/zenitude.jpg 227w, http:\/\/www.haut-pays.be\/wordpress\/wp-content\/uploads\/2025\/02\/zenitude-170x300.jpg 170w, http:\/\/www.haut-pays.be\/wordpress\/wp-content\/uploads\/2025\/02\/zenitude-1x2.jpg 1w\" sizes=\"(max-width: 227px) 100vw, 227px\" \/>\t\t\t\t<\/a>\n\t\t\t<\/div>\n        \n                <div class=\"post-grid-text-wrap\">\n               \t\t\t\t<h3 class=\"title\">\n\t\t\t<a href=\"http:\/\/www.haut-pays.be\/wordpress\/artistyl-bois\/\">Zenitude<\/a>\n\t\t<\/h3>\n\t\t\t                \t\t<div class=\"post-grid-excerpt\">\n\t\t\t<p>R. de la Fronti\u00e8re, 88 7370 Blaugies 0471\/40 01 01 Centre de beaut\u00e9. D\u00e9cor oriental et atmosph\u00e8re d\u00e9di\u00e9s \u00e0 la relaxation. Sur rendez-vous<\/p>\n\t\t<\/div>\n\t\t\t                \t\t<a class=\"read-more-btn\" href=\"http:\/\/www.haut-pays.be\/wordpress\/artistyl-bois\/\">Lire la suite \u00bb<\/a>\n\t\t                <\/div>\n\n                \n            <\/div><!-- .blog-inner -->\n           \n        <\/article>\n\n        \n\t\t\t<\/div>\n\t\t<\/div>\n\t\t\t\t\t\t<\/div>\n\t\t\t\t<\/div>\n\t\t\t\t\t<\/div>\n\t\t\t\t<\/div>\n\t\t\t\t<\/div>\n\t\t","protected":false},"excerpt":{"rendered":"<p>ART SCH\u00c9MA R. de la Fronti\u00e8re, 1697370 Blaugies065\/36.57.25Travail du textile. Garnissage de si\u00e8ges. Lire la suite \u00bb Artistyl Bois R. du Roi Albert, 75B7387 Fayt-le-Franc065\/75.95.68Menuiserie &#8211; \u00c9b\u00e9nisterie Lire la suite \u00bb Atelier du Plat Caillou Ruelle du Plat Caillou, 87387 Montignies-sur-roc065\/75.93.71Atelier de poterie et c\u00e9ramiqueVisites sur rendez-vous.www.platcaillou.beplatcaillou@skynet.be Lire la suite \u00bb Atelier du plat Caillou [&hellip;]<\/p>\n","protected":false},"author":2,"featured_media":0,"parent":0,"menu_order":0,"comment_status":"closed","ping_status":"closed","template":"","meta":{"footnotes":""},"class_list":["post-580","page","type-page","status-publish","hentry"],"_links":{"self":[{"href":"http:\/\/www.haut-pays.be\/wordpress\/wp-json\/wp\/v2\/pages\/580","targetHints":{"allow":["GET"]}}],"collection":[{"href":"http:\/\/www.haut-pays.be\/wordpress\/wp-json\/wp\/v2\/pages"}],"about":[{"href":"http:\/\/www.haut-pays.be\/wordpress\/wp-json\/wp\/v2\/types\/page"}],"author":[{"embeddable":true,"href":"http:\/\/www.haut-pays.be\/wordpress\/wp-json\/wp\/v2\/users\/2"}],"replies":[{"embeddable":true,"href":"http:\/\/www.haut-pays.be\/wordpress\/wp-json\/wp\/v2\/comments?post=580"}],"version-history":[{"count":43,"href":"http:\/\/www.haut-pays.be\/wordpress\/wp-json\/wp\/v2\/pages\/580\/revisions"}],"predecessor-version":[{"id":1962,"href":"http:\/\/www.haut-pays.be\/wordpress\/wp-json\/wp\/v2\/pages\/580\/revisions\/1962"}],"wp:attachment":[{"href":"http:\/\/www.haut-pays.be\/wordpress\/wp-json\/wp\/v2\/media?parent=580"}],"curies":[{"name":"wp","href":"https:\/\/api.w.org\/{rel}","templated":true}]}}