{"id":506,"date":"2025-02-16T09:41:44","date_gmt":"2025-02-16T08:41:44","guid":{"rendered":"http:\/\/www.haut-pays.be\/wordpress\/?page_id=506"},"modified":"2025-02-17T08:16:41","modified_gmt":"2025-02-17T07:16:41","slug":"blog-villages","status":"publish","type":"page","link":"http:\/\/www.haut-pays.be\/wordpress\/blog-villages\/","title":{"rendered":"Les villages"},"content":{"rendered":"\t\t<div data-elementor-type=\"wp-page\" data-elementor-id=\"506\" class=\"elementor elementor-506\">\n\t\t\t\t<div class=\"elementor-element elementor-element-da5af68 e-flex e-con-boxed e-con e-parent\" data-id=\"da5af68\" data-element_type=\"container\">\n\t\t\t\t\t<div class=\"e-con-inner\">\n\t\t\t\t<div class=\"elementor-element elementor-element-e87789a elementor-grid-3 elementor-grid-tablet-2 elementor-grid-mobile-1 elementor-widget elementor-widget-elementor-blog-posts\" data-id=\"e87789a\" data-element_type=\"widget\" data-settings=\"{&quot;columns&quot;:&quot;3&quot;,&quot;columns_tablet&quot;:&quot;2&quot;,&quot;columns_mobile&quot;:&quot;1&quot;}\" data-widget_type=\"elementor-blog-posts.default\">\n\t\t\t\t<div class=\"elementor-widget-container\">\n\t\t\t\t\t\t\t<div class=\"wpcap-grid\">\n\t\t\t\t\t\t<div class=\"wpcap-grid-container elementor-grid wpcap-grid-desktop-3 wpcap-grid-tablet-2 wpcap-grid-mobile-1\">\n\n\t\t\t\t\n        <article id=\"post-275\" class=\"wpcap-post post-275 post type-post status-publish format-standard has-post-thumbnail hentry category-villages\">\n         \n            <div class=\"post-grid-inner\">\n            \t\n                \t\t<h3 class=\"title\">\n\t\t\t<a href=\"http:\/\/www.haut-pays.be\/wordpress\/angre\/\">Angre<\/a>\n\t\t<\/h3>\n\t\t                \n                            \t\n                \t\t\t<div class=\"post-grid-thumbnail\">\n\t\t\t\t<a href=\"http:\/\/www.haut-pays.be\/wordpress\/angre\/\">\n\t\t\t\t\t<img fetchpriority=\"high\" decoding=\"async\" width=\"225\" height=\"300\" src=\"http:\/\/www.haut-pays.be\/wordpress\/wp-content\/uploads\/2025\/02\/20-225x300.jpg\" class=\"attachment-medium size-medium wp-post-image\" alt=\"\" srcset=\"http:\/\/www.haut-pays.be\/wordpress\/wp-content\/uploads\/2025\/02\/20-225x300.jpg 225w, http:\/\/www.haut-pays.be\/wordpress\/wp-content\/uploads\/2025\/02\/20-768x1024.jpg 768w, http:\/\/www.haut-pays.be\/wordpress\/wp-content\/uploads\/2025\/02\/20-1152x1536.jpg 1152w, http:\/\/www.haut-pays.be\/wordpress\/wp-content\/uploads\/2025\/02\/20-1536x2048.jpg 1536w, http:\/\/www.haut-pays.be\/wordpress\/wp-content\/uploads\/2025\/02\/20-1x1.jpg 1w, http:\/\/www.haut-pays.be\/wordpress\/wp-content\/uploads\/2025\/02\/20-scaled.jpg 300w\" sizes=\"(max-width: 225px) 100vw, 225px\" \/>\t\t\t\t<\/a>\n\t\t\t<\/div>\n        \n                <div class=\"post-grid-text-wrap\">\n\t                \t\t<div class=\"post-grid-excerpt\">\n\t\t\t<p>Un sobriquet pour chaque famille! A Angre plus qu\u2019ailleurs, et pour le plus grand plaisir de tous, les sobriquets ont la vie dure et la tradition se perp\u00e9tue dans toutes&hellip;<\/p>\n\t\t<\/div>\n\t\t\t                \t\t<a class=\"read-more-btn\" href=\"http:\/\/www.haut-pays.be\/wordpress\/angre\/\">Lire la suite \u00bb<\/a>\n\t\t                <\/div>\n\n            <\/div><!-- .blog-inner -->\n           \n        <\/article>\n\n        \n        <article id=\"post-277\" class=\"wpcap-post post-277 post type-post status-publish format-standard has-post-thumbnail hentry category-villages\">\n         \n            <div class=\"post-grid-inner\">\n            \t\n                \t\t<h3 class=\"title\">\n\t\t\t<a href=\"http:\/\/www.haut-pays.be\/wordpress\/angreau\/\">Angreau<\/a>\n\t\t<\/h3>\n\t\t                \n                            \t\n                \t\t\t<div class=\"post-grid-thumbnail\">\n\t\t\t\t<a href=\"http:\/\/www.haut-pays.be\/wordpress\/angreau\/\">\n\t\t\t\t\t<img decoding=\"async\" width=\"300\" height=\"225\" src=\"http:\/\/www.haut-pays.be\/wordpress\/wp-content\/uploads\/2025\/02\/IMG_4554-300x225.jpg\" class=\"attachment-medium size-medium wp-post-image\" alt=\"\" srcset=\"http:\/\/www.haut-pays.be\/wordpress\/wp-content\/uploads\/2025\/02\/IMG_4554-300x225.jpg 300w, http:\/\/www.haut-pays.be\/wordpress\/wp-content\/uploads\/2025\/02\/IMG_4554-1x1.jpg 1w, http:\/\/www.haut-pays.be\/wordpress\/wp-content\/uploads\/2025\/02\/IMG_4554.jpg 400w\" sizes=\"(max-width: 300px) 100vw, 300px\" \/>\t\t\t\t<\/a>\n\t\t\t<\/div>\n        \n                <div class=\"post-grid-text-wrap\">\n\t                \t\t<div class=\"post-grid-excerpt\">\n\t\t\t<p>Le petit village d\u2019Angreau s&rsquo;est fait conna\u00eetre mondialement gr\u00e2ce \u00e0 son c\u00e9l\u00e8bre MotoCross annuel organis\u00e9 autrefois dans les magnifiques prairies vallonn\u00e9es de la ferme du Seigneur. Cette reconnaissance particuli\u00e8re date&hellip;<\/p>\n\t\t<\/div>\n\t\t\t                \t\t<a class=\"read-more-btn\" href=\"http:\/\/www.haut-pays.be\/wordpress\/angreau\/\">Lire la suite \u00bb<\/a>\n\t\t                <\/div>\n\n            <\/div><!-- .blog-inner -->\n           \n        <\/article>\n\n        \n        <article id=\"post-292\" class=\"wpcap-post post-292 post type-post status-publish format-standard has-post-thumbnail hentry category-villages\">\n         \n            <div class=\"post-grid-inner\">\n            \t\n                \t\t<h3 class=\"title\">\n\t\t\t<a href=\"http:\/\/www.haut-pays.be\/wordpress\/athis\/\">Athis<\/a>\n\t\t<\/h3>\n\t\t                \n                            \t\n                \t\t\t<div class=\"post-grid-thumbnail\">\n\t\t\t\t<a href=\"http:\/\/www.haut-pays.be\/wordpress\/athis\/\">\n\t\t\t\t\t<img decoding=\"async\" width=\"225\" height=\"300\" src=\"http:\/\/www.haut-pays.be\/wordpress\/wp-content\/uploads\/2025\/02\/45-225x300.jpg\" class=\"attachment-medium size-medium wp-post-image\" alt=\"\" srcset=\"http:\/\/www.haut-pays.be\/wordpress\/wp-content\/uploads\/2025\/02\/45-225x300.jpg 225w, http:\/\/www.haut-pays.be\/wordpress\/wp-content\/uploads\/2025\/02\/45-768x1024.jpg 768w, http:\/\/www.haut-pays.be\/wordpress\/wp-content\/uploads\/2025\/02\/45-1152x1536.jpg 1152w, http:\/\/www.haut-pays.be\/wordpress\/wp-content\/uploads\/2025\/02\/45-1536x2048.jpg 1536w, http:\/\/www.haut-pays.be\/wordpress\/wp-content\/uploads\/2025\/02\/45-1x1.jpg 1w, http:\/\/www.haut-pays.be\/wordpress\/wp-content\/uploads\/2025\/02\/45-scaled.jpg 300w\" sizes=\"(max-width: 225px) 100vw, 225px\" \/>\t\t\t\t<\/a>\n\t\t\t<\/div>\n        \n                <div class=\"post-grid-text-wrap\">\n\t                \t\t<div class=\"post-grid-excerpt\">\n\t\t\t<p>La d\u00e9couverte d\u2019Athis commence \u00e0 la lisi\u00e8re du bois de Rampemont par le doux murmure de la chute d\u2019eau du Ventaire sur la Petite Honnelle qui traverse le moulin de&hellip;<\/p>\n\t\t<\/div>\n\t\t\t                \t\t<a class=\"read-more-btn\" href=\"http:\/\/www.haut-pays.be\/wordpress\/athis\/\">Lire la suite \u00bb<\/a>\n\t\t                <\/div>\n\n            <\/div><!-- .blog-inner -->\n           \n        <\/article>\n\n        \n        <article id=\"post-285\" class=\"wpcap-post post-285 post type-post status-publish format-standard has-post-thumbnail hentry category-villages\">\n         \n            <div class=\"post-grid-inner\">\n            \t\n                \t\t<h3 class=\"title\">\n\t\t\t<a href=\"http:\/\/www.haut-pays.be\/wordpress\/audregnies\/\">Audregnies<\/a>\n\t\t<\/h3>\n\t\t                \n                            \t\n                \t\t\t<div class=\"post-grid-thumbnail\">\n\t\t\t\t<a href=\"http:\/\/www.haut-pays.be\/wordpress\/audregnies\/\">\n\t\t\t\t\t<img loading=\"lazy\" decoding=\"async\" width=\"300\" height=\"225\" src=\"http:\/\/www.haut-pays.be\/wordpress\/wp-content\/uploads\/2025\/02\/15-1-300x225.jpg\" class=\"attachment-medium size-medium wp-post-image\" alt=\"\" srcset=\"http:\/\/www.haut-pays.be\/wordpress\/wp-content\/uploads\/2025\/02\/15-1-300x225.jpg 300w, http:\/\/www.haut-pays.be\/wordpress\/wp-content\/uploads\/2025\/02\/15-1-1024x768.jpg 1024w, http:\/\/www.haut-pays.be\/wordpress\/wp-content\/uploads\/2025\/02\/15-1-768x576.jpg 768w, http:\/\/www.haut-pays.be\/wordpress\/wp-content\/uploads\/2025\/02\/15-1-1536x1152.jpg 1536w, http:\/\/www.haut-pays.be\/wordpress\/wp-content\/uploads\/2025\/02\/15-1-2048x1536.jpg 2048w, http:\/\/www.haut-pays.be\/wordpress\/wp-content\/uploads\/2025\/02\/15-1-1x1.jpg 1w, http:\/\/www.haut-pays.be\/wordpress\/wp-content\/uploads\/2025\/02\/15-1-scaled.jpg 400w\" sizes=\"(max-width: 300px) 100vw, 300px\" \/>\t\t\t\t<\/a>\n\t\t\t<\/div>\n        \n                <div class=\"post-grid-text-wrap\">\n\t                \t\t<div class=\"post-grid-excerpt\">\n\t\t\t<p>Pour certains \u00e9tymologistes, Audregnies viendrait d\u2019Androna (carrefour, assembl\u00e9e, station) et serait une h\u00f4tellerie romaine mais pour d\u2019autres, le village trouverait son origine dans le nom d\u2019un ancien roi de Bavay,&hellip;<\/p>\n\t\t<\/div>\n\t\t\t                \t\t<a class=\"read-more-btn\" href=\"http:\/\/www.haut-pays.be\/wordpress\/audregnies\/\">Lire la suite \u00bb<\/a>\n\t\t                <\/div>\n\n            <\/div><!-- .blog-inner -->\n           \n        <\/article>\n\n        \n        <article id=\"post-283\" class=\"wpcap-post post-283 post type-post status-publish format-standard has-post-thumbnail hentry category-villages\">\n         \n            <div class=\"post-grid-inner\">\n            \t\n                \t\t<h3 class=\"title\">\n\t\t\t<a href=\"http:\/\/www.haut-pays.be\/wordpress\/autreppe\/\">Autreppe<\/a>\n\t\t<\/h3>\n\t\t                \n                            \t\n                \t\t\t<div class=\"post-grid-thumbnail\">\n\t\t\t\t<a href=\"http:\/\/www.haut-pays.be\/wordpress\/autreppe\/\">\n\t\t\t\t\t<img loading=\"lazy\" decoding=\"async\" width=\"225\" height=\"300\" src=\"http:\/\/www.haut-pays.be\/wordpress\/wp-content\/uploads\/2025\/02\/25-225x300.jpg\" class=\"attachment-medium size-medium wp-post-image\" alt=\"\" srcset=\"http:\/\/www.haut-pays.be\/wordpress\/wp-content\/uploads\/2025\/02\/25-225x300.jpg 225w, http:\/\/www.haut-pays.be\/wordpress\/wp-content\/uploads\/2025\/02\/25-768x1024.jpg 768w, http:\/\/www.haut-pays.be\/wordpress\/wp-content\/uploads\/2025\/02\/25-1152x1536.jpg 1152w, http:\/\/www.haut-pays.be\/wordpress\/wp-content\/uploads\/2025\/02\/25-1536x2048.jpg 1536w, http:\/\/www.haut-pays.be\/wordpress\/wp-content\/uploads\/2025\/02\/25-1x1.jpg 1w, http:\/\/www.haut-pays.be\/wordpress\/wp-content\/uploads\/2025\/02\/25-scaled.jpg 300w\" sizes=\"(max-width: 225px) 100vw, 225px\" \/>\t\t\t\t<\/a>\n\t\t\t<\/div>\n        \n                <div class=\"post-grid-text-wrap\">\n\t                \t\t<div class=\"post-grid-excerpt\">\n\t\t\t<p>Depuis qu\u2019apr\u00e8s 1977, les services communaux se soient install\u00e9s dans la maison communale et l\u2019ancienne maison de l\u2019instituteur, Autreppe est devenue la \u00abCapitale\u00bb administrative de l\u2019entit\u00e9 de Honnelles.Quelle belle revanche&hellip;<\/p>\n\t\t<\/div>\n\t\t\t                \t\t<a class=\"read-more-btn\" href=\"http:\/\/www.haut-pays.be\/wordpress\/autreppe\/\">Lire la suite \u00bb<\/a>\n\t\t                <\/div>\n\n            <\/div><!-- .blog-inner -->\n           \n        <\/article>\n\n        \n        <article id=\"post-271\" class=\"wpcap-post post-271 post type-post status-publish format-standard has-post-thumbnail hentry category-villages\">\n         \n            <div class=\"post-grid-inner\">\n            \t\n                \t\t<h3 class=\"title\">\n\t\t\t<a href=\"http:\/\/www.haut-pays.be\/wordpress\/baisieux\/\">Baisieux<\/a>\n\t\t<\/h3>\n\t\t                \n                            \t\n                \t\t\t<div class=\"post-grid-thumbnail\">\n\t\t\t\t<a href=\"http:\/\/www.haut-pays.be\/wordpress\/baisieux\/\">\n\t\t\t\t\t<img loading=\"lazy\" decoding=\"async\" width=\"300\" height=\"225\" src=\"http:\/\/www.haut-pays.be\/wordpress\/wp-content\/uploads\/2025\/02\/46-300x225.jpg\" class=\"attachment-medium size-medium wp-post-image\" alt=\"\" srcset=\"http:\/\/www.haut-pays.be\/wordpress\/wp-content\/uploads\/2025\/02\/46-300x225.jpg 300w, http:\/\/www.haut-pays.be\/wordpress\/wp-content\/uploads\/2025\/02\/46-1024x768.jpg 1024w, http:\/\/www.haut-pays.be\/wordpress\/wp-content\/uploads\/2025\/02\/46-768x576.jpg 768w, http:\/\/www.haut-pays.be\/wordpress\/wp-content\/uploads\/2025\/02\/46-1536x1152.jpg 1536w, http:\/\/www.haut-pays.be\/wordpress\/wp-content\/uploads\/2025\/02\/46-2048x1536.jpg 2048w, http:\/\/www.haut-pays.be\/wordpress\/wp-content\/uploads\/2025\/02\/46-1x1.jpg 1w, http:\/\/www.haut-pays.be\/wordpress\/wp-content\/uploads\/2025\/02\/46-scaled.jpg 400w\" sizes=\"(max-width: 300px) 100vw, 300px\" \/>\t\t\t\t<\/a>\n\t\t\t<\/div>\n        \n                <div class=\"post-grid-text-wrap\">\n\t                \t\t<div class=\"post-grid-excerpt\">\n\t\t\t<p>Haut-Pays des deux Honnelles et &#8230; de l\u2019Aunelle Il est assez surprenant que le seul village travers\u00e9 par les deux Honnelles (la Grande et la Petite) se trouve dans l\u2019entit\u00e9&hellip;<\/p>\n\t\t<\/div>\n\t\t\t                \t\t<a class=\"read-more-btn\" href=\"http:\/\/www.haut-pays.be\/wordpress\/baisieux\/\">Lire la suite \u00bb<\/a>\n\t\t                <\/div>\n\n            <\/div><!-- .blog-inner -->\n           \n        <\/article>\n\n        \n        <article id=\"post-297\" class=\"wpcap-post post-297 post type-post status-publish format-standard has-post-thumbnail hentry category-villages\">\n         \n            <div class=\"post-grid-inner\">\n            \t\n                \t\t<h3 class=\"title\">\n\t\t\t<a href=\"http:\/\/www.haut-pays.be\/wordpress\/blaugies\/\">Blaugies<\/a>\n\t\t<\/h3>\n\t\t                \n                            \t\n                \t\t\t<div class=\"post-grid-thumbnail\">\n\t\t\t\t<a href=\"http:\/\/www.haut-pays.be\/wordpress\/blaugies\/\">\n\t\t\t\t\t<img loading=\"lazy\" decoding=\"async\" width=\"300\" height=\"225\" src=\"http:\/\/www.haut-pays.be\/wordpress\/wp-content\/uploads\/2025\/02\/15-300x225.jpg\" class=\"attachment-medium size-medium wp-post-image\" alt=\"\" srcset=\"http:\/\/www.haut-pays.be\/wordpress\/wp-content\/uploads\/2025\/02\/15-300x225.jpg 300w, http:\/\/www.haut-pays.be\/wordpress\/wp-content\/uploads\/2025\/02\/15-1024x768.jpg 1024w, http:\/\/www.haut-pays.be\/wordpress\/wp-content\/uploads\/2025\/02\/15-768x576.jpg 768w, http:\/\/www.haut-pays.be\/wordpress\/wp-content\/uploads\/2025\/02\/15-1536x1152.jpg 1536w, http:\/\/www.haut-pays.be\/wordpress\/wp-content\/uploads\/2025\/02\/15-2048x1536.jpg 2048w, http:\/\/www.haut-pays.be\/wordpress\/wp-content\/uploads\/2025\/02\/15-1x1.jpg 1w, http:\/\/www.haut-pays.be\/wordpress\/wp-content\/uploads\/2025\/02\/15-scaled.jpg 400w\" sizes=\"(max-width: 300px) 100vw, 300px\" \/>\t\t\t\t<\/a>\n\t\t\t<\/div>\n        \n                <div class=\"post-grid-text-wrap\">\n\t                \t\t<div class=\"post-grid-excerpt\">\n\t\t\t<p>Point culminant de la r\u00e9gion (146 m\u00e8tres), Blaugies a une histoire assez riche. Quelques antiquit\u00e9s romaines et franques ont m\u00eame \u00e9t\u00e9 retrouv\u00e9es sur son territoire.En 1110, l\u2019\u00e9glise de Blaugies qui&hellip;<\/p>\n\t\t<\/div>\n\t\t\t                \t\t<a class=\"read-more-btn\" href=\"http:\/\/www.haut-pays.be\/wordpress\/blaugies\/\">Lire la suite \u00bb<\/a>\n\t\t                <\/div>\n\n            <\/div><!-- .blog-inner -->\n           \n        <\/article>\n\n        \n        <article id=\"post-308\" class=\"wpcap-post post-308 post type-post status-publish format-standard has-post-thumbnail hentry category-villages\">\n         \n            <div class=\"post-grid-inner\">\n            \t\n                \t\t<h3 class=\"title\">\n\t\t\t<a href=\"http:\/\/www.haut-pays.be\/wordpress\/caillou-qui-bique\/\">Caillou qui bique<\/a>\n\t\t<\/h3>\n\t\t                \n                            \t\n                \t\t\t<div class=\"post-grid-thumbnail\">\n\t\t\t\t<a href=\"http:\/\/www.haut-pays.be\/wordpress\/caillou-qui-bique\/\">\n\t\t\t\t\t<img loading=\"lazy\" decoding=\"async\" width=\"225\" height=\"300\" src=\"http:\/\/www.haut-pays.be\/wordpress\/wp-content\/uploads\/2025\/02\/IMG_8449-225x300.jpeg\" class=\"attachment-medium size-medium wp-post-image\" alt=\"\" srcset=\"http:\/\/www.haut-pays.be\/wordpress\/wp-content\/uploads\/2025\/02\/IMG_8449-225x300.jpeg 225w, http:\/\/www.haut-pays.be\/wordpress\/wp-content\/uploads\/2025\/02\/IMG_8449-scaled.jpeg 300w\" sizes=\"(max-width: 225px) 100vw, 225px\" \/>\t\t\t\t<\/a>\n\t\t\t<\/div>\n        \n                <div class=\"post-grid-text-wrap\">\n\t                \t\t<div class=\"post-grid-excerpt\">\n\t\t\t<p>Ce poudingue (s\u00e9diment de roches dures) vieux de 370 millions d\u2019ann\u00e9es et d\u2019environ 25 m\u00e8tres d\u2019\u00e9l\u00e9vation ressemble assez \u00e9trangement \u00e0 un profil humain et a, depuis toujours, \u00e9t\u00e9 l\u2019embl\u00e8me du&hellip;<\/p>\n\t\t<\/div>\n\t\t\t                \t\t<a class=\"read-more-btn\" href=\"http:\/\/www.haut-pays.be\/wordpress\/caillou-qui-bique\/\">Lire la suite \u00bb<\/a>\n\t\t                <\/div>\n\n            <\/div><!-- .blog-inner -->\n           \n        <\/article>\n\n        \n        <article id=\"post-294\" class=\"wpcap-post post-294 post type-post status-publish format-standard has-post-thumbnail hentry category-villages\">\n         \n            <div class=\"post-grid-inner\">\n            \t\n                \t\t<h3 class=\"title\">\n\t\t\t<a href=\"http:\/\/www.haut-pays.be\/wordpress\/erquennes\/\">Erquennes<\/a>\n\t\t<\/h3>\n\t\t                \n                            \t\n                \t\t\t<div class=\"post-grid-thumbnail\">\n\t\t\t\t<a href=\"http:\/\/www.haut-pays.be\/wordpress\/erquennes\/\">\n\t\t\t\t\t<img loading=\"lazy\" decoding=\"async\" width=\"300\" height=\"225\" src=\"http:\/\/www.haut-pays.be\/wordpress\/wp-content\/uploads\/2025\/02\/29-300x225.jpg\" class=\"attachment-medium size-medium wp-post-image\" alt=\"\" srcset=\"http:\/\/www.haut-pays.be\/wordpress\/wp-content\/uploads\/2025\/02\/29-300x225.jpg 300w, http:\/\/www.haut-pays.be\/wordpress\/wp-content\/uploads\/2025\/02\/29-1024x768.jpg 1024w, http:\/\/www.haut-pays.be\/wordpress\/wp-content\/uploads\/2025\/02\/29-768x576.jpg 768w, http:\/\/www.haut-pays.be\/wordpress\/wp-content\/uploads\/2025\/02\/29-1536x1152.jpg 1536w, http:\/\/www.haut-pays.be\/wordpress\/wp-content\/uploads\/2025\/02\/29-2048x1536.jpg 2048w, http:\/\/www.haut-pays.be\/wordpress\/wp-content\/uploads\/2025\/02\/29-1x1.jpg 1w, http:\/\/www.haut-pays.be\/wordpress\/wp-content\/uploads\/2025\/02\/29-scaled.jpg 400w\" sizes=\"(max-width: 300px) 100vw, 300px\" \/>\t\t\t\t<\/a>\n\t\t\t<\/div>\n        \n                <div class=\"post-grid-text-wrap\">\n\t                \t\t<div class=\"post-grid-excerpt\">\n\t\t\t<p>Situ\u00e9 \u00e0 l\u2019extr\u00e9mit\u00e9 orientale de Honnelles, village agricole par excellence, Erquennes comptait autrefois deux seigneuries dont l\u2019une appartenait \u00e0 l\u2019abbaye de Saint-Ghislain et l\u2019autre qui passa successivement aux familles de&hellip;<\/p>\n\t\t<\/div>\n\t\t\t                \t\t<a class=\"read-more-btn\" href=\"http:\/\/www.haut-pays.be\/wordpress\/erquennes\/\">Lire la suite \u00bb<\/a>\n\t\t                <\/div>\n\n            <\/div><!-- .blog-inner -->\n           \n        <\/article>\n\n        \n        <article id=\"post-289\" class=\"wpcap-post post-289 post type-post status-publish format-standard has-post-thumbnail hentry category-villages\">\n         \n            <div class=\"post-grid-inner\">\n            \t\n                \t\t<h3 class=\"title\">\n\t\t\t<a href=\"http:\/\/www.haut-pays.be\/wordpress\/fayt-le-franc\/\">Fayt-le-Franc<\/a>\n\t\t<\/h3>\n\t\t                \n                            \t\n                \t\t\t<div class=\"post-grid-thumbnail\">\n\t\t\t\t<a href=\"http:\/\/www.haut-pays.be\/wordpress\/fayt-le-franc\/\">\n\t\t\t\t\t<img loading=\"lazy\" decoding=\"async\" width=\"300\" height=\"225\" src=\"http:\/\/www.haut-pays.be\/wordpress\/wp-content\/uploads\/2025\/02\/54-300x225.jpg\" class=\"attachment-medium size-medium wp-post-image\" alt=\"\" srcset=\"http:\/\/www.haut-pays.be\/wordpress\/wp-content\/uploads\/2025\/02\/54-300x225.jpg 300w, http:\/\/www.haut-pays.be\/wordpress\/wp-content\/uploads\/2025\/02\/54-1024x768.jpg 1024w, http:\/\/www.haut-pays.be\/wordpress\/wp-content\/uploads\/2025\/02\/54-768x576.jpg 768w, http:\/\/www.haut-pays.be\/wordpress\/wp-content\/uploads\/2025\/02\/54-1536x1152.jpg 1536w, http:\/\/www.haut-pays.be\/wordpress\/wp-content\/uploads\/2025\/02\/54-2048x1536.jpg 2048w, http:\/\/www.haut-pays.be\/wordpress\/wp-content\/uploads\/2025\/02\/54-1x1.jpg 1w, http:\/\/www.haut-pays.be\/wordpress\/wp-content\/uploads\/2025\/02\/54-scaled.jpg 400w\" sizes=\"(max-width: 300px) 100vw, 300px\" \/>\t\t\t\t<\/a>\n\t\t\t<\/div>\n        \n                <div class=\"post-grid-text-wrap\">\n\t                \t\t<div class=\"post-grid-excerpt\">\n\t\t\t<p>L\u2019\u00e9tymologie du nom de ce village \u00e0 la fois vallonn\u00e9 et de fin de plateau couvrant pr\u00e8s de 300 hectares vient du latin \u00abfagetum\u00bb c\u2019est-\u00e0-dire \u00ablieu plant\u00e9 de h\u00eatre\u00bb et&hellip;<\/p>\n\t\t<\/div>\n\t\t\t                \t\t<a class=\"read-more-btn\" href=\"http:\/\/www.haut-pays.be\/wordpress\/fayt-le-franc\/\">Lire la suite \u00bb<\/a>\n\t\t                <\/div>\n\n            <\/div><!-- .blog-inner -->\n           \n        <\/article>\n\n        \n        <article id=\"post-273\" class=\"wpcap-post post-273 post type-post status-publish format-standard has-post-thumbnail hentry category-villages\">\n         \n            <div class=\"post-grid-inner\">\n            \t\n                \t\t<h3 class=\"title\">\n\t\t\t<a href=\"http:\/\/www.haut-pays.be\/wordpress\/marchipont\/\">Marchipont<\/a>\n\t\t<\/h3>\n\t\t                \n                            \t\n                \t\t\t<div class=\"post-grid-thumbnail\">\n\t\t\t\t<a href=\"http:\/\/www.haut-pays.be\/wordpress\/marchipont\/\">\n\t\t\t\t\t<img loading=\"lazy\" decoding=\"async\" width=\"300\" height=\"225\" src=\"http:\/\/www.haut-pays.be\/wordpress\/wp-content\/uploads\/2025\/02\/48-300x225.jpg\" class=\"attachment-medium size-medium wp-post-image\" alt=\"\" srcset=\"http:\/\/www.haut-pays.be\/wordpress\/wp-content\/uploads\/2025\/02\/48-300x225.jpg 300w, http:\/\/www.haut-pays.be\/wordpress\/wp-content\/uploads\/2025\/02\/48-1024x768.jpg 1024w, http:\/\/www.haut-pays.be\/wordpress\/wp-content\/uploads\/2025\/02\/48-768x576.jpg 768w, http:\/\/www.haut-pays.be\/wordpress\/wp-content\/uploads\/2025\/02\/48-1536x1152.jpg 1536w, http:\/\/www.haut-pays.be\/wordpress\/wp-content\/uploads\/2025\/02\/48-2048x1536.jpg 2048w, http:\/\/www.haut-pays.be\/wordpress\/wp-content\/uploads\/2025\/02\/48-1x1.jpg 1w, http:\/\/www.haut-pays.be\/wordpress\/wp-content\/uploads\/2025\/02\/48-scaled.jpg 400w\" sizes=\"(max-width: 300px) 100vw, 300px\" \/>\t\t\t\t<\/a>\n\t\t\t<\/div>\n        \n                <div class=\"post-grid-text-wrap\">\n\t                \t\t<div class=\"post-grid-excerpt\">\n\t\t\t<p>\u00abLe pont de la marche\u00bb Un des plus petits villages de Belgique (une cinquantaine d\u2019habitants) Sur le chemin de Saint-Jacques de Compostelle Tour \u00e0 tour bourguignon, espagnol puis autrichien, le&hellip;<\/p>\n\t\t<\/div>\n\t\t\t                \t\t<a class=\"read-more-btn\" href=\"http:\/\/www.haut-pays.be\/wordpress\/marchipont\/\">Lire la suite \u00bb<\/a>\n\t\t                <\/div>\n\n            <\/div><!-- .blog-inner -->\n           \n        <\/article>\n\n        \n        <article id=\"post-287\" class=\"wpcap-post post-287 post type-post status-publish format-standard has-post-thumbnail hentry category-villages\">\n         \n            <div class=\"post-grid-inner\">\n            \t\n                \t\t<h3 class=\"title\">\n\t\t\t<a href=\"http:\/\/www.haut-pays.be\/wordpress\/montignies-sur-roc\/\">Montignies-sur-Roc<\/a>\n\t\t<\/h3>\n\t\t                \n                            \t\n                \t\t\t<div class=\"post-grid-thumbnail\">\n\t\t\t\t<a href=\"http:\/\/www.haut-pays.be\/wordpress\/montignies-sur-roc\/\">\n\t\t\t\t\t<img loading=\"lazy\" decoding=\"async\" width=\"300\" height=\"225\" src=\"http:\/\/www.haut-pays.be\/wordpress\/wp-content\/uploads\/2025\/02\/34-300x225.jpg\" class=\"attachment-medium size-medium wp-post-image\" alt=\"\" srcset=\"http:\/\/www.haut-pays.be\/wordpress\/wp-content\/uploads\/2025\/02\/34-300x225.jpg 300w, http:\/\/www.haut-pays.be\/wordpress\/wp-content\/uploads\/2025\/02\/34-1024x768.jpg 1024w, http:\/\/www.haut-pays.be\/wordpress\/wp-content\/uploads\/2025\/02\/34-768x576.jpg 768w, http:\/\/www.haut-pays.be\/wordpress\/wp-content\/uploads\/2025\/02\/34-1536x1152.jpg 1536w, http:\/\/www.haut-pays.be\/wordpress\/wp-content\/uploads\/2025\/02\/34-2048x1536.jpg 2048w, http:\/\/www.haut-pays.be\/wordpress\/wp-content\/uploads\/2025\/02\/34-1x1.jpg 1w, http:\/\/www.haut-pays.be\/wordpress\/wp-content\/uploads\/2025\/02\/34-scaled.jpg 400w\" sizes=\"(max-width: 300px) 100vw, 300px\" \/>\t\t\t\t<\/a>\n\t\t\t<\/div>\n        \n                <div class=\"post-grid-text-wrap\">\n\t                \t\t<div class=\"post-grid-excerpt\">\n\t\t\t<p>Dans le centre du village, vous pourrez trouver un logement pour les s\u00e9jours en groupes, au Centre de Rencontres qui anime en permanence la vie du bourg. La brocante annuelle&hellip;<\/p>\n\t\t<\/div>\n\t\t\t                \t\t<a class=\"read-more-btn\" href=\"http:\/\/www.haut-pays.be\/wordpress\/montignies-sur-roc\/\">Lire la suite \u00bb<\/a>\n\t\t                <\/div>\n\n            <\/div><!-- .blog-inner -->\n           \n        <\/article>\n\n        \n        <article id=\"post-331\" class=\"wpcap-post post-331 post type-post status-publish format-standard has-post-thumbnail hentry category-villages\">\n         \n            <div class=\"post-grid-inner\">\n            \t\n                \t\t<h3 class=\"title\">\n\t\t\t<a href=\"http:\/\/www.haut-pays.be\/wordpress\/onnezies\/\">Onnezies<\/a>\n\t\t<\/h3>\n\t\t                \n                            \t\n                \t\t\t<div class=\"post-grid-thumbnail\">\n\t\t\t\t<a href=\"http:\/\/www.haut-pays.be\/wordpress\/onnezies\/\">\n\t\t\t\t\t<img loading=\"lazy\" decoding=\"async\" width=\"225\" height=\"300\" src=\"http:\/\/www.haut-pays.be\/wordpress\/wp-content\/uploads\/2025\/02\/58-225x300.jpg\" class=\"attachment-medium size-medium wp-post-image\" alt=\"\" srcset=\"http:\/\/www.haut-pays.be\/wordpress\/wp-content\/uploads\/2025\/02\/58-225x300.jpg 225w, http:\/\/www.haut-pays.be\/wordpress\/wp-content\/uploads\/2025\/02\/58-768x1024.jpg 768w, http:\/\/www.haut-pays.be\/wordpress\/wp-content\/uploads\/2025\/02\/58-1152x1536.jpg 1152w, http:\/\/www.haut-pays.be\/wordpress\/wp-content\/uploads\/2025\/02\/58-1536x2048.jpg 1536w, http:\/\/www.haut-pays.be\/wordpress\/wp-content\/uploads\/2025\/02\/58-1x1.jpg 1w, http:\/\/www.haut-pays.be\/wordpress\/wp-content\/uploads\/2025\/02\/58-scaled.jpg 300w\" sizes=\"(max-width: 225px) 100vw, 225px\" \/>\t\t\t\t<\/a>\n\t\t\t<\/div>\n        \n                <div class=\"post-grid-text-wrap\">\n\t                \t\t<div class=\"post-grid-excerpt\">\n\t\t\t<p>Onnezies, Pays des Leus&#8230; Except\u00e9 ses hameaux de la gare d\u2019Angre, du Moulin d\u2019Angre, de \u00abBruy\u00e8re\u00bb et quelques maisons agglom\u00e9r\u00e9es au village d\u2019Angre, le centre d\u2019Onnezies peut faire l\u2019objet d\u2019une&hellip;<\/p>\n\t\t<\/div>\n\t\t\t                \t\t<a class=\"read-more-btn\" href=\"http:\/\/www.haut-pays.be\/wordpress\/onnezies\/\">Lire la suite \u00bb<\/a>\n\t\t                <\/div>\n\n            <\/div><!-- .blog-inner -->\n           \n        <\/article>\n\n        \n        <article id=\"post-299\" class=\"wpcap-post post-299 post type-post status-publish format-standard has-post-thumbnail hentry category-villages\">\n         \n            <div class=\"post-grid-inner\">\n            \t\n                \t\t<h3 class=\"title\">\n\t\t\t<a href=\"http:\/\/www.haut-pays.be\/wordpress\/petit-dour\/\">Petit-Dour<\/a>\n\t\t<\/h3>\n\t\t                \n                            \t\n                \t\t\t<div class=\"post-grid-thumbnail\">\n\t\t\t\t<a href=\"http:\/\/www.haut-pays.be\/wordpress\/petit-dour\/\">\n\t\t\t\t\t<img loading=\"lazy\" decoding=\"async\" width=\"225\" height=\"300\" src=\"http:\/\/www.haut-pays.be\/wordpress\/wp-content\/uploads\/2025\/02\/59-225x300.jpg\" class=\"attachment-medium size-medium wp-post-image\" alt=\"\" srcset=\"http:\/\/www.haut-pays.be\/wordpress\/wp-content\/uploads\/2025\/02\/59-225x300.jpg 225w, http:\/\/www.haut-pays.be\/wordpress\/wp-content\/uploads\/2025\/02\/59-768x1024.jpg 768w, http:\/\/www.haut-pays.be\/wordpress\/wp-content\/uploads\/2025\/02\/59-1152x1536.jpg 1152w, http:\/\/www.haut-pays.be\/wordpress\/wp-content\/uploads\/2025\/02\/59-1536x2048.jpg 1536w, http:\/\/www.haut-pays.be\/wordpress\/wp-content\/uploads\/2025\/02\/59-1x1.jpg 1w, http:\/\/www.haut-pays.be\/wordpress\/wp-content\/uploads\/2025\/02\/59-scaled.jpg 300w\" sizes=\"(max-width: 225px) 100vw, 225px\" \/>\t\t\t\t<\/a>\n\t\t\t<\/div>\n        \n                <div class=\"post-grid-text-wrap\">\n\t                \t\t<div class=\"post-grid-excerpt\">\n\t\t\t<p>L\u2019origine de Petit-Dour est li\u00e9e \u00e0 celle de Dour dont il est un important hameau. En 1871 d\u00e9j\u00e0, les 800 habitants revendiquent, dans une p\u00e9tition adress\u00e9e \u00e0 l\u2019Administration Communale de&hellip;<\/p>\n\t\t<\/div>\n\t\t\t                \t\t<a class=\"read-more-btn\" href=\"http:\/\/www.haut-pays.be\/wordpress\/petit-dour\/\">Lire la suite \u00bb<\/a>\n\t\t                <\/div>\n\n            <\/div><!-- .blog-inner -->\n           \n        <\/article>\n\n        \n        <article id=\"post-281\" class=\"wpcap-post post-281 post type-post status-publish format-standard has-post-thumbnail hentry category-villages\">\n         \n            <div class=\"post-grid-inner\">\n            \t\n                \t\t<h3 class=\"title\">\n\t\t\t<a href=\"http:\/\/www.haut-pays.be\/wordpress\/roisin-et-meaurain\/\">Roisin et Meaurain<\/a>\n\t\t<\/h3>\n\t\t                \n                            \t\n                \t\t\t<div class=\"post-grid-thumbnail\">\n\t\t\t\t<a href=\"http:\/\/www.haut-pays.be\/wordpress\/roisin-et-meaurain\/\">\n\t\t\t\t\t<img loading=\"lazy\" decoding=\"async\" width=\"225\" height=\"300\" src=\"http:\/\/www.haut-pays.be\/wordpress\/wp-content\/uploads\/2025\/02\/28-225x300.jpg\" class=\"attachment-medium size-medium wp-post-image\" alt=\"\" srcset=\"http:\/\/www.haut-pays.be\/wordpress\/wp-content\/uploads\/2025\/02\/28-225x300.jpg 225w, http:\/\/www.haut-pays.be\/wordpress\/wp-content\/uploads\/2025\/02\/28-768x1024.jpg 768w, http:\/\/www.haut-pays.be\/wordpress\/wp-content\/uploads\/2025\/02\/28-1152x1536.jpg 1152w, http:\/\/www.haut-pays.be\/wordpress\/wp-content\/uploads\/2025\/02\/28-1536x2048.jpg 1536w, http:\/\/www.haut-pays.be\/wordpress\/wp-content\/uploads\/2025\/02\/28-1x1.jpg 1w, http:\/\/www.haut-pays.be\/wordpress\/wp-content\/uploads\/2025\/02\/28-scaled.jpg 300w\" sizes=\"(max-width: 225px) 100vw, 225px\" \/>\t\t\t\t<\/a>\n\t\t\t<\/div>\n        \n                <div class=\"post-grid-text-wrap\">\n\t                \t\t<div class=\"post-grid-excerpt\">\n\t\t\t<p>Avec ses 1200 habitants pour autant d\u2019hectares de superficie, Roisin (et Meaurain, son grand hameau) repr\u00e9sentent la part la plus importante de l\u2019entit\u00e9 de Honnelles. Et pourtant, jusqu\u2019au XII\u00e8 si\u00e8cle,&hellip;<\/p>\n\t\t<\/div>\n\t\t\t                \t\t<a class=\"read-more-btn\" href=\"http:\/\/www.haut-pays.be\/wordpress\/roisin-et-meaurain\/\">Lire la suite \u00bb<\/a>\n\t\t                <\/div>\n\n            <\/div><!-- .blog-inner -->\n           \n        <\/article>\n\n        \n\t\t\t<\/div>\n\t\t<\/div>\n\t\t\t\t\t\t<\/div>\n\t\t\t\t<\/div>\n\t\t\t\t\t<\/div>\n\t\t\t\t<\/div>\n\t\t\t\t<\/div>\n\t\t","protected":false},"excerpt":{"rendered":"<p>Angre Un sobriquet pour chaque famille! A Angre plus qu\u2019ailleurs, et pour le plus grand plaisir de tous, les sobriquets ont la vie dure et la tradition se perp\u00e9tue dans toutes les familles du village, m\u00eame chez les jeunes. C\u2019est ainsi que Cafou, Mouffi, Chouda, Brigot, et bien d\u2019autres organisent la traditionnelle ducasse du village, [&hellip;]<\/p>\n","protected":false},"author":2,"featured_media":0,"parent":0,"menu_order":0,"comment_status":"closed","ping_status":"closed","template":"","meta":{"footnotes":""},"class_list":["post-506","page","type-page","status-publish","hentry"],"_links":{"self":[{"href":"http:\/\/www.haut-pays.be\/wordpress\/wp-json\/wp\/v2\/pages\/506","targetHints":{"allow":["GET"]}}],"collection":[{"href":"http:\/\/www.haut-pays.be\/wordpress\/wp-json\/wp\/v2\/pages"}],"about":[{"href":"http:\/\/www.haut-pays.be\/wordpress\/wp-json\/wp\/v2\/types\/page"}],"author":[{"embeddable":true,"href":"http:\/\/www.haut-pays.be\/wordpress\/wp-json\/wp\/v2\/users\/2"}],"replies":[{"embeddable":true,"href":"http:\/\/www.haut-pays.be\/wordpress\/wp-json\/wp\/v2\/comments?post=506"}],"version-history":[{"count":17,"href":"http:\/\/www.haut-pays.be\/wordpress\/wp-json\/wp\/v2\/pages\/506\/revisions"}],"predecessor-version":[{"id":750,"href":"http:\/\/www.haut-pays.be\/wordpress\/wp-json\/wp\/v2\/pages\/506\/revisions\/750"}],"wp:attachment":[{"href":"http:\/\/www.haut-pays.be\/wordpress\/wp-json\/wp\/v2\/media?parent=506"}],"curies":[{"name":"wp","href":"https:\/\/api.w.org\/{rel}","templated":true}]}}