{"id":206,"date":"2025-02-15T09:57:22","date_gmt":"2025-02-15T08:57:22","guid":{"rendered":"http:\/\/www.haut-pays.be\/wordpress\/?page_id=206"},"modified":"2025-02-23T17:56:58","modified_gmt":"2025-02-23T16:56:58","slug":"agenda-culture","status":"publish","type":"page","link":"http:\/\/www.haut-pays.be\/wordpress\/agenda-culture\/","title":{"rendered":"Agenda &#8211; Culture"},"content":{"rendered":"\t\t<div data-elementor-type=\"wp-page\" data-elementor-id=\"206\" class=\"elementor elementor-206\">\n\t\t\t\t<div class=\"elementor-element elementor-element-e8d57d4 e-flex e-con-boxed e-con e-parent\" data-id=\"e8d57d4\" data-element_type=\"container\">\n\t\t\t\t\t<div class=\"e-con-inner\">\n\t\t\t\t<div class=\"elementor-element elementor-element-d3263c7 elementor-widget elementor-widget-wp-widget-em_widget\" data-id=\"d3263c7\" data-element_type=\"widget\" data-widget_type=\"wp-widget-em_widget.default\">\n\t\t\t\t<div class=\"elementor-widget-container\">\n\t\t\t\t\t<div class=\"em em-list-widget em-events-widget\"><div class=\"em-item em-event\" style=\"--default-border:#80b538;\">\r\n\r\n\t<div class=\"em-item-image \" style=\"max-width:120px\">\r\n\r\n9 Ao\u00fbt 2026\r\n\t\t\r\n\t\t<img decoding=\"async\" width=\"120\" height=\"120\" src=\"http:\/\/www.haut-pays.be\/wordpress\/wp-content\/uploads\/2026\/03\/tac-2026-150x150.jpeg\" class=\"attachment-120x120 size-120x120 wp-post-image\" alt=\"Le \u00ab Th\u00e9\u00e2tre au Ch\u00e2teau \u00bb revient en terres honnelloises en 2026!\" srcset=\"http:\/\/www.haut-pays.be\/wordpress\/wp-content\/uploads\/2026\/03\/tac-2026-150x150.jpeg 150w, http:\/\/www.haut-pays.be\/wordpress\/wp-content\/uploads\/2026\/03\/tac-2026-1x1.jpeg 1w\" sizes=\"(max-width: 120px) 100vw, 120px\" \/>\r\n\t\t\r\n\t<\/div>\r\n\r\n\t<div class=\"em-item-info\">\r\n\t\t<div class=\"em-item-name\"><a href=\"http:\/\/www.haut-pays.be\/wordpress\/events\/le-theatre-au-chateau-revient-en-terres-honnelloises-en-2026\/\">Le \u00ab Th\u00e9\u00e2tre au Ch\u00e2teau \u00bb revient en terres honnelloises en 2026!<\/a><\/div>\r\n\t\t<div class=\"em-item-meta\">\r\n\t\t\t<div class=\"em-item-meta-line em-event-date em-event-meta-datetime\">\r\n\t\t\t\t<span class=\"em-icon em-icon-calendar\"><\/span>\r\n\t\t\t\t<span>dimanche 09\/08\/2026\r\n                                <br \/>20h00 \u00e0 22h00\r\n                                <\/span>\r\n\t\t\t<\/div>\r\n\t\t\t<div class=\"em-item-meta-line em-event-location em-event-meta-location\">\r\n\t\t\t\t<span class=\"em-icon em-icon-location\"><\/span>\r\n\t\t\t\t<span>Montignies-sur-Roc &#8211; Place<\/span>\r\n\t\t\t<\/div>\r\n\t\t<\/div>\r\n\t<\/div>\r\n<\/div>\r\n<hr \/><div class=\"em-item em-event\" style=\"--default-border:#80b538;\">\r\n\r\n\t<div class=\"em-item-image \" style=\"max-width:120px\">\r\n\r\n5 Sep 2026\r\n\t\t\r\n\t<\/div>\r\n\r\n\t<div class=\"em-item-info\">\r\n\t\t<div class=\"em-item-name\"><a href=\"http:\/\/www.haut-pays.be\/wordpress\/events\/festival-des-arts-de-la-rue-le-leu-festival\/\">Festival des arts de la rue \u00ab Le Leu Festival \u00bb<\/a><\/div>\r\n\t\t<div class=\"em-item-meta\">\r\n\t\t\t<div class=\"em-item-meta-line em-event-date em-event-meta-datetime\">\r\n\t\t\t\t<span class=\"em-icon em-icon-calendar\"><\/span>\r\n\t\t\t\t<span>samedi 05\/09\/2026 au 06\/09\/2026\r\n                                <br \/>0h00\r\n                                <\/span>\r\n\t\t\t<\/div>\r\n\t\t\t<div class=\"em-item-meta-line em-event-location em-event-meta-location\">\r\n\t\t\t\t<span class=\"em-icon em-icon-location\"><\/span>\r\n\t\t\t\t<span>Onnezies<\/span>\r\n\t\t\t<\/div>\r\n\t\t<\/div>\r\n\t<\/div>\r\n<\/div>\r\n<hr \/><div class=\"em-item em-event\" style=\"--default-border:#80b538;\">\r\n\r\n\t<div class=\"em-item-image \" style=\"max-width:120px\">\r\n\r\n12 Sep 2026\r\n\t\t\r\n\t<\/div>\r\n\r\n\t<div class=\"em-item-info\">\r\n\t\t<div class=\"em-item-name\"><a href=\"http:\/\/www.haut-pays.be\/wordpress\/events\/journees-du-patrimoine\/\">Journ\u00e9es du Patrimoine<\/a><\/div>\r\n\t\t<div class=\"em-item-meta\">\r\n\t\t\t<div class=\"em-item-meta-line em-event-date em-event-meta-datetime\">\r\n\t\t\t\t<span class=\"em-icon em-icon-calendar\"><\/span>\r\n\t\t\t\t<span>samedi 12\/09\/2026 au 13\/09\/2026\r\n                                <br \/>0h00\r\n                                <\/span>\r\n\t\t\t<\/div>\r\n\t\t\t<div class=\"em-item-meta-line em-event-location em-event-meta-location\">\r\n\t\t\t\t<span class=\"em-icon em-icon-location\"><\/span>\r\n\t\t\t\t<span><\/span>\r\n\t\t\t<\/div>\r\n\t\t<\/div>\r\n\t<\/div>\r\n<\/div>\r\n<hr \/><\/div>\t\t\t\t<\/div>\n\t\t\t\t<\/div>\n\t\t\t\t\t<\/div>\n\t\t\t\t<\/div>\n\t\t\t\t<\/div>\n\t\t","protected":false},"excerpt":{"rendered":"","protected":false},"author":2,"featured_media":0,"parent":0,"menu_order":0,"comment_status":"closed","ping_status":"closed","template":"","meta":{"footnotes":""},"class_list":["post-206","page","type-page","status-publish","hentry"],"_links":{"self":[{"href":"http:\/\/www.haut-pays.be\/wordpress\/wp-json\/wp\/v2\/pages\/206","targetHints":{"allow":["GET"]}}],"collection":[{"href":"http:\/\/www.haut-pays.be\/wordpress\/wp-json\/wp\/v2\/pages"}],"about":[{"href":"http:\/\/www.haut-pays.be\/wordpress\/wp-json\/wp\/v2\/types\/page"}],"author":[{"embeddable":true,"href":"http:\/\/www.haut-pays.be\/wordpress\/wp-json\/wp\/v2\/users\/2"}],"replies":[{"embeddable":true,"href":"http:\/\/www.haut-pays.be\/wordpress\/wp-json\/wp\/v2\/comments?post=206"}],"version-history":[{"count":21,"href":"http:\/\/www.haut-pays.be\/wordpress\/wp-json\/wp\/v2\/pages\/206\/revisions"}],"predecessor-version":[{"id":1201,"href":"http:\/\/www.haut-pays.be\/wordpress\/wp-json\/wp\/v2\/pages\/206\/revisions\/1201"}],"wp:attachment":[{"href":"http:\/\/www.haut-pays.be\/wordpress\/wp-json\/wp\/v2\/media?parent=206"}],"curies":[{"name":"wp","href":"https:\/\/api.w.org\/{rel}","templated":true}]}}