{"id":1371,"date":"2025-03-13T11:48:15","date_gmt":"2025-03-13T10:48:15","guid":{"rendered":"http:\/\/www.haut-pays.be\/wordpress\/?page_id=1371"},"modified":"2025-03-13T12:01:47","modified_gmt":"2025-03-13T11:01:47","slug":"archives-de-toutes-les-actualites","status":"publish","type":"page","link":"http:\/\/www.haut-pays.be\/wordpress\/archives-de-toutes-les-actualites\/","title":{"rendered":"Archives de toutes les actualit\u00e9s"},"content":{"rendered":"\t\t<div data-elementor-type=\"wp-page\" data-elementor-id=\"1371\" class=\"elementor elementor-1371\">\n\t\t\t\t<div class=\"elementor-element elementor-element-39b2b7e e-flex e-con-boxed e-con e-parent\" data-id=\"39b2b7e\" data-element_type=\"container\">\n\t\t\t\t\t<div class=\"e-con-inner\">\n\t\t\t\t<div class=\"elementor-element elementor-element-9b3cab8 elementor-grid-3 elementor-grid-tablet-2 elementor-grid-mobile-1 elementor-widget elementor-widget-elementor-blog-posts\" data-id=\"9b3cab8\" data-element_type=\"widget\" data-settings=\"{&quot;columns&quot;:&quot;3&quot;,&quot;columns_tablet&quot;:&quot;2&quot;,&quot;columns_mobile&quot;:&quot;1&quot;}\" data-widget_type=\"elementor-blog-posts.default\">\n\t\t\t\t<div class=\"elementor-widget-container\">\n\t\t\t\t\t\t\t<div class=\"wpcap-grid\">\n\t\t\t\t\t\t<div class=\"wpcap-grid-container elementor-grid wpcap-grid-desktop-3 wpcap-grid-tablet-2 wpcap-grid-mobile-1\">\n\n\t\t\t\t\n        <article id=\"post-2096\" class=\"wpcap-post post-2096 post type-post status-publish format-standard has-post-thumbnail hentry category-actualites\">\n         \n            <div class=\"post-grid-inner\">\n            \t\n            \t\t\t\t<div class=\"post-grid-thumbnail\">\n\t\t\t\t<a href=\"http:\/\/www.haut-pays.be\/wordpress\/bienvenue-a-la-bergerie-de-leonie\/\">\n\t\t\t\t\t<img fetchpriority=\"high\" decoding=\"async\" width=\"400\" height=\"266\" src=\"http:\/\/www.haut-pays.be\/wordpress\/wp-content\/uploads\/2026\/04\/476480856_1149242686529020_5142693369983937044_n.jpg\" class=\"attachment-full size-full wp-post-image\" alt=\"\" srcset=\"http:\/\/www.haut-pays.be\/wordpress\/wp-content\/uploads\/2026\/04\/476480856_1149242686529020_5142693369983937044_n.jpg 400w, http:\/\/www.haut-pays.be\/wordpress\/wp-content\/uploads\/2026\/04\/476480856_1149242686529020_5142693369983937044_n-300x200.jpg 300w, http:\/\/www.haut-pays.be\/wordpress\/wp-content\/uploads\/2026\/04\/476480856_1149242686529020_5142693369983937044_n-1x1.jpg 1w\" sizes=\"(max-width: 400px) 100vw, 400px\" \/>\t\t\t\t<\/a>\n\t\t\t<\/div>\n        \n                <div class=\"post-grid-text-wrap\">\n               \t\t\t\t<h3 class=\"title\">\n\t\t\t<a href=\"http:\/\/www.haut-pays.be\/wordpress\/bienvenue-a-la-bergerie-de-leonie\/\">Bienvenue \u00e0 la Bergerie de L\u00e9onie!<\/a>\n\t\t<\/h3>\n\t\t\t                \t\t<div class=\"post-grid-meta\">\n\t\t\t\n\t\t\t\t<span class=\"post-date\"><time datetime=\"2026-04-23T13:36:27+02:00\">23 avril 2026<\/time><\/span>\n\n\t\t\t\t<span class=\"post-categories\"><a href=\"http:\/\/www.haut-pays.be\/wordpress\/category\/actualites\/\" rel=\"category tag\">Actualit\u00e9s<\/a><\/span>\t\t<\/div>\n\t\t\t                \t                \t\t<a class=\"read-more-btn\" href=\"http:\/\/www.haut-pays.be\/wordpress\/bienvenue-a-la-bergerie-de-leonie\/\">Lire la suite \u00bb<\/a>\n\t\t                <\/div>\n\n            <\/div><!-- .blog-inner -->\n           \n        <\/article>\n\n        \n        <article id=\"post-2101\" class=\"wpcap-post post-2101 post type-post status-publish format-standard has-post-thumbnail hentry category-actualites category-non-classe\">\n         \n            <div class=\"post-grid-inner\">\n            \t\n            \t\t\t\t<div class=\"post-grid-thumbnail\">\n\t\t\t\t<a href=\"http:\/\/www.haut-pays.be\/wordpress\/connaissez-vous-la-grotte-dangre\/\">\n\t\t\t\t\t<img decoding=\"async\" width=\"400\" height=\"300\" src=\"http:\/\/www.haut-pays.be\/wordpress\/wp-content\/uploads\/2026\/04\/grotte-angre2.jpg\" class=\"attachment-full size-full wp-post-image\" alt=\"\" srcset=\"http:\/\/www.haut-pays.be\/wordpress\/wp-content\/uploads\/2026\/04\/grotte-angre2.jpg 400w, http:\/\/www.haut-pays.be\/wordpress\/wp-content\/uploads\/2026\/04\/grotte-angre2-300x225.jpg 300w, http:\/\/www.haut-pays.be\/wordpress\/wp-content\/uploads\/2026\/04\/grotte-angre2-1x1.jpg 1w\" sizes=\"(max-width: 400px) 100vw, 400px\" \/>\t\t\t\t<\/a>\n\t\t\t<\/div>\n        \n                <div class=\"post-grid-text-wrap\">\n               \t\t\t\t<h3 class=\"title\">\n\t\t\t<a href=\"http:\/\/www.haut-pays.be\/wordpress\/connaissez-vous-la-grotte-dangre\/\">Connaissez-vous la Grotte d&rsquo;Angre ?<\/a>\n\t\t<\/h3>\n\t\t\t                \t\t<div class=\"post-grid-meta\">\n\t\t\t\n\t\t\t\t<span class=\"post-date\"><time datetime=\"2026-04-02T13:37:49+02:00\">2 avril 2026<\/time><\/span>\n\n\t\t\t\t<span class=\"post-categories\"><a href=\"http:\/\/www.haut-pays.be\/wordpress\/category\/actualites\/\" rel=\"category tag\">Actualit\u00e9s<\/a>, <a href=\"http:\/\/www.haut-pays.be\/wordpress\/category\/non-classe\/\" rel=\"category tag\">Non class\u00e9<\/a><\/span>\t\t<\/div>\n\t\t\t                \t                \t\t<a class=\"read-more-btn\" href=\"http:\/\/www.haut-pays.be\/wordpress\/connaissez-vous-la-grotte-dangre\/\">Lire la suite \u00bb<\/a>\n\t\t                <\/div>\n\n            <\/div><!-- .blog-inner -->\n           \n        <\/article>\n\n        \n        <article id=\"post-2105\" class=\"wpcap-post post-2105 post type-post status-publish format-standard has-post-thumbnail hentry category-actualites category-non-classe\">\n         \n            <div class=\"post-grid-inner\">\n            \t\n            \t\t\t\t<div class=\"post-grid-thumbnail\">\n\t\t\t\t<a href=\"http:\/\/www.haut-pays.be\/wordpress\/albert-godry-incontournable-de-limage-du-haut-pays\/\">\n\t\t\t\t\t<img decoding=\"async\" width=\"400\" height=\"267\" src=\"http:\/\/www.haut-pays.be\/wordpress\/wp-content\/uploads\/2026\/04\/1roisingare1.jpg\" class=\"attachment-full size-full wp-post-image\" alt=\"\" srcset=\"http:\/\/www.haut-pays.be\/wordpress\/wp-content\/uploads\/2026\/04\/1roisingare1.jpg 400w, http:\/\/www.haut-pays.be\/wordpress\/wp-content\/uploads\/2026\/04\/1roisingare1-300x200.jpg 300w, http:\/\/www.haut-pays.be\/wordpress\/wp-content\/uploads\/2026\/04\/1roisingare1-1x1.jpg 1w\" sizes=\"(max-width: 400px) 100vw, 400px\" \/>\t\t\t\t<\/a>\n\t\t\t<\/div>\n        \n                <div class=\"post-grid-text-wrap\">\n               \t\t\t\t<h3 class=\"title\">\n\t\t\t<a href=\"http:\/\/www.haut-pays.be\/wordpress\/albert-godry-incontournable-de-limage-du-haut-pays\/\">Albert Godry, incontournable de l&rsquo;image du Haut-Pays<\/a>\n\t\t<\/h3>\n\t\t\t                \t\t<div class=\"post-grid-meta\">\n\t\t\t\n\t\t\t\t<span class=\"post-date\"><time datetime=\"2026-03-26T13:46:36+01:00\">26 mars 2026<\/time><\/span>\n\n\t\t\t\t<span class=\"post-categories\"><a href=\"http:\/\/www.haut-pays.be\/wordpress\/category\/actualites\/\" rel=\"category tag\">Actualit\u00e9s<\/a>, <a href=\"http:\/\/www.haut-pays.be\/wordpress\/category\/non-classe\/\" rel=\"category tag\">Non class\u00e9<\/a><\/span>\t\t<\/div>\n\t\t\t                \t                \t\t<a class=\"read-more-btn\" href=\"http:\/\/www.haut-pays.be\/wordpress\/albert-godry-incontournable-de-limage-du-haut-pays\/\">Lire la suite \u00bb<\/a>\n\t\t                <\/div>\n\n            <\/div><!-- .blog-inner -->\n           \n        <\/article>\n\n        \n        <article id=\"post-2036\" class=\"wpcap-post post-2036 post type-post status-publish format-standard has-post-thumbnail hentry category-actualites\">\n         \n            <div class=\"post-grid-inner\">\n            \t\n            \t\t\t\t<div class=\"post-grid-thumbnail\">\n\t\t\t\t<a href=\"http:\/\/www.haut-pays.be\/wordpress\/le-parc-naturel-des-hauts-pays-en-fete\/\">\n\t\t\t\t\t<img loading=\"lazy\" decoding=\"async\" width=\"400\" height=\"219\" src=\"http:\/\/www.haut-pays.be\/wordpress\/wp-content\/uploads\/2026\/03\/650101178_892649316934514_6076223860040838501_n.jpg\" class=\"attachment-full size-full wp-post-image\" alt=\"\" srcset=\"http:\/\/www.haut-pays.be\/wordpress\/wp-content\/uploads\/2026\/03\/650101178_892649316934514_6076223860040838501_n.jpg 400w, http:\/\/www.haut-pays.be\/wordpress\/wp-content\/uploads\/2026\/03\/650101178_892649316934514_6076223860040838501_n-300x164.jpg 300w, http:\/\/www.haut-pays.be\/wordpress\/wp-content\/uploads\/2026\/03\/650101178_892649316934514_6076223860040838501_n-1x1.jpg 1w\" sizes=\"(max-width: 400px) 100vw, 400px\" \/>\t\t\t\t<\/a>\n\t\t\t<\/div>\n        \n                <div class=\"post-grid-text-wrap\">\n               \t\t\t\t<h3 class=\"title\">\n\t\t\t<a href=\"http:\/\/www.haut-pays.be\/wordpress\/le-parc-naturel-des-hauts-pays-en-fete\/\">Le Parc naturel des Hauts-Pays en f\u00eate<\/a>\n\t\t<\/h3>\n\t\t\t                \t\t<div class=\"post-grid-meta\">\n\t\t\t\n\t\t\t\t<span class=\"post-date\"><time datetime=\"2026-03-14T13:38:01+01:00\">14 mars 2026<\/time><\/span>\n\n\t\t\t\t<span class=\"post-categories\"><a href=\"http:\/\/www.haut-pays.be\/wordpress\/category\/actualites\/\" rel=\"category tag\">Actualit\u00e9s<\/a><\/span>\t\t<\/div>\n\t\t\t                \t                \t\t<a class=\"read-more-btn\" href=\"http:\/\/www.haut-pays.be\/wordpress\/le-parc-naturel-des-hauts-pays-en-fete\/\">Lire la suite \u00bb<\/a>\n\t\t                <\/div>\n\n            <\/div><!-- .blog-inner -->\n           \n        <\/article>\n\n        \n        <article id=\"post-1815\" class=\"wpcap-post post-1815 post type-post status-publish format-standard has-post-thumbnail hentry category-actualites\">\n         \n            <div class=\"post-grid-inner\">\n            \t\n            \t\t\t\t<div class=\"post-grid-thumbnail\">\n\t\t\t\t<a href=\"http:\/\/www.haut-pays.be\/wordpress\/cest-lheure-des-fleurs-a-roisin\/\">\n\t\t\t\t\t<img loading=\"lazy\" decoding=\"async\" width=\"400\" height=\"266\" src=\"http:\/\/www.haut-pays.be\/wordpress\/wp-content\/uploads\/2025\/02\/38-scaled.jpg\" class=\"attachment-full size-full wp-post-image\" alt=\"\" srcset=\"http:\/\/www.haut-pays.be\/wordpress\/wp-content\/uploads\/2025\/02\/38-scaled.jpg 400w, http:\/\/www.haut-pays.be\/wordpress\/wp-content\/uploads\/2025\/02\/38-300x199.jpg 300w, http:\/\/www.haut-pays.be\/wordpress\/wp-content\/uploads\/2025\/02\/38-1024x681.jpg 1024w, http:\/\/www.haut-pays.be\/wordpress\/wp-content\/uploads\/2025\/02\/38-768x511.jpg 768w, http:\/\/www.haut-pays.be\/wordpress\/wp-content\/uploads\/2025\/02\/38-1536x1021.jpg 1536w, http:\/\/www.haut-pays.be\/wordpress\/wp-content\/uploads\/2025\/02\/38-2048x1362.jpg 2048w, http:\/\/www.haut-pays.be\/wordpress\/wp-content\/uploads\/2025\/02\/38-1x1.jpg 1w\" sizes=\"(max-width: 400px) 100vw, 400px\" \/>\t\t\t\t<\/a>\n\t\t\t<\/div>\n        \n                <div class=\"post-grid-text-wrap\">\n               \t\t\t\t<h3 class=\"title\">\n\t\t\t<a href=\"http:\/\/www.haut-pays.be\/wordpress\/cest-lheure-des-fleurs-a-roisin\/\">Le Lundi de P\u00e2ques, les fleurs sont reines \u00e0 Roisin!<\/a>\n\t\t<\/h3>\n\t\t\t                \t\t<div class=\"post-grid-meta\">\n\t\t\t\n\t\t\t\t<span class=\"post-date\"><time datetime=\"2026-03-10T09:15:00+01:00\">10 mars 2026<\/time><\/span>\n\n\t\t\t\t<span class=\"post-categories\"><a href=\"http:\/\/www.haut-pays.be\/wordpress\/category\/actualites\/\" rel=\"category tag\">Actualit\u00e9s<\/a><\/span>\t\t<\/div>\n\t\t\t                \t                \t\t<a class=\"read-more-btn\" href=\"http:\/\/www.haut-pays.be\/wordpress\/cest-lheure-des-fleurs-a-roisin\/\">Lire la suite \u00bb<\/a>\n\t\t                <\/div>\n\n            <\/div><!-- .blog-inner -->\n           \n        <\/article>\n\n        \n        <article id=\"post-2028\" class=\"wpcap-post post-2028 post type-post status-publish format-standard has-post-thumbnail hentry category-actualites\">\n         \n            <div class=\"post-grid-inner\">\n            \t\n            \t\t\t\t<div class=\"post-grid-thumbnail\">\n\t\t\t\t<a href=\"http:\/\/www.haut-pays.be\/wordpress\/le-theatre-au-chateau-revient-en-terres-honnelloises-en-2026\/\">\n\t\t\t\t\t<img loading=\"lazy\" decoding=\"async\" width=\"400\" height=\"321\" src=\"http:\/\/www.haut-pays.be\/wordpress\/wp-content\/uploads\/2026\/03\/tac-2026.jpeg\" class=\"attachment-full size-full wp-post-image\" alt=\"\" srcset=\"http:\/\/www.haut-pays.be\/wordpress\/wp-content\/uploads\/2026\/03\/tac-2026.jpeg 400w, http:\/\/www.haut-pays.be\/wordpress\/wp-content\/uploads\/2026\/03\/tac-2026-300x241.jpeg 300w, http:\/\/www.haut-pays.be\/wordpress\/wp-content\/uploads\/2026\/03\/tac-2026-1x1.jpeg 1w\" sizes=\"(max-width: 400px) 100vw, 400px\" \/>\t\t\t\t<\/a>\n\t\t\t<\/div>\n        \n                <div class=\"post-grid-text-wrap\">\n               \t\t\t\t<h3 class=\"title\">\n\t\t\t<a href=\"http:\/\/www.haut-pays.be\/wordpress\/le-theatre-au-chateau-revient-en-terres-honnelloises-en-2026\/\">Le \u00ab\u00a0Th\u00e9\u00e2tre au Ch\u00e2teau\u00a0\u00bb revient en terres honnelloises en 2026!<\/a>\n\t\t<\/h3>\n\t\t\t                \t\t<div class=\"post-grid-meta\">\n\t\t\t\n\t\t\t\t<span class=\"post-date\"><time datetime=\"2026-03-01T09:59:06+01:00\">1 mars 2026<\/time><\/span>\n\n\t\t\t\t<span class=\"post-categories\"><a href=\"http:\/\/www.haut-pays.be\/wordpress\/category\/actualites\/\" rel=\"category tag\">Actualit\u00e9s<\/a><\/span>\t\t<\/div>\n\t\t\t                \t                \t\t<a class=\"read-more-btn\" href=\"http:\/\/www.haut-pays.be\/wordpress\/le-theatre-au-chateau-revient-en-terres-honnelloises-en-2026\/\">Lire la suite \u00bb<\/a>\n\t\t                <\/div>\n\n            <\/div><!-- .blog-inner -->\n           \n        <\/article>\n\n        \n        <article id=\"post-1982\" class=\"wpcap-post post-1982 post type-post status-publish format-standard has-post-thumbnail hentry category-actualites\">\n         \n            <div class=\"post-grid-inner\">\n            \t\n            \t\t\t\t<div class=\"post-grid-thumbnail\">\n\t\t\t\t<a href=\"http:\/\/www.haut-pays.be\/wordpress\/le-samyn-sur-les-paves-honnellois\/\">\n\t\t\t\t\t<img loading=\"lazy\" decoding=\"async\" width=\"283\" height=\"400\" src=\"http:\/\/www.haut-pays.be\/wordpress\/wp-content\/uploads\/2026\/02\/samyn.jpg\" class=\"attachment-full size-full wp-post-image\" alt=\"\" srcset=\"http:\/\/www.haut-pays.be\/wordpress\/wp-content\/uploads\/2026\/02\/samyn.jpg 283w, http:\/\/www.haut-pays.be\/wordpress\/wp-content\/uploads\/2026\/02\/samyn-212x300.jpg 212w, http:\/\/www.haut-pays.be\/wordpress\/wp-content\/uploads\/2026\/02\/samyn-1x1.jpg 1w\" sizes=\"(max-width: 283px) 100vw, 283px\" \/>\t\t\t\t<\/a>\n\t\t\t<\/div>\n        \n                <div class=\"post-grid-text-wrap\">\n               \t\t\t\t<h3 class=\"title\">\n\t\t\t<a href=\"http:\/\/www.haut-pays.be\/wordpress\/le-samyn-sur-les-paves-honnellois\/\">Le Samyn sur les pav\u00e9s honnellois<\/a>\n\t\t<\/h3>\n\t\t\t                \t\t<div class=\"post-grid-meta\">\n\t\t\t\n\t\t\t\t<span class=\"post-date\"><time datetime=\"2026-02-26T17:32:00+01:00\">26 f\u00e9vrier 2026<\/time><\/span>\n\n\t\t\t\t<span class=\"post-categories\"><a href=\"http:\/\/www.haut-pays.be\/wordpress\/category\/actualites\/\" rel=\"category tag\">Actualit\u00e9s<\/a><\/span>\t\t<\/div>\n\t\t\t                \t                \t\t<a class=\"read-more-btn\" href=\"http:\/\/www.haut-pays.be\/wordpress\/le-samyn-sur-les-paves-honnellois\/\">Lire la suite \u00bb<\/a>\n\t\t                <\/div>\n\n            <\/div><!-- .blog-inner -->\n           \n        <\/article>\n\n        \n        <article id=\"post-1985\" class=\"wpcap-post post-1985 post type-post status-publish format-standard has-post-thumbnail hentry category-actualites\">\n         \n            <div class=\"post-grid-inner\">\n            \t\n            \t\t\t\t<div class=\"post-grid-thumbnail\">\n\t\t\t\t<a href=\"http:\/\/www.haut-pays.be\/wordpress\/distribution-gratuite-de-perches-de-saule-tetard\/\">\n\t\t\t\t\t<img loading=\"lazy\" decoding=\"async\" width=\"400\" height=\"400\" src=\"http:\/\/www.haut-pays.be\/wordpress\/wp-content\/uploads\/2026\/02\/tetards-pnhp.jpeg\" class=\"attachment-full size-full wp-post-image\" alt=\"\" srcset=\"http:\/\/www.haut-pays.be\/wordpress\/wp-content\/uploads\/2026\/02\/tetards-pnhp.jpeg 400w, http:\/\/www.haut-pays.be\/wordpress\/wp-content\/uploads\/2026\/02\/tetards-pnhp-300x300.jpeg 300w, http:\/\/www.haut-pays.be\/wordpress\/wp-content\/uploads\/2026\/02\/tetards-pnhp-150x150.jpeg 150w, http:\/\/www.haut-pays.be\/wordpress\/wp-content\/uploads\/2026\/02\/tetards-pnhp-1x1.jpeg 1w\" sizes=\"(max-width: 400px) 100vw, 400px\" \/>\t\t\t\t<\/a>\n\t\t\t<\/div>\n        \n                <div class=\"post-grid-text-wrap\">\n               \t\t\t\t<h3 class=\"title\">\n\t\t\t<a href=\"http:\/\/www.haut-pays.be\/wordpress\/distribution-gratuite-de-perches-de-saule-tetard\/\">Distribution gratuite de perches de saule t\u00eatard !<\/a>\n\t\t<\/h3>\n\t\t\t                \t\t<div class=\"post-grid-meta\">\n\t\t\t\n\t\t\t\t<span class=\"post-date\"><time datetime=\"2026-02-25T08:03:07+01:00\">25 f\u00e9vrier 2026<\/time><\/span>\n\n\t\t\t\t<span class=\"post-categories\"><a href=\"http:\/\/www.haut-pays.be\/wordpress\/category\/actualites\/\" rel=\"category tag\">Actualit\u00e9s<\/a><\/span>\t\t<\/div>\n\t\t\t                \t                \t\t<a class=\"read-more-btn\" href=\"http:\/\/www.haut-pays.be\/wordpress\/distribution-gratuite-de-perches-de-saule-tetard\/\">Lire la suite \u00bb<\/a>\n\t\t                <\/div>\n\n            <\/div><!-- .blog-inner -->\n           \n        <\/article>\n\n        \n        <article id=\"post-1988\" class=\"wpcap-post post-1988 post type-post status-publish format-standard has-post-thumbnail hentry category-actualites\">\n         \n            <div class=\"post-grid-inner\">\n            \t\n            \t\t\t\t<div class=\"post-grid-thumbnail\">\n\t\t\t\t<a href=\"http:\/\/www.haut-pays.be\/wordpress\/les-narcisses-sont-de-retour-dans-nos-forets\/\">\n\t\t\t\t\t<img loading=\"lazy\" decoding=\"async\" width=\"400\" height=\"267\" src=\"http:\/\/www.haut-pays.be\/wordpress\/wp-content\/uploads\/2026\/02\/narcisses-phnp.jpeg\" class=\"attachment-full size-full wp-post-image\" alt=\"\" srcset=\"http:\/\/www.haut-pays.be\/wordpress\/wp-content\/uploads\/2026\/02\/narcisses-phnp.jpeg 400w, http:\/\/www.haut-pays.be\/wordpress\/wp-content\/uploads\/2026\/02\/narcisses-phnp-300x200.jpeg 300w, http:\/\/www.haut-pays.be\/wordpress\/wp-content\/uploads\/2026\/02\/narcisses-phnp-1x1.jpeg 1w\" sizes=\"(max-width: 400px) 100vw, 400px\" \/>\t\t\t\t<\/a>\n\t\t\t<\/div>\n        \n                <div class=\"post-grid-text-wrap\">\n               \t\t\t\t<h3 class=\"title\">\n\t\t\t<a href=\"http:\/\/www.haut-pays.be\/wordpress\/les-narcisses-sont-de-retour-dans-nos-forets\/\">Les narcisses sont de retour dans nos for\u00eats !<\/a>\n\t\t<\/h3>\n\t\t\t                \t\t<div class=\"post-grid-meta\">\n\t\t\t\n\t\t\t\t<span class=\"post-date\"><time datetime=\"2026-02-23T08:44:55+01:00\">23 f\u00e9vrier 2026<\/time><\/span>\n\n\t\t\t\t<span class=\"post-categories\"><a href=\"http:\/\/www.haut-pays.be\/wordpress\/category\/actualites\/\" rel=\"category tag\">Actualit\u00e9s<\/a><\/span>\t\t<\/div>\n\t\t\t                \t                \t\t<a class=\"read-more-btn\" href=\"http:\/\/www.haut-pays.be\/wordpress\/les-narcisses-sont-de-retour-dans-nos-forets\/\">Lire la suite \u00bb<\/a>\n\t\t                <\/div>\n\n            <\/div><!-- .blog-inner -->\n           \n        <\/article>\n\n        \n        <article id=\"post-1940\" class=\"wpcap-post post-1940 post type-post status-publish format-standard has-post-thumbnail hentry category-actualites\">\n         \n            <div class=\"post-grid-inner\">\n            \t\n            \t\t\t\t<div class=\"post-grid-thumbnail\">\n\t\t\t\t<a href=\"http:\/\/www.haut-pays.be\/wordpress\/nouveaute-litteraire-montignies-sur-roc-au-fil-des-jours\/\">\n\t\t\t\t\t<img loading=\"lazy\" decoding=\"async\" width=\"400\" height=\"264\" src=\"http:\/\/www.haut-pays.be\/wordpress\/wp-content\/uploads\/2025\/10\/ladriere-3e-livre.jpg\" class=\"attachment-full size-full wp-post-image\" alt=\"\" srcset=\"http:\/\/www.haut-pays.be\/wordpress\/wp-content\/uploads\/2025\/10\/ladriere-3e-livre.jpg 400w, http:\/\/www.haut-pays.be\/wordpress\/wp-content\/uploads\/2025\/10\/ladriere-3e-livre-300x198.jpg 300w, http:\/\/www.haut-pays.be\/wordpress\/wp-content\/uploads\/2025\/10\/ladriere-3e-livre-1x1.jpg 1w\" sizes=\"(max-width: 400px) 100vw, 400px\" \/>\t\t\t\t<\/a>\n\t\t\t<\/div>\n        \n                <div class=\"post-grid-text-wrap\">\n               \t\t\t\t<h3 class=\"title\">\n\t\t\t<a href=\"http:\/\/www.haut-pays.be\/wordpress\/nouveaute-litteraire-montignies-sur-roc-au-fil-des-jours\/\">Nouveaut\u00e9 litt\u00e9raire: \u00ab\u00a0Montignies-sur-Roc &#8211; Au Fil des Jours\u00a0\u00bb<\/a>\n\t\t<\/h3>\n\t\t\t                \t\t<div class=\"post-grid-meta\">\n\t\t\t\n\t\t\t\t<span class=\"post-date\"><time datetime=\"2025-10-31T08:20:03+01:00\">31 octobre 2025<\/time><\/span>\n\n\t\t\t\t<span class=\"post-categories\"><a href=\"http:\/\/www.haut-pays.be\/wordpress\/category\/actualites\/\" rel=\"category tag\">Actualit\u00e9s<\/a><\/span>\t\t<\/div>\n\t\t\t                \t                \t\t<a class=\"read-more-btn\" href=\"http:\/\/www.haut-pays.be\/wordpress\/nouveaute-litteraire-montignies-sur-roc-au-fil-des-jours\/\">Lire la suite \u00bb<\/a>\n\t\t                <\/div>\n\n            <\/div><!-- .blog-inner -->\n           \n        <\/article>\n\n        \n        <article id=\"post-1943\" class=\"wpcap-post post-1943 post type-post status-publish format-standard has-post-thumbnail hentry category-actualites category-grosses-pointures category-randonnee-pedestre\">\n         \n            <div class=\"post-grid-inner\">\n            \t\n            \t\t\t\t<div class=\"post-grid-thumbnail\">\n\t\t\t\t<a href=\"http:\/\/www.haut-pays.be\/wordpress\/balade-daudregnies-a-fayt-le-franc\/\">\n\t\t\t\t\t<img loading=\"lazy\" decoding=\"async\" width=\"400\" height=\"267\" src=\"http:\/\/www.haut-pays.be\/wordpress\/wp-content\/uploads\/2025\/10\/20250323160726-ddac01fd-la.jpg\" class=\"attachment-full size-full wp-post-image\" alt=\"\" srcset=\"http:\/\/www.haut-pays.be\/wordpress\/wp-content\/uploads\/2025\/10\/20250323160726-ddac01fd-la.jpg 400w, http:\/\/www.haut-pays.be\/wordpress\/wp-content\/uploads\/2025\/10\/20250323160726-ddac01fd-la-300x200.jpg 300w, http:\/\/www.haut-pays.be\/wordpress\/wp-content\/uploads\/2025\/10\/20250323160726-ddac01fd-la-1x1.jpg 1w\" sizes=\"(max-width: 400px) 100vw, 400px\" \/>\t\t\t\t<\/a>\n\t\t\t<\/div>\n        \n                <div class=\"post-grid-text-wrap\">\n               \t\t\t\t<h3 class=\"title\">\n\t\t\t<a href=\"http:\/\/www.haut-pays.be\/wordpress\/balade-daudregnies-a-fayt-le-franc\/\">Balade: d&rsquo;Audregnies \u00e0 Fayt-Le-Franc<\/a>\n\t\t<\/h3>\n\t\t\t                \t\t<div class=\"post-grid-meta\">\n\t\t\t\n\t\t\t\t<span class=\"post-date\"><time datetime=\"2025-10-31T08:11:03+01:00\">31 octobre 2025<\/time><\/span>\n\n\t\t\t\t<span class=\"post-categories\"><a href=\"http:\/\/www.haut-pays.be\/wordpress\/category\/actualites\/\" rel=\"category tag\">Actualit\u00e9s<\/a>, <a href=\"http:\/\/www.haut-pays.be\/wordpress\/category\/randonnee-pedestre\/grosses-pointures\/\" rel=\"category tag\">Grosses Pointures<\/a>, <a href=\"http:\/\/www.haut-pays.be\/wordpress\/category\/randonnee-pedestre\/\" rel=\"category tag\">Randonn\u00e9e p\u00e9destre<\/a><\/span>\t\t<\/div>\n\t\t\t                \t                \t\t<a class=\"read-more-btn\" href=\"http:\/\/www.haut-pays.be\/wordpress\/balade-daudregnies-a-fayt-le-franc\/\">Lire la suite \u00bb<\/a>\n\t\t                <\/div>\n\n            <\/div><!-- .blog-inner -->\n           \n        <\/article>\n\n        \n        <article id=\"post-1905\" class=\"wpcap-post post-1905 post type-post status-publish format-standard has-post-thumbnail hentry category-actualites\">\n         \n            <div class=\"post-grid-inner\">\n            \t\n            \t\t\t\t<div class=\"post-grid-thumbnail\">\n\t\t\t\t<a href=\"http:\/\/www.haut-pays.be\/wordpress\/les-bornes-frontieres-1780\/\">\n\t\t\t\t\t<img loading=\"lazy\" decoding=\"async\" width=\"300\" height=\"400\" src=\"http:\/\/www.haut-pays.be\/wordpress\/wp-content\/uploads\/2025\/09\/B-13A.jpg\" class=\"attachment-full size-full wp-post-image\" alt=\"\" srcset=\"http:\/\/www.haut-pays.be\/wordpress\/wp-content\/uploads\/2025\/09\/B-13A.jpg 300w, http:\/\/www.haut-pays.be\/wordpress\/wp-content\/uploads\/2025\/09\/B-13A-225x300.jpg 225w, http:\/\/www.haut-pays.be\/wordpress\/wp-content\/uploads\/2025\/09\/B-13A-1x1.jpg 1w\" sizes=\"(max-width: 300px) 100vw, 300px\" \/>\t\t\t\t<\/a>\n\t\t\t<\/div>\n        \n                <div class=\"post-grid-text-wrap\">\n               \t\t\t\t<h3 class=\"title\">\n\t\t\t<a href=\"http:\/\/www.haut-pays.be\/wordpress\/les-bornes-frontieres-1780\/\">Les Bornes Fronti\u00e8res 1780<\/a>\n\t\t<\/h3>\n\t\t\t                \t\t<div class=\"post-grid-meta\">\n\t\t\t\n\t\t\t\t<span class=\"post-date\"><time datetime=\"2025-09-24T06:56:32+02:00\">24 septembre 2025<\/time><\/span>\n\n\t\t\t\t<span class=\"post-categories\"><a href=\"http:\/\/www.haut-pays.be\/wordpress\/category\/actualites\/\" rel=\"category tag\">Actualit\u00e9s<\/a><\/span>\t\t<\/div>\n\t\t\t                \t                \t\t<a class=\"read-more-btn\" href=\"http:\/\/www.haut-pays.be\/wordpress\/les-bornes-frontieres-1780\/\">Lire la suite \u00bb<\/a>\n\t\t                <\/div>\n\n            <\/div><!-- .blog-inner -->\n           \n        <\/article>\n\n        \n        <article id=\"post-1917\" class=\"wpcap-post post-1917 post type-post status-publish format-standard has-post-thumbnail hentry category-actualites category-grosses-pointures category-randonnee-pedestre\">\n         \n            <div class=\"post-grid-inner\">\n            \t\n            \t\t\t\t<div class=\"post-grid-thumbnail\">\n\t\t\t\t<a href=\"http:\/\/www.haut-pays.be\/wordpress\/balade-en-equilibre-sur-la-frontiere\/\">\n\t\t\t\t\t<img loading=\"lazy\" decoding=\"async\" width=\"300\" height=\"400\" src=\"http:\/\/www.haut-pays.be\/wordpress\/wp-content\/uploads\/2025\/09\/138572844Master.jpg\" class=\"attachment-full size-full wp-post-image\" alt=\"\" srcset=\"http:\/\/www.haut-pays.be\/wordpress\/wp-content\/uploads\/2025\/09\/138572844Master.jpg 300w, http:\/\/www.haut-pays.be\/wordpress\/wp-content\/uploads\/2025\/09\/138572844Master-225x300.jpg 225w, http:\/\/www.haut-pays.be\/wordpress\/wp-content\/uploads\/2025\/09\/138572844Master-1x1.jpg 1w\" sizes=\"(max-width: 300px) 100vw, 300px\" \/>\t\t\t\t<\/a>\n\t\t\t<\/div>\n        \n                <div class=\"post-grid-text-wrap\">\n               \t\t\t\t<h3 class=\"title\">\n\t\t\t<a href=\"http:\/\/www.haut-pays.be\/wordpress\/balade-en-equilibre-sur-la-frontiere\/\">Balade en \u00e9quilibre sur la fronti\u00e8re<\/a>\n\t\t<\/h3>\n\t\t\t                \t\t<div class=\"post-grid-meta\">\n\t\t\t\n\t\t\t\t<span class=\"post-date\"><time datetime=\"2025-09-23T16:10:22+02:00\">23 septembre 2025<\/time><\/span>\n\n\t\t\t\t<span class=\"post-categories\"><a href=\"http:\/\/www.haut-pays.be\/wordpress\/category\/actualites\/\" rel=\"category tag\">Actualit\u00e9s<\/a>, <a href=\"http:\/\/www.haut-pays.be\/wordpress\/category\/randonnee-pedestre\/grosses-pointures\/\" rel=\"category tag\">Grosses Pointures<\/a>, <a href=\"http:\/\/www.haut-pays.be\/wordpress\/category\/randonnee-pedestre\/\" rel=\"category tag\">Randonn\u00e9e p\u00e9destre<\/a><\/span>\t\t<\/div>\n\t\t\t                \t                \t\t<a class=\"read-more-btn\" href=\"http:\/\/www.haut-pays.be\/wordpress\/balade-en-equilibre-sur-la-frontiere\/\">Lire la suite \u00bb<\/a>\n\t\t                <\/div>\n\n            <\/div><!-- .blog-inner -->\n           \n        <\/article>\n\n        \n        <article id=\"post-1897\" class=\"wpcap-post post-1897 post type-post status-publish format-standard has-post-thumbnail hentry category-actualites category-non-classe\">\n         \n            <div class=\"post-grid-inner\">\n            \t\n            \t\t\t\t<div class=\"post-grid-thumbnail\">\n\t\t\t\t<a href=\"http:\/\/www.haut-pays.be\/wordpress\/partez-en-balade-entre-autreppe-et-gussignies\/\">\n\t\t\t\t\t<img loading=\"lazy\" decoding=\"async\" width=\"400\" height=\"224\" src=\"http:\/\/www.haut-pays.be\/wordpress\/wp-content\/uploads\/2025\/07\/OIP.webp\" class=\"attachment-full size-full wp-post-image\" alt=\"\" srcset=\"http:\/\/www.haut-pays.be\/wordpress\/wp-content\/uploads\/2025\/07\/OIP.webp 400w, http:\/\/www.haut-pays.be\/wordpress\/wp-content\/uploads\/2025\/07\/OIP-300x168.webp 300w, http:\/\/www.haut-pays.be\/wordpress\/wp-content\/uploads\/2025\/07\/OIP-1x1.webp 1w\" sizes=\"(max-width: 400px) 100vw, 400px\" \/>\t\t\t\t<\/a>\n\t\t\t<\/div>\n        \n                <div class=\"post-grid-text-wrap\">\n               \t\t\t\t<h3 class=\"title\">\n\t\t\t<a href=\"http:\/\/www.haut-pays.be\/wordpress\/partez-en-balade-entre-autreppe-et-gussignies\/\">Partez en balade entre Autreppe et Gussignies!<\/a>\n\t\t<\/h3>\n\t\t\t                \t\t<div class=\"post-grid-meta\">\n\t\t\t\n\t\t\t\t<span class=\"post-date\"><time datetime=\"2025-07-06T10:45:00+02:00\">6 juillet 2025<\/time><\/span>\n\n\t\t\t\t<span class=\"post-categories\"><a href=\"http:\/\/www.haut-pays.be\/wordpress\/category\/actualites\/\" rel=\"category tag\">Actualit\u00e9s<\/a>, <a href=\"http:\/\/www.haut-pays.be\/wordpress\/category\/non-classe\/\" rel=\"category tag\">Non class\u00e9<\/a><\/span>\t\t<\/div>\n\t\t\t                \t                \t\t<a class=\"read-more-btn\" href=\"http:\/\/www.haut-pays.be\/wordpress\/partez-en-balade-entre-autreppe-et-gussignies\/\">Lire la suite \u00bb<\/a>\n\t\t                <\/div>\n\n            <\/div><!-- .blog-inner -->\n           \n        <\/article>\n\n        \n        <article id=\"post-1882\" class=\"wpcap-post post-1882 post type-post status-publish format-standard has-post-thumbnail hentry category-actualites\">\n         \n            <div class=\"post-grid-inner\">\n            \t\n            \t\t\t\t<div class=\"post-grid-thumbnail\">\n\t\t\t\t<a href=\"http:\/\/www.haut-pays.be\/wordpress\/angreau-100-ans-dassociation-sportive\/\">\n\t\t\t\t\t<img loading=\"lazy\" decoding=\"async\" width=\"400\" height=\"300\" src=\"http:\/\/www.haut-pays.be\/wordpress\/wp-content\/uploads\/2025\/02\/IMG_4554.jpg\" class=\"attachment-full size-full wp-post-image\" alt=\"\" srcset=\"http:\/\/www.haut-pays.be\/wordpress\/wp-content\/uploads\/2025\/02\/IMG_4554.jpg 400w, http:\/\/www.haut-pays.be\/wordpress\/wp-content\/uploads\/2025\/02\/IMG_4554-300x225.jpg 300w, http:\/\/www.haut-pays.be\/wordpress\/wp-content\/uploads\/2025\/02\/IMG_4554-1x1.jpg 1w\" sizes=\"(max-width: 400px) 100vw, 400px\" \/>\t\t\t\t<\/a>\n\t\t\t<\/div>\n        \n                <div class=\"post-grid-text-wrap\">\n               \t\t\t\t<h3 class=\"title\">\n\t\t\t<a href=\"http:\/\/www.haut-pays.be\/wordpress\/angreau-100-ans-dassociation-sportive\/\">Angreau, le Centenaire qui invite \u00e0 la (re)d\u00e9couverte<\/a>\n\t\t<\/h3>\n\t\t\t                \t\t<div class=\"post-grid-meta\">\n\t\t\t\n\t\t\t\t<span class=\"post-date\"><time datetime=\"2025-05-17T14:56:05+02:00\">17 mai 2025<\/time><\/span>\n\n\t\t\t\t<span class=\"post-categories\"><a href=\"http:\/\/www.haut-pays.be\/wordpress\/category\/actualites\/\" rel=\"category tag\">Actualit\u00e9s<\/a><\/span>\t\t<\/div>\n\t\t\t                \t                \t\t<a class=\"read-more-btn\" href=\"http:\/\/www.haut-pays.be\/wordpress\/angreau-100-ans-dassociation-sportive\/\">Lire la suite \u00bb<\/a>\n\t\t                <\/div>\n\n            <\/div><!-- .blog-inner -->\n           \n        <\/article>\n\n        \n        <article id=\"post-1847\" class=\"wpcap-post post-1847 post type-post status-publish format-standard has-post-thumbnail hentry category-actualites\">\n         \n            <div class=\"post-grid-inner\">\n            \t\n            \t\t\t\t<div class=\"post-grid-thumbnail\">\n\t\t\t\t<a href=\"http:\/\/www.haut-pays.be\/wordpress\/le-molkky-revient-avec-les-ducasses-de-lete\/\">\n\t\t\t\t\t<img loading=\"lazy\" decoding=\"async\" width=\"225\" height=\"230\" src=\"http:\/\/www.haut-pays.be\/wordpress\/wp-content\/uploads\/2025\/05\/att.ZSKVTuMUcbfKN-ld8GfgYTyDN9njk_hgwWMrF0YY0l8-e1747478220584.jpg\" class=\"attachment-full size-full wp-post-image\" alt=\"\" srcset=\"http:\/\/www.haut-pays.be\/wordpress\/wp-content\/uploads\/2025\/05\/att.ZSKVTuMUcbfKN-ld8GfgYTyDN9njk_hgwWMrF0YY0l8-e1747478220584.jpg 225w, http:\/\/www.haut-pays.be\/wordpress\/wp-content\/uploads\/2025\/05\/att.ZSKVTuMUcbfKN-ld8GfgYTyDN9njk_hgwWMrF0YY0l8-e1747478220584-1x1.jpg 1w\" sizes=\"(max-width: 225px) 100vw, 225px\" \/>\t\t\t\t<\/a>\n\t\t\t<\/div>\n        \n                <div class=\"post-grid-text-wrap\">\n               \t\t\t\t<h3 class=\"title\">\n\t\t\t<a href=\"http:\/\/www.haut-pays.be\/wordpress\/le-molkky-revient-avec-les-ducasses-de-lete\/\">Le M\u00f6lkky revient avec les Ducasses de l&rsquo;\u00e9t\u00e9!<\/a>\n\t\t<\/h3>\n\t\t\t                \t\t<div class=\"post-grid-meta\">\n\t\t\t\n\t\t\t\t<span class=\"post-date\"><time datetime=\"2025-05-17T11:40:09+02:00\">17 mai 2025<\/time><\/span>\n\n\t\t\t\t<span class=\"post-categories\"><a href=\"http:\/\/www.haut-pays.be\/wordpress\/category\/actualites\/\" rel=\"category tag\">Actualit\u00e9s<\/a><\/span>\t\t<\/div>\n\t\t\t                \t                \t\t<a class=\"read-more-btn\" href=\"http:\/\/www.haut-pays.be\/wordpress\/le-molkky-revient-avec-les-ducasses-de-lete\/\">Lire la suite \u00bb<\/a>\n\t\t                <\/div>\n\n            <\/div><!-- .blog-inner -->\n           \n        <\/article>\n\n        \n        <article id=\"post-1838\" class=\"wpcap-post post-1838 post type-post status-publish format-standard has-post-thumbnail hentry category-actualites\">\n         \n            <div class=\"post-grid-inner\">\n            \t\n            \t\t\t\t<div class=\"post-grid-thumbnail\">\n\t\t\t\t<a href=\"http:\/\/www.haut-pays.be\/wordpress\/lecture-decouverte-montignies-sur-roc-dans-le-retro\/\">\n\t\t\t\t\t<img loading=\"lazy\" decoding=\"async\" width=\"400\" height=\"251\" src=\"http:\/\/www.haut-pays.be\/wordpress\/wp-content\/uploads\/2025\/05\/Numerisation_20220125-10.png\" class=\"attachment-full size-full wp-post-image\" alt=\"\" srcset=\"http:\/\/www.haut-pays.be\/wordpress\/wp-content\/uploads\/2025\/05\/Numerisation_20220125-10.png 400w, http:\/\/www.haut-pays.be\/wordpress\/wp-content\/uploads\/2025\/05\/Numerisation_20220125-10-300x188.png 300w, http:\/\/www.haut-pays.be\/wordpress\/wp-content\/uploads\/2025\/05\/Numerisation_20220125-10-1x1.png 1w\" sizes=\"(max-width: 400px) 100vw, 400px\" \/>\t\t\t\t<\/a>\n\t\t\t<\/div>\n        \n                <div class=\"post-grid-text-wrap\">\n               \t\t\t\t<h3 class=\"title\">\n\t\t\t<a href=\"http:\/\/www.haut-pays.be\/wordpress\/lecture-decouverte-montignies-sur-roc-dans-le-retro\/\">Lecture-(re)d\u00e9couverte: Montignies-sur-Roc dans le R\u00e9tro<\/a>\n\t\t<\/h3>\n\t\t\t                \t\t<div class=\"post-grid-meta\">\n\t\t\t\n\t\t\t\t<span class=\"post-date\"><time datetime=\"2025-05-04T09:25:51+02:00\">4 mai 2025<\/time><\/span>\n\n\t\t\t\t<span class=\"post-categories\"><a href=\"http:\/\/www.haut-pays.be\/wordpress\/category\/actualites\/\" rel=\"category tag\">Actualit\u00e9s<\/a><\/span>\t\t<\/div>\n\t\t\t                \t                \t\t<a class=\"read-more-btn\" href=\"http:\/\/www.haut-pays.be\/wordpress\/lecture-decouverte-montignies-sur-roc-dans-le-retro\/\">Lire la suite \u00bb<\/a>\n\t\t                <\/div>\n\n            <\/div><!-- .blog-inner -->\n           \n        <\/article>\n\n        \n        <article id=\"post-1835\" class=\"wpcap-post post-1835 post type-post status-publish format-standard has-post-thumbnail hentry category-actualites\">\n         \n            <div class=\"post-grid-inner\">\n            \t\n            \t\t\t\t<div class=\"post-grid-thumbnail\">\n\t\t\t\t<a href=\"http:\/\/www.haut-pays.be\/wordpress\/10e-concours-photo-du-parc-naturel-des-hauts-pays\/\">\n\t\t\t\t\t<img loading=\"lazy\" decoding=\"async\" width=\"400\" height=\"300\" src=\"http:\/\/www.haut-pays.be\/wordpress\/wp-content\/uploads\/2025\/04\/IMG_9625.jpg\" class=\"attachment-full size-full wp-post-image\" alt=\"\" srcset=\"http:\/\/www.haut-pays.be\/wordpress\/wp-content\/uploads\/2025\/04\/IMG_9625.jpg 400w, http:\/\/www.haut-pays.be\/wordpress\/wp-content\/uploads\/2025\/04\/IMG_9625-300x225.jpg 300w, http:\/\/www.haut-pays.be\/wordpress\/wp-content\/uploads\/2025\/04\/IMG_9625-1x1.jpg 1w\" sizes=\"(max-width: 400px) 100vw, 400px\" \/>\t\t\t\t<\/a>\n\t\t\t<\/div>\n        \n                <div class=\"post-grid-text-wrap\">\n               \t\t\t\t<h3 class=\"title\">\n\t\t\t<a href=\"http:\/\/www.haut-pays.be\/wordpress\/10e-concours-photo-du-parc-naturel-des-hauts-pays\/\">10e concours photo du Parc naturel des Hauts-Pays<\/a>\n\t\t<\/h3>\n\t\t\t                \t\t<div class=\"post-grid-meta\">\n\t\t\t\n\t\t\t\t<span class=\"post-date\"><time datetime=\"2025-04-23T15:02:56+02:00\">23 avril 2025<\/time><\/span>\n\n\t\t\t\t<span class=\"post-categories\"><a href=\"http:\/\/www.haut-pays.be\/wordpress\/category\/actualites\/\" rel=\"category tag\">Actualit\u00e9s<\/a><\/span>\t\t<\/div>\n\t\t\t                \t                \t\t<a class=\"read-more-btn\" href=\"http:\/\/www.haut-pays.be\/wordpress\/10e-concours-photo-du-parc-naturel-des-hauts-pays\/\">Lire la suite \u00bb<\/a>\n\t\t                <\/div>\n\n            <\/div><!-- .blog-inner -->\n           \n        <\/article>\n\n        \n        <article id=\"post-1784\" class=\"wpcap-post post-1784 post type-post status-publish format-standard has-post-thumbnail hentry category-actualites\">\n         \n            <div class=\"post-grid-inner\">\n            \t\n            \t\t\t\t<div class=\"post-grid-thumbnail\">\n\t\t\t\t<a href=\"http:\/\/www.haut-pays.be\/wordpress\/les-chapelles-de-honnelles\/\">\n\t\t\t\t\t<img loading=\"lazy\" decoding=\"async\" width=\"400\" height=\"300\" src=\"http:\/\/www.haut-pays.be\/wordpress\/wp-content\/uploads\/2025\/04\/A-Chapelle-St-Roch.jpg\" class=\"attachment-full size-full wp-post-image\" alt=\"\" srcset=\"http:\/\/www.haut-pays.be\/wordpress\/wp-content\/uploads\/2025\/04\/A-Chapelle-St-Roch.jpg 400w, http:\/\/www.haut-pays.be\/wordpress\/wp-content\/uploads\/2025\/04\/A-Chapelle-St-Roch-300x225.jpg 300w, http:\/\/www.haut-pays.be\/wordpress\/wp-content\/uploads\/2025\/04\/A-Chapelle-St-Roch-1x1.jpg 1w\" sizes=\"(max-width: 400px) 100vw, 400px\" \/>\t\t\t\t<\/a>\n\t\t\t<\/div>\n        \n                <div class=\"post-grid-text-wrap\">\n               \t\t\t\t<h3 class=\"title\">\n\t\t\t<a href=\"http:\/\/www.haut-pays.be\/wordpress\/les-chapelles-de-honnelles\/\">D\u00e9couverte: les chapelles de Honnelles<\/a>\n\t\t<\/h3>\n\t\t\t                \t\t<div class=\"post-grid-meta\">\n\t\t\t\n\t\t\t\t<span class=\"post-date\"><time datetime=\"2025-04-04T16:42:15+02:00\">4 avril 2025<\/time><\/span>\n\n\t\t\t\t<span class=\"post-categories\"><a href=\"http:\/\/www.haut-pays.be\/wordpress\/category\/actualites\/\" rel=\"category tag\">Actualit\u00e9s<\/a><\/span>\t\t<\/div>\n\t\t\t                \t                \t\t<a class=\"read-more-btn\" href=\"http:\/\/www.haut-pays.be\/wordpress\/les-chapelles-de-honnelles\/\">Lire la suite \u00bb<\/a>\n\t\t                <\/div>\n\n            <\/div><!-- .blog-inner -->\n           \n        <\/article>\n\n        \n        <article id=\"post-1780\" class=\"wpcap-post post-1780 post type-post status-publish format-standard has-post-thumbnail hentry category-actualites\">\n         \n            <div class=\"post-grid-inner\">\n            \t\n            \t\t\t\t<div class=\"post-grid-thumbnail\">\n\t\t\t\t<a href=\"http:\/\/www.haut-pays.be\/wordpress\/oliviers-lavandes-et-romarins-a-angre\/\">\n\t\t\t\t\t<img loading=\"lazy\" decoding=\"async\" width=\"400\" height=\"225\" src=\"http:\/\/www.haut-pays.be\/wordpress\/wp-content\/uploads\/2025\/03\/naturangre.jpg\" class=\"attachment-full size-full wp-post-image\" alt=\"\" srcset=\"http:\/\/www.haut-pays.be\/wordpress\/wp-content\/uploads\/2025\/03\/naturangre.jpg 400w, http:\/\/www.haut-pays.be\/wordpress\/wp-content\/uploads\/2025\/03\/naturangre-300x169.jpg 300w, http:\/\/www.haut-pays.be\/wordpress\/wp-content\/uploads\/2025\/03\/naturangre-1x1.jpg 1w\" sizes=\"(max-width: 400px) 100vw, 400px\" \/>\t\t\t\t<\/a>\n\t\t\t<\/div>\n        \n                <div class=\"post-grid-text-wrap\">\n               \t\t\t\t<h3 class=\"title\">\n\t\t\t<a href=\"http:\/\/www.haut-pays.be\/wordpress\/oliviers-lavandes-et-romarins-a-angre\/\">Oliviers, lavandes et romarins \u00e0 Angre<\/a>\n\t\t<\/h3>\n\t\t\t                \t\t<div class=\"post-grid-meta\">\n\t\t\t\n\t\t\t\t<span class=\"post-date\"><time datetime=\"2025-03-29T10:53:11+01:00\">29 mars 2025<\/time><\/span>\n\n\t\t\t\t<span class=\"post-categories\"><a href=\"http:\/\/www.haut-pays.be\/wordpress\/category\/actualites\/\" rel=\"category tag\">Actualit\u00e9s<\/a><\/span>\t\t<\/div>\n\t\t\t                \t                \t\t<a class=\"read-more-btn\" href=\"http:\/\/www.haut-pays.be\/wordpress\/oliviers-lavandes-et-romarins-a-angre\/\">Lire la suite \u00bb<\/a>\n\t\t                <\/div>\n\n            <\/div><!-- .blog-inner -->\n           \n        <\/article>\n\n        \n        <article id=\"post-1305\" class=\"wpcap-post post-1305 post type-post status-publish format-standard has-post-thumbnail hentry category-actualites\">\n         \n            <div class=\"post-grid-inner\">\n            \t\n            \t\t\t\t<div class=\"post-grid-thumbnail\">\n\t\t\t\t<a href=\"http:\/\/www.haut-pays.be\/wordpress\/printemps-theatral-au-ble-qui-leve\/\">\n\t\t\t\t\t<img loading=\"lazy\" decoding=\"async\" width=\"400\" height=\"346\" src=\"http:\/\/www.haut-pays.be\/wordpress\/wp-content\/uploads\/2025\/03\/ble-qui-leve-3.jpg\" class=\"attachment-full size-full wp-post-image\" alt=\"\" srcset=\"http:\/\/www.haut-pays.be\/wordpress\/wp-content\/uploads\/2025\/03\/ble-qui-leve-3.jpg 400w, http:\/\/www.haut-pays.be\/wordpress\/wp-content\/uploads\/2025\/03\/ble-qui-leve-3-300x260.jpg 300w, http:\/\/www.haut-pays.be\/wordpress\/wp-content\/uploads\/2025\/03\/ble-qui-leve-3-1x1.jpg 1w\" sizes=\"(max-width: 400px) 100vw, 400px\" \/>\t\t\t\t<\/a>\n\t\t\t<\/div>\n        \n                <div class=\"post-grid-text-wrap\">\n               \t\t\t\t<h3 class=\"title\">\n\t\t\t<a href=\"http:\/\/www.haut-pays.be\/wordpress\/printemps-theatral-au-ble-qui-leve\/\">Printemps th\u00e9\u00e2tral au Bl\u00e9 qui L\u00e8ve<\/a>\n\t\t<\/h3>\n\t\t\t                \t\t<div class=\"post-grid-meta\">\n\t\t\t\n\t\t\t\t<span class=\"post-date\"><time datetime=\"2025-03-27T09:09:14+01:00\">27 mars 2025<\/time><\/span>\n\n\t\t\t\t<span class=\"post-categories\"><a href=\"http:\/\/www.haut-pays.be\/wordpress\/category\/actualites\/\" rel=\"category tag\">Actualit\u00e9s<\/a><\/span>\t\t<\/div>\n\t\t\t                \t                \t\t<a class=\"read-more-btn\" href=\"http:\/\/www.haut-pays.be\/wordpress\/printemps-theatral-au-ble-qui-leve\/\">Lire la suite \u00bb<\/a>\n\t\t                <\/div>\n\n            <\/div><!-- .blog-inner -->\n           \n        <\/article>\n\n        \n        <article id=\"post-1245\" class=\"wpcap-post post-1245 post type-post status-publish format-standard has-post-thumbnail hentry category-actualites\">\n         \n            <div class=\"post-grid-inner\">\n            \t\n            \t\t\t\t<div class=\"post-grid-thumbnail\">\n\t\t\t\t<a href=\"http:\/\/www.haut-pays.be\/wordpress\/cest-le-temps-des-jonquilles\/\">\n\t\t\t\t\t<img loading=\"lazy\" decoding=\"async\" width=\"300\" height=\"254\" src=\"http:\/\/www.haut-pays.be\/wordpress\/wp-content\/uploads\/2025\/03\/jonquilles-e1741359040666.jpg\" class=\"attachment-full size-full wp-post-image\" alt=\"\" srcset=\"http:\/\/www.haut-pays.be\/wordpress\/wp-content\/uploads\/2025\/03\/jonquilles-e1741359040666.jpg 300w, http:\/\/www.haut-pays.be\/wordpress\/wp-content\/uploads\/2025\/03\/jonquilles-e1741359040666-1x1.jpg 1w\" sizes=\"(max-width: 300px) 100vw, 300px\" \/>\t\t\t\t<\/a>\n\t\t\t<\/div>\n        \n                <div class=\"post-grid-text-wrap\">\n               \t\t\t\t<h3 class=\"title\">\n\t\t\t<a href=\"http:\/\/www.haut-pays.be\/wordpress\/cest-le-temps-des-jonquilles\/\">C\u2019est le temps des jonquilles!<\/a>\n\t\t<\/h3>\n\t\t\t                \t\t<div class=\"post-grid-meta\">\n\t\t\t\n\t\t\t\t<span class=\"post-date\"><time datetime=\"2025-03-26T15:48:48+01:00\">26 mars 2025<\/time><\/span>\n\n\t\t\t\t<span class=\"post-categories\"><a href=\"http:\/\/www.haut-pays.be\/wordpress\/category\/actualites\/\" rel=\"category tag\">Actualit\u00e9s<\/a><\/span>\t\t<\/div>\n\t\t\t                \t                \t\t<a class=\"read-more-btn\" href=\"http:\/\/www.haut-pays.be\/wordpress\/cest-le-temps-des-jonquilles\/\">Lire la suite \u00bb<\/a>\n\t\t                <\/div>\n\n            <\/div><!-- .blog-inner -->\n           \n        <\/article>\n\n        \n        <article id=\"post-396\" class=\"wpcap-post post-396 post type-post status-publish format-standard has-post-thumbnail hentry category-actualites\">\n         \n            <div class=\"post-grid-inner\">\n            \t\n            \t\t\t\t<div class=\"post-grid-thumbnail\">\n\t\t\t\t<a href=\"http:\/\/www.haut-pays.be\/wordpress\/une-marche-du-dimanche-pour-lancer-la-saison\/\">\n\t\t\t\t\t<img loading=\"lazy\" decoding=\"async\" width=\"400\" height=\"267\" src=\"http:\/\/www.haut-pays.be\/wordpress\/wp-content\/uploads\/2025\/02\/IMG_7337.jpg\" class=\"attachment-full size-full wp-post-image\" alt=\"\" srcset=\"http:\/\/www.haut-pays.be\/wordpress\/wp-content\/uploads\/2025\/02\/IMG_7337.jpg 400w, http:\/\/www.haut-pays.be\/wordpress\/wp-content\/uploads\/2025\/02\/IMG_7337-300x200.jpg 300w, http:\/\/www.haut-pays.be\/wordpress\/wp-content\/uploads\/2025\/02\/IMG_7337-1024x683.jpg 1024w, http:\/\/www.haut-pays.be\/wordpress\/wp-content\/uploads\/2025\/02\/IMG_7337-768x512.jpg 768w, http:\/\/www.haut-pays.be\/wordpress\/wp-content\/uploads\/2025\/02\/IMG_7337-1536x1024.jpg 1536w, http:\/\/www.haut-pays.be\/wordpress\/wp-content\/uploads\/2025\/02\/IMG_7337-1x1.jpg 1w\" sizes=\"(max-width: 400px) 100vw, 400px\" \/>\t\t\t\t<\/a>\n\t\t\t<\/div>\n        \n                <div class=\"post-grid-text-wrap\">\n               \t\t\t\t<h3 class=\"title\">\n\t\t\t<a href=\"http:\/\/www.haut-pays.be\/wordpress\/une-marche-du-dimanche-pour-lancer-la-saison\/\">Le \u00ab\u00a0Printemps du Syndicat d&rsquo;Initiative\u00a0\u00bb en marchant<\/a>\n\t\t<\/h3>\n\t\t\t                \t\t<div class=\"post-grid-meta\">\n\t\t\t\n\t\t\t\t<span class=\"post-date\"><time datetime=\"2025-03-20T10:10:00+01:00\">20 mars 2025<\/time><\/span>\n\n\t\t\t\t<span class=\"post-categories\"><a href=\"http:\/\/www.haut-pays.be\/wordpress\/category\/actualites\/\" rel=\"category tag\">Actualit\u00e9s<\/a><\/span>\t\t<\/div>\n\t\t\t                \t                \t\t<a class=\"read-more-btn\" href=\"http:\/\/www.haut-pays.be\/wordpress\/une-marche-du-dimanche-pour-lancer-la-saison\/\">Lire la suite \u00bb<\/a>\n\t\t                <\/div>\n\n            <\/div><!-- .blog-inner -->\n           \n        <\/article>\n\n        \n        <article id=\"post-1251\" class=\"wpcap-post post-1251 post type-post status-publish format-standard has-post-thumbnail hentry category-actualites\">\n         \n            <div class=\"post-grid-inner\">\n            \t\n            \t\t\t\t<div class=\"post-grid-thumbnail\">\n\t\t\t\t<a href=\"http:\/\/www.haut-pays.be\/wordpress\/partez-du-bon-pied-au-jogging-du-printemps-a-angre\/\">\n\t\t\t\t\t<img loading=\"lazy\" decoding=\"async\" width=\"400\" height=\"267\" src=\"http:\/\/www.haut-pays.be\/wordpress\/wp-content\/uploads\/2025\/03\/472387742_1996389890829023_5993670533954689063_n.jpg\" class=\"attachment-full size-full wp-post-image\" alt=\"\" srcset=\"http:\/\/www.haut-pays.be\/wordpress\/wp-content\/uploads\/2025\/03\/472387742_1996389890829023_5993670533954689063_n.jpg 400w, http:\/\/www.haut-pays.be\/wordpress\/wp-content\/uploads\/2025\/03\/472387742_1996389890829023_5993670533954689063_n-300x200.jpg 300w, http:\/\/www.haut-pays.be\/wordpress\/wp-content\/uploads\/2025\/03\/472387742_1996389890829023_5993670533954689063_n-1x1.jpg 1w\" sizes=\"(max-width: 400px) 100vw, 400px\" \/>\t\t\t\t<\/a>\n\t\t\t<\/div>\n        \n                <div class=\"post-grid-text-wrap\">\n               \t\t\t\t<h3 class=\"title\">\n\t\t\t<a href=\"http:\/\/www.haut-pays.be\/wordpress\/partez-du-bon-pied-au-jogging-du-printemps-a-angre\/\">Partez du bon pied au Jogging du Printemps \u00e0 Angre<\/a>\n\t\t<\/h3>\n\t\t\t                \t\t<div class=\"post-grid-meta\">\n\t\t\t\n\t\t\t\t<span class=\"post-date\"><time datetime=\"2025-03-08T14:38:30+01:00\">8 mars 2025<\/time><\/span>\n\n\t\t\t\t<span class=\"post-categories\"><a href=\"http:\/\/www.haut-pays.be\/wordpress\/category\/actualites\/\" rel=\"category tag\">Actualit\u00e9s<\/a><\/span>\t\t<\/div>\n\t\t\t                \t                \t\t<a class=\"read-more-btn\" href=\"http:\/\/www.haut-pays.be\/wordpress\/partez-du-bon-pied-au-jogging-du-printemps-a-angre\/\">Lire la suite \u00bb<\/a>\n\t\t                <\/div>\n\n            <\/div><!-- .blog-inner -->\n           \n        <\/article>\n\n        \n        <article id=\"post-1248\" class=\"wpcap-post post-1248 post type-post status-publish format-standard has-post-thumbnail hentry category-actualites\">\n         \n            <div class=\"post-grid-inner\">\n            \t\n            \t\t\t\t<div class=\"post-grid-thumbnail\">\n\t\t\t\t<a href=\"http:\/\/www.haut-pays.be\/wordpress\/un-marche-a-angre\/\">\n\t\t\t\t\t<img loading=\"lazy\" decoding=\"async\" width=\"283\" height=\"338\" src=\"http:\/\/www.haut-pays.be\/wordpress\/wp-content\/uploads\/2025\/03\/marche-angre-e1741359436473.jpg\" class=\"attachment-full size-full wp-post-image\" alt=\"\" srcset=\"http:\/\/www.haut-pays.be\/wordpress\/wp-content\/uploads\/2025\/03\/marche-angre-e1741359436473.jpg 283w, http:\/\/www.haut-pays.be\/wordpress\/wp-content\/uploads\/2025\/03\/marche-angre-e1741359436473-251x300.jpg 251w, http:\/\/www.haut-pays.be\/wordpress\/wp-content\/uploads\/2025\/03\/marche-angre-e1741359436473-1x1.jpg 1w\" sizes=\"(max-width: 283px) 100vw, 283px\" \/>\t\t\t\t<\/a>\n\t\t\t<\/div>\n        \n                <div class=\"post-grid-text-wrap\">\n               \t\t\t\t<h3 class=\"title\">\n\t\t\t<a href=\"http:\/\/www.haut-pays.be\/wordpress\/un-marche-a-angre\/\">Un march\u00e9 \u00e0 Angre<\/a>\n\t\t<\/h3>\n\t\t\t                \t\t<div class=\"post-grid-meta\">\n\t\t\t\n\t\t\t\t<span class=\"post-date\"><time datetime=\"2025-03-07T16:01:30+01:00\">7 mars 2025<\/time><\/span>\n\n\t\t\t\t<span class=\"post-categories\"><a href=\"http:\/\/www.haut-pays.be\/wordpress\/category\/actualites\/\" rel=\"category tag\">Actualit\u00e9s<\/a><\/span>\t\t<\/div>\n\t\t\t                \t                \t\t<a class=\"read-more-btn\" href=\"http:\/\/www.haut-pays.be\/wordpress\/un-marche-a-angre\/\">Lire la suite \u00bb<\/a>\n\t\t                <\/div>\n\n            <\/div><!-- .blog-inner -->\n           \n        <\/article>\n\n        \n        <article id=\"post-378\" class=\"wpcap-post post-378 post type-post status-publish format-standard has-post-thumbnail hentry category-actualites\">\n         \n            <div class=\"post-grid-inner\">\n            \t\n            \t\t\t\t<div class=\"post-grid-thumbnail\">\n\t\t\t\t<a href=\"http:\/\/www.haut-pays.be\/wordpress\/lename-samyn-classic-le-4-mars\/\">\n\t\t\t\t\t<img loading=\"lazy\" decoding=\"async\" width=\"400\" height=\"267\" src=\"http:\/\/www.haut-pays.be\/wordpress\/wp-content\/uploads\/2025\/02\/GP-Samyn-2024-Martine-Laine-13-scaled.jpg\" class=\"attachment-full size-full wp-post-image\" alt=\"\" srcset=\"http:\/\/www.haut-pays.be\/wordpress\/wp-content\/uploads\/2025\/02\/GP-Samyn-2024-Martine-Laine-13-scaled.jpg 400w, http:\/\/www.haut-pays.be\/wordpress\/wp-content\/uploads\/2025\/02\/GP-Samyn-2024-Martine-Laine-13-300x200.jpg 300w, http:\/\/www.haut-pays.be\/wordpress\/wp-content\/uploads\/2025\/02\/GP-Samyn-2024-Martine-Laine-13-1024x683.jpg 1024w, http:\/\/www.haut-pays.be\/wordpress\/wp-content\/uploads\/2025\/02\/GP-Samyn-2024-Martine-Laine-13-768x512.jpg 768w, http:\/\/www.haut-pays.be\/wordpress\/wp-content\/uploads\/2025\/02\/GP-Samyn-2024-Martine-Laine-13-1536x1024.jpg 1536w, http:\/\/www.haut-pays.be\/wordpress\/wp-content\/uploads\/2025\/02\/GP-Samyn-2024-Martine-Laine-13-2048x1365.jpg 2048w, http:\/\/www.haut-pays.be\/wordpress\/wp-content\/uploads\/2025\/02\/GP-Samyn-2024-Martine-Laine-13-1x1.jpg 1w\" sizes=\"(max-width: 400px) 100vw, 400px\" \/>\t\t\t\t<\/a>\n\t\t\t<\/div>\n        \n                <div class=\"post-grid-text-wrap\">\n               \t\t\t\t<h3 class=\"title\">\n\t\t\t<a href=\"http:\/\/www.haut-pays.be\/wordpress\/lename-samyn-classic-le-4-mars\/\">L\u2019Ename Samyn Classic le 4 mars!<\/a>\n\t\t<\/h3>\n\t\t\t                \t\t<div class=\"post-grid-meta\">\n\t\t\t\n\t\t\t\t<span class=\"post-date\"><time datetime=\"2025-02-15T14:30:29+01:00\">15 f\u00e9vrier 2025<\/time><\/span>\n\n\t\t\t\t<span class=\"post-categories\"><a href=\"http:\/\/www.haut-pays.be\/wordpress\/category\/actualites\/\" rel=\"category tag\">Actualit\u00e9s<\/a><\/span>\t\t<\/div>\n\t\t\t                \t                \t\t<a class=\"read-more-btn\" href=\"http:\/\/www.haut-pays.be\/wordpress\/lename-samyn-classic-le-4-mars\/\">Lire la suite \u00bb<\/a>\n\t\t                <\/div>\n\n            <\/div><!-- .blog-inner -->\n           \n        <\/article>\n\n        \n        <article id=\"post-375\" class=\"wpcap-post post-375 post type-post status-publish format-standard has-post-thumbnail hentry category-actualites\">\n         \n            <div class=\"post-grid-inner\">\n            \t\n            \t\t\t\t<div class=\"post-grid-thumbnail\">\n\t\t\t\t<a href=\"http:\/\/www.haut-pays.be\/wordpress\/decouvrez-la-carte-interactive\/\">\n\t\t\t\t\t<img loading=\"lazy\" decoding=\"async\" width=\"998\" height=\"762\" src=\"http:\/\/www.haut-pays.be\/wordpress\/wp-content\/uploads\/2025\/02\/carte-haut-pays-1.png\" class=\"attachment-full size-full wp-post-image\" alt=\"\" srcset=\"http:\/\/www.haut-pays.be\/wordpress\/wp-content\/uploads\/2025\/02\/carte-haut-pays-1.png 998w, http:\/\/www.haut-pays.be\/wordpress\/wp-content\/uploads\/2025\/02\/carte-haut-pays-1-300x229.png 300w, http:\/\/www.haut-pays.be\/wordpress\/wp-content\/uploads\/2025\/02\/carte-haut-pays-1-768x586.png 768w, http:\/\/www.haut-pays.be\/wordpress\/wp-content\/uploads\/2025\/02\/carte-haut-pays-1-1x1.png 1w\" sizes=\"(max-width: 998px) 100vw, 998px\" \/>\t\t\t\t<\/a>\n\t\t\t<\/div>\n        \n                <div class=\"post-grid-text-wrap\">\n               \t\t\t\t<h3 class=\"title\">\n\t\t\t<a href=\"http:\/\/www.haut-pays.be\/wordpress\/decouvrez-la-carte-interactive\/\">D\u00e9couvrez la carte interactive<\/a>\n\t\t<\/h3>\n\t\t\t                \t\t<div class=\"post-grid-meta\">\n\t\t\t\n\t\t\t\t<span class=\"post-date\"><time datetime=\"2025-02-15T14:19:39+01:00\">15 f\u00e9vrier 2025<\/time><\/span>\n\n\t\t\t\t<span class=\"post-categories\"><a href=\"http:\/\/www.haut-pays.be\/wordpress\/category\/actualites\/\" rel=\"category tag\">Actualit\u00e9s<\/a><\/span>\t\t<\/div>\n\t\t\t                \t                \t\t<a class=\"read-more-btn\" href=\"http:\/\/www.haut-pays.be\/wordpress\/decouvrez-la-carte-interactive\/\">Lire la suite \u00bb<\/a>\n\t\t                <\/div>\n\n            <\/div><!-- .blog-inner -->\n           \n        <\/article>\n\n        \n        <article id=\"post-371\" class=\"wpcap-post post-371 post type-post status-publish format-standard has-post-thumbnail hentry category-actualites\">\n         \n            <div class=\"post-grid-inner\">\n            \t\n            \t\t\t\t<div class=\"post-grid-thumbnail\">\n\t\t\t\t<a href=\"http:\/\/www.haut-pays.be\/wordpress\/emile-verhaeren-poete-en-haut-pays\/\">\n\t\t\t\t\t<img loading=\"lazy\" decoding=\"async\" width=\"300\" height=\"263\" src=\"http:\/\/www.haut-pays.be\/wordpress\/wp-content\/uploads\/2025\/02\/emile-verhaeren-nicola-perscheid-1912-300x263-1.jpg\" class=\"attachment-full size-full wp-post-image\" alt=\"\" srcset=\"http:\/\/www.haut-pays.be\/wordpress\/wp-content\/uploads\/2025\/02\/emile-verhaeren-nicola-perscheid-1912-300x263-1.jpg 300w, http:\/\/www.haut-pays.be\/wordpress\/wp-content\/uploads\/2025\/02\/emile-verhaeren-nicola-perscheid-1912-300x263-1-1x1.jpg 1w\" sizes=\"(max-width: 300px) 100vw, 300px\" \/>\t\t\t\t<\/a>\n\t\t\t<\/div>\n        \n                <div class=\"post-grid-text-wrap\">\n               \t\t\t\t<h3 class=\"title\">\n\t\t\t<a href=\"http:\/\/www.haut-pays.be\/wordpress\/emile-verhaeren-poete-en-haut-pays\/\">Emile Verhaeren, po\u00e8te en Haut-Pays<\/a>\n\t\t<\/h3>\n\t\t\t                \t\t<div class=\"post-grid-meta\">\n\t\t\t\n\t\t\t\t<span class=\"post-date\"><time datetime=\"2025-02-15T14:12:24+01:00\">15 f\u00e9vrier 2025<\/time><\/span>\n\n\t\t\t\t<span class=\"post-categories\"><a href=\"http:\/\/www.haut-pays.be\/wordpress\/category\/actualites\/\" rel=\"category tag\">Actualit\u00e9s<\/a><\/span>\t\t<\/div>\n\t\t\t                \t                \t\t<a class=\"read-more-btn\" href=\"http:\/\/www.haut-pays.be\/wordpress\/emile-verhaeren-poete-en-haut-pays\/\">Lire la suite \u00bb<\/a>\n\t\t                <\/div>\n\n            <\/div><!-- .blog-inner -->\n           \n        <\/article>\n\n        \n        <article id=\"post-521\" class=\"wpcap-post post-521 post type-post status-publish format-standard has-post-thumbnail hentry category-actualites\">\n         \n            <div class=\"post-grid-inner\">\n            \t\n            \t\t\t\t<div class=\"post-grid-thumbnail\">\n\t\t\t\t<a href=\"http:\/\/www.haut-pays.be\/wordpress\/pittoresque-lancienne-gare-de-roisin-autreppe\/\">\n\t\t\t\t\t<img loading=\"lazy\" decoding=\"async\" width=\"400\" height=\"260\" src=\"http:\/\/www.haut-pays.be\/wordpress\/wp-content\/uploads\/2025\/02\/1roisingare3.jpg\" class=\"attachment-full size-full wp-post-image\" alt=\"\" srcset=\"http:\/\/www.haut-pays.be\/wordpress\/wp-content\/uploads\/2025\/02\/1roisingare3.jpg 400w, http:\/\/www.haut-pays.be\/wordpress\/wp-content\/uploads\/2025\/02\/1roisingare3-300x195.jpg 300w, http:\/\/www.haut-pays.be\/wordpress\/wp-content\/uploads\/2025\/02\/1roisingare3-1x1.jpg 1w\" sizes=\"(max-width: 400px) 100vw, 400px\" \/>\t\t\t\t<\/a>\n\t\t\t<\/div>\n        \n                <div class=\"post-grid-text-wrap\">\n               \t\t\t\t<h3 class=\"title\">\n\t\t\t<a href=\"http:\/\/www.haut-pays.be\/wordpress\/pittoresque-lancienne-gare-de-roisin-autreppe\/\">Pittoresque: l\u2019ancienne gare de Roisin-Autreppe<\/a>\n\t\t<\/h3>\n\t\t\t                \t\t<div class=\"post-grid-meta\">\n\t\t\t\n\t\t\t\t<span class=\"post-date\"><time datetime=\"2025-02-14T18:38:52+01:00\">14 f\u00e9vrier 2025<\/time><\/span>\n\n\t\t\t\t<span class=\"post-categories\"><a href=\"http:\/\/www.haut-pays.be\/wordpress\/category\/actualites\/\" rel=\"category tag\">Actualit\u00e9s<\/a><\/span>\t\t<\/div>\n\t\t\t                \t                \t\t<a class=\"read-more-btn\" href=\"http:\/\/www.haut-pays.be\/wordpress\/pittoresque-lancienne-gare-de-roisin-autreppe\/\">Lire la suite \u00bb<\/a>\n\t\t                <\/div>\n\n            <\/div><!-- .blog-inner -->\n           \n        <\/article>\n\n        \n        <article id=\"post-119\" class=\"wpcap-post post-119 post type-post status-publish format-standard has-post-thumbnail hentry category-actualites\">\n         \n            <div class=\"post-grid-inner\">\n            \t\n            \t\t\t\t<div class=\"post-grid-thumbnail\">\n\t\t\t\t<a href=\"http:\/\/www.haut-pays.be\/wordpress\/hauts-pays-pluriels\/\">\n\t\t\t\t\t<img loading=\"lazy\" decoding=\"async\" width=\"400\" height=\"267\" src=\"http:\/\/www.haut-pays.be\/wordpress\/wp-content\/uploads\/2025\/02\/IMG_3461-scaled.jpg\" class=\"attachment-full size-full wp-post-image\" alt=\"\" srcset=\"http:\/\/www.haut-pays.be\/wordpress\/wp-content\/uploads\/2025\/02\/IMG_3461-scaled.jpg 400w, http:\/\/www.haut-pays.be\/wordpress\/wp-content\/uploads\/2025\/02\/IMG_3461-300x200.jpg 300w, http:\/\/www.haut-pays.be\/wordpress\/wp-content\/uploads\/2025\/02\/IMG_3461-1024x683.jpg 1024w, http:\/\/www.haut-pays.be\/wordpress\/wp-content\/uploads\/2025\/02\/IMG_3461-768x512.jpg 768w, http:\/\/www.haut-pays.be\/wordpress\/wp-content\/uploads\/2025\/02\/IMG_3461-1536x1024.jpg 1536w, http:\/\/www.haut-pays.be\/wordpress\/wp-content\/uploads\/2025\/02\/IMG_3461-2048x1365.jpg 2048w, http:\/\/www.haut-pays.be\/wordpress\/wp-content\/uploads\/2025\/02\/IMG_3461-1x1.jpg 1w\" sizes=\"(max-width: 400px) 100vw, 400px\" \/>\t\t\t\t<\/a>\n\t\t\t<\/div>\n        \n                <div class=\"post-grid-text-wrap\">\n               \t\t\t\t<h3 class=\"title\">\n\t\t\t<a href=\"http:\/\/www.haut-pays.be\/wordpress\/hauts-pays-pluriels\/\">Haut(s)-Pays pluriel(s)<\/a>\n\t\t<\/h3>\n\t\t\t                \t\t<div class=\"post-grid-meta\">\n\t\t\t\n\t\t\t\t<span class=\"post-date\"><time datetime=\"2025-02-14T17:08:19+01:00\">14 f\u00e9vrier 2025<\/time><\/span>\n\n\t\t\t\t<span class=\"post-categories\"><a href=\"http:\/\/www.haut-pays.be\/wordpress\/category\/actualites\/\" rel=\"category tag\">Actualit\u00e9s<\/a><\/span>\t\t<\/div>\n\t\t\t                \t                \t\t<a class=\"read-more-btn\" href=\"http:\/\/www.haut-pays.be\/wordpress\/hauts-pays-pluriels\/\">Lire la suite \u00bb<\/a>\n\t\t                <\/div>\n\n            <\/div><!-- .blog-inner -->\n           \n        <\/article>\n\n        \n\t\t\t<\/div>\n\t\t<\/div>\n\t\t\t\t\t\t<\/div>\n\t\t\t\t<\/div>\n\t\t\t\t\t<\/div>\n\t\t\t\t<\/div>\n\t\t\t\t<\/div>\n\t\t","protected":false},"excerpt":{"rendered":"<p>Printemps th\u00e9\u00e2tral au Bl\u00e9 qui L\u00e8ve 10 mars 2025 Actualit\u00e9s Lire la suite \u00bb Partez du bon pied au Jogging du Printemps \u00e0 Angre 8 mars 2025 Actualit\u00e9s Lire la suite \u00bb Un march\u00e9 \u00e0 Angre 7 mars 2025 Actualit\u00e9s Lire la suite \u00bb C\u2019est le temps des jonquilles! 7 mars 2025 Actualit\u00e9s Lire la [&hellip;]<\/p>\n","protected":false},"author":2,"featured_media":0,"parent":0,"menu_order":0,"comment_status":"closed","ping_status":"closed","template":"","meta":{"footnotes":""},"class_list":["post-1371","page","type-page","status-publish","hentry"],"_links":{"self":[{"href":"http:\/\/www.haut-pays.be\/wordpress\/wp-json\/wp\/v2\/pages\/1371","targetHints":{"allow":["GET"]}}],"collection":[{"href":"http:\/\/www.haut-pays.be\/wordpress\/wp-json\/wp\/v2\/pages"}],"about":[{"href":"http:\/\/www.haut-pays.be\/wordpress\/wp-json\/wp\/v2\/types\/page"}],"author":[{"embeddable":true,"href":"http:\/\/www.haut-pays.be\/wordpress\/wp-json\/wp\/v2\/users\/2"}],"replies":[{"embeddable":true,"href":"http:\/\/www.haut-pays.be\/wordpress\/wp-json\/wp\/v2\/comments?post=1371"}],"version-history":[{"count":25,"href":"http:\/\/www.haut-pays.be\/wordpress\/wp-json\/wp\/v2\/pages\/1371\/revisions"}],"predecessor-version":[{"id":1399,"href":"http:\/\/www.haut-pays.be\/wordpress\/wp-json\/wp\/v2\/pages\/1371\/revisions\/1399"}],"wp:attachment":[{"href":"http:\/\/www.haut-pays.be\/wordpress\/wp-json\/wp\/v2\/media?parent=1371"}],"curies":[{"name":"wp","href":"https:\/\/api.w.org\/{rel}","templated":true}]}}